{"id":2236,"date":"2024-04-20T07:28:49","date_gmt":"2024-04-20T07:28:49","guid":{"rendered":"https:\/\/maag.codesupply.co\/entertainment\/?page_id=2236"},"modified":"2026-02-24T00:21:23","modified_gmt":"2026-02-23T23:21:23","slug":"netavisen-nyheder","status":"publish","type":"page","link":"https:\/\/www.netavisen.dk\/da-dk\/nyheder\/","title":{"rendered":"Netavisen Nyheder"},"content":{"rendered":"<div class=\"wpb-content-wrapper\"><p>[vc_row][vc_column][vc_separator style=&#8221;dotted&#8221; border_width=&#8221;2&#8243;][\/vc_column][\/vc_row][vc_row][vc_column width=&#8221;3\/4&#8243;]<div  class=\"jeg_heroblock jeg_heroblock_13 jeg_col_3o3 jeg_hero_style_6 jnews_module__0_69f2587c14eb5  \" data-margin=\"0\" >\n                <div class=\"jeg_hero_wrapper\"><div class=\"jeg_heroblock_wrapper\" style='margin: 0px 0px -0px -0px;'>\n\t                <article class=\"jeg_post jeg_hero_item_1 format-standard\" style=\"padding: 0 0 0px 0px;\">\n                        <div class=\"jeg_block_container\">\n                            \n                            <span class=\"jeg_postformat_icon\"><\/span>\n                            <div class=\"jeg_thumb\">\n                                <a href=\"https:\/\/www.netavisen.dk\/da-dk\/nyheder\/koebenhavn\/elefantunge-foedt-i-zoologisk-have-koebenhavn\/2630\/\"  aria-label=\"Read article: Elefantunge f\u00f8dt i Zoologisk Have K\u00f8benhavn\"><div class=\"thumbnail-container thumbnail-background\" data-src=\"https:\/\/www.netavisen.dk\/da-dk\/nyheder\/wp-content\/uploads\/2026\/03\/elefant-elefantunge-zoologisk-have-koebenhavn_03-1140x760.jpg\" >\n                        <div class=\"lazyloaded\" data-src=\"https:\/\/www.netavisen.dk\/da-dk\/nyheder\/wp-content\/uploads\/2026\/03\/elefant-elefantunge-zoologisk-have-koebenhavn_03-1140x760.jpg\" style=\"background-image: url(https:\/\/www.netavisen.dk\/da-dk\/nyheder\/wp-content\/uploads\/2026\/03\/elefant-elefantunge-zoologisk-have-koebenhavn_03-1140x760.jpg)\"><img decoding=\"async\" class=\"thumbnail-prioritize\" src=\"https:\/\/www.netavisen.dk\/da-dk\/nyheder\/wp-content\/uploads\/2026\/03\/elefant-elefantunge-zoologisk-have-koebenhavn_03-1140x760.jpg\" style=\"display: none\" ><\/div>\n                    <\/div><\/a>\n                            <\/div>\n                            <div class=\"jeg_postblock_content\">\n                                <div class=\"jeg_post_category\"><a href=\"https:\/\/www.netavisen.dk\/da-dk\/nyheder\/koebenhavn\/\" class=\"category-koebenhavn\">K\u00f8benhavn<\/a><\/div>\n                                <div class=\"jeg_post_info\">\n                                    <h2 class=\"jeg_post_title\">\n                                        <a href=\"https:\/\/www.netavisen.dk\/da-dk\/nyheder\/koebenhavn\/elefantunge-foedt-i-zoologisk-have-koebenhavn\/2630\/\"  aria-label=\"Read article: Elefantunge f\u00f8dt i Zoologisk Have K\u00f8benhavn\">Elefantunge f\u00f8dt i Zoologisk Have K\u00f8benhavn<\/a>\n                                    <\/h2>\n                                    \n                                <\/div>\n                            <\/div>\n                        <\/div>\n                    <\/article>\n\t            <\/div><\/div>\n            <\/div>\n            <style scoped>@media only screen and (min-width: 1025px) { .jeg_heroblock.jnews_module__0_69f2587c14eb5 .jeg_heroblock_wrapper{ height: 600px; } }@media only screen and (max-width: 1024px) and (min-width: 769px) { .jeg_heroblock.jnews_module__0_69f2587c14eb5 .jeg_heroblock_wrapper{ height: 600px; } }@media only screen and (max-width: 768px) and (min-width: 668px) { .jeg_heroblock.jnews_module__0_69f2587c14eb5 .jeg_heroblock_wrapper{ height: 600px; } }@media only screen and (max-width: 667px) and (min-width: 569px) { .jeg_heroblock.jnews_module__0_69f2587c14eb5 .jeg_heroblock_wrapper{ height: 480px; } }@media only screen and (max-width: 568px) and (min-width: 481px) { .jeg_heroblock.jnews_module__0_69f2587c14eb5 .jeg_heroblock_wrapper{ height: 420px; } }@media only screen and (max-width: 480px) { .jeg_heroblock.jnews_module__0_69f2587c14eb5 .jeg_heroblock_wrapper{ height: 360px; } }<\/style>[\/vc_column][vc_column width=&#8221;1\/4&#8243;]<div  class=\"jeg_postblock_27 jeg_postblock_blog_2 jeg_postblock jeg_module_hook jeg_pagination_disable jeg_col_3o3 jnews_module__1_69f2587c162be   \" data-unique=\"jnews_module__1_69f2587c162be\">\n                    \n                    <div class=\"jeg_block_container\">\n                    \n                    <div class=\"jeg_posts jeg_load_more_flag\"><article class=\"jeg_post jeg_pl_md_4 format-standard\">\n                    <div class=\"jeg_thumb\">\n                        \n                        <a href=\"https:\/\/www.netavisen.dk\/da-dk\/nyheder\/oekonomi\/bilister-presset-nye-afgifter-kan-ramme-fire-gange\/2625\/\" aria-label=\"Read article: Bilister presset: Nye afgifter kan ramme fire gange\"><div class=\"thumbnail-container  size-715 \"><img decoding=\"async\" width=\"350\" height=\"250\" src=\"https:\/\/www.netavisen.dk\/da-dk\/nyheder\/wp-content\/uploads\/2026\/03\/biler-350x250.jpg\" class=\"attachment-jnews-350x250 size-jnews-350x250 wp-post-image\" alt=\"(Foto: Tita \/ Unsplash)\" srcset=\"https:\/\/www.netavisen.dk\/da-dk\/nyheder\/wp-content\/uploads\/2026\/03\/biler-350x250.jpg 350w, https:\/\/www.netavisen.dk\/da-dk\/nyheder\/wp-content\/uploads\/2026\/03\/biler-120x86.jpg 120w, https:\/\/www.netavisen.dk\/da-dk\/nyheder\/wp-content\/uploads\/2026\/03\/biler-750x536.jpg 750w\" sizes=\"(max-width: 350px) 100vw, 350px\" \/><\/div><\/a>\n                    <\/div>\n                    <div class=\"jeg_postblock_content\">\n                        <div class=\"jeg_post_category\">\n                            <span><a href=\"https:\/\/www.netavisen.dk\/da-dk\/nyheder\/oekonomi\/\">\u00d8konomi<\/a><\/span>\n                        <\/div>\n                        <h3 class=\"jeg_post_title\"><a href=\"https:\/\/www.netavisen.dk\/da-dk\/nyheder\/oekonomi\/bilister-presset-nye-afgifter-kan-ramme-fire-gange\/2625\/\" >Bilister presset: Nye afgifter kan ramme fire gange<\/a><\/h3>\n                        \n                        <div class=\"jeg_post_excerpt\">\n                            <p>Bilister oplever allerede stigende biludgifter \u2013 nu advarer FDM om, at en CO\u2082-afgift kan ramme flere gange.<\/p>\n                        <\/div>\n                    <\/div>\n                <\/article><article class=\"jeg_post jeg_pl_md_4 format-standard\">\n                    <div class=\"jeg_thumb\">\n                        \n                        <a href=\"https:\/\/www.netavisen.dk\/da-dk\/nyheder\/politik\/rahbaek-juel-overtager-kl-damm-bliver-naestformand\/2618\/\" aria-label=\"Read article: Rahb\u00e6k Juel overtager KL \u2013 Damm bliver n\u00e6stformand\"><div class=\"thumbnail-container  size-715 \"><img decoding=\"async\" width=\"350\" height=\"250\" src=\"https:\/\/www.netavisen.dk\/da-dk\/nyheder\/wp-content\/uploads\/2026\/03\/kl-huset-350x250.jpg\" class=\"attachment-jnews-350x250 size-jnews-350x250 wp-post-image\" alt=\"Foto: KL\" srcset=\"https:\/\/www.netavisen.dk\/da-dk\/nyheder\/wp-content\/uploads\/2026\/03\/kl-huset-350x250.jpg 350w, https:\/\/www.netavisen.dk\/da-dk\/nyheder\/wp-content\/uploads\/2026\/03\/kl-huset-120x86.jpg 120w, https:\/\/www.netavisen.dk\/da-dk\/nyheder\/wp-content\/uploads\/2026\/03\/kl-huset-750x536.jpg 750w\" sizes=\"(max-width: 350px) 100vw, 350px\" \/><\/div><\/a>\n                    <\/div>\n                    <div class=\"jeg_postblock_content\">\n                        <div class=\"jeg_post_category\">\n                            <span><a href=\"https:\/\/www.netavisen.dk\/da-dk\/nyheder\/politik\/\">Politik<\/a><\/span>\n                        <\/div>\n                        <h3 class=\"jeg_post_title\"><a href=\"https:\/\/www.netavisen.dk\/da-dk\/nyheder\/politik\/rahbaek-juel-overtager-kl-damm-bliver-naestformand\/2618\/\" >Rahb\u00e6k Juel overtager KL \u2013 Damm bliver n\u00e6stformand<\/a><\/h3>\n                        \n                        <div class=\"jeg_post_excerpt\">\n                            <p>Kommunernes toporganisation har valgt ny ledelse: Odenses borgmester Peter Rahb\u00e6k Juel bliver formand, mens Kalundborgs borgmester Martin Damm bliver n\u00e6stformand.<\/p>\n                        <\/div>\n                    <\/div>\n                <\/article><\/div>\n                    <div class='module-overlay'>\n\t\t\t\t    <div class='preloader_type preloader_dot'>\n\t\t\t\t        <div class=\"module-preloader jeg_preloader dot\">\n\t\t\t\t            <span><\/span><span><\/span><span><\/span>\n\t\t\t\t        <\/div>\n\t\t\t\t        <div class=\"module-preloader jeg_preloader circle\">\n\t\t\t\t            <div class=\"jnews_preloader_circle_outer\">\n\t\t\t\t                <div class=\"jnews_preloader_circle_inner\"><\/div>\n\t\t\t\t            <\/div>\n\t\t\t\t        <\/div>\n\t\t\t\t        <div class=\"module-preloader jeg_preloader square\">\n\t\t\t\t            <div class=\"jeg_square\">\n\t\t\t\t                <div class=\"jeg_square_inner\"><\/div>\n\t\t\t\t            <\/div>\n\t\t\t\t        <\/div>\n\t\t\t\t    <\/div>\n\t\t\t\t<\/div>\n                <\/div>\n                <div class=\"jeg_block_navigation\">\n                    <div class='navigation_overlay'><div class='module-preloader jeg_preloader'><span><\/span><span><\/span><span><\/span><\/div><\/div>\n                    \n                    \n                <\/div>\n                    \n                    <script>var jnews_module__1_69f2587c162be = {\"header_icon\":\"\",\"first_title\":\"\",\"second_title\":\"\",\"url\":\"\",\"header_type\":\"heading_6\",\"header_background\":\"\",\"header_secondary_background\":\"\",\"header_text_color\":\"\",\"header_line_color\":\"\",\"header_accent_color\":\"\",\"header_filter_category\":\"\",\"header_filter_author\":\"\",\"header_filter_tag\":\"\",\"header_filter_text\":\"All\",\"sticky_post\":\"\",\"sticky_post_filter\":false,\"post_type\":\"post\",\"content_type\":\"all\",\"sponsor\":\"\",\"number_post\":\"2\",\"post_offset\":\"0\",\"unique_content\":\"unique1\",\"include_post\":\"\",\"included_only\":\"\",\"exclude_post\":\"2630\",\"include_category\":\"\",\"exclude_category\":\"\",\"include_author\":\"\",\"include_tag\":\"\",\"exclude_tag\":\"\",\"exclude_visited_post\":false,\"sort_by\":\"latest\",\"date_format\":\"default\",\"date_format_custom\":\"Y\\\/m\\\/d\",\"excerpt_length\":\"20\",\"excerpt_ellipsis\":\"...\",\"force_normal_image_load\":\"\",\"main_custom_image_size\":\"default\",\"pagination_mode\":\"disable\",\"pagination_nextprev_showtext\":\"\",\"pagination_number_post\":6,\"pagination_scroll_limit\":0,\"boxed\":\"\",\"boxed_shadow\":\"\",\"el_id\":\"\",\"el_class\":\"\",\"scheme\":\"\",\"column_width\":\"auto\",\"title_color\":\"\",\"accent_color\":\"\",\"alt_color\":\"\",\"excerpt_color\":\"\",\"css\":\"\",\"compatible_column_notice\":\"\",\"paged\":1,\"column_class\":\"jeg_col_3o3\",\"class\":\"jnews_block_27\"};<\/script>\n                <\/div>[\/vc_column][\/vc_row][vc_row][vc_column][\/vc_column][\/vc_row][vc_row][vc_column width=&#8221;2\/3&#8243;]<div  class=\"jeg_heroblock jeg_heroblock_13 jeg_col_3o3 jeg_hero_style_6 jnews_module__2_69f2587c179ae  \" data-margin=\"0\" >\n                <div class=\"jeg_hero_wrapper\"><div class=\"jeg_heroblock_wrapper\" style='margin: 0px 0px -0px -0px;'>\n\t                <article class=\"jeg_post jeg_hero_item_1 format-standard\" style=\"padding: 0 0 0px 0px;\">\n                        <div class=\"jeg_block_container\">\n                            \n                            <span class=\"jeg_postformat_icon\"><\/span>\n                            <div class=\"jeg_thumb\">\n                                <a href=\"https:\/\/www.netavisen.dk\/da-dk\/nyheder\/danmark\/hoejesteret-skal-afgoere-sag-om-dansk-vaabeneksport-til-israel\/2609\/\"  aria-label=\"Read article: H\u00f8jesteret skal afg\u00f8re sag om dansk v\u00e5beneksport til Israel\"><div class=\"thumbnail-container thumbnail-background\" data-src=\"https:\/\/www.netavisen.dk\/da-dk\/nyheder\/wp-content\/uploads\/2026\/03\/f35-1140x760.jpg\" >\n                        <div class=\"lazyloaded\" data-src=\"https:\/\/www.netavisen.dk\/da-dk\/nyheder\/wp-content\/uploads\/2026\/03\/f35-1140x760.jpg\" style=\"background-image: url(https:\/\/www.netavisen.dk\/da-dk\/nyheder\/wp-content\/uploads\/2026\/03\/f35-1140x760.jpg)\"><img decoding=\"async\" class=\"thumbnail-prioritize\" src=\"https:\/\/www.netavisen.dk\/da-dk\/nyheder\/wp-content\/uploads\/2026\/03\/f35-1140x760.jpg\" style=\"display: none\" ><\/div>\n                    <\/div><\/a>\n                            <\/div>\n                            <div class=\"jeg_postblock_content\">\n                                <div class=\"jeg_post_category\"><a href=\"https:\/\/www.netavisen.dk\/da-dk\/nyheder\/danmark\/\" class=\"category-danmark\">Danmark<\/a><\/div>\n                                <div class=\"jeg_post_info\">\n                                    <h2 class=\"jeg_post_title\">\n                                        <a href=\"https:\/\/www.netavisen.dk\/da-dk\/nyheder\/danmark\/hoejesteret-skal-afgoere-sag-om-dansk-vaabeneksport-til-israel\/2609\/\"  aria-label=\"Read article: H\u00f8jesteret skal afg\u00f8re sag om dansk v\u00e5beneksport til Israel\">H\u00f8jesteret skal afg\u00f8re sag om dansk v\u00e5beneksport til Israel<\/a>\n                                    <\/h2>\n                                    \n                                <\/div>\n                            <\/div>\n                        <\/div>\n                    <\/article>\n\t            <\/div><\/div>\n            <\/div>\n            <style scoped>@media only screen and (min-width: 1025px) { .jeg_heroblock.jnews_module__2_69f2587c179ae .jeg_heroblock_wrapper{ height: 600px; } }@media only screen and (max-width: 1024px) and (min-width: 769px) { .jeg_heroblock.jnews_module__2_69f2587c179ae .jeg_heroblock_wrapper{ height: 600px; } }@media only screen and (max-width: 768px) and (min-width: 668px) { .jeg_heroblock.jnews_module__2_69f2587c179ae .jeg_heroblock_wrapper{ height: 600px; } }@media only screen and (max-width: 667px) and (min-width: 569px) { .jeg_heroblock.jnews_module__2_69f2587c179ae .jeg_heroblock_wrapper{ height: 480px; } }@media only screen and (max-width: 568px) and (min-width: 481px) { .jeg_heroblock.jnews_module__2_69f2587c179ae .jeg_heroblock_wrapper{ height: 420px; } }@media only screen and (max-width: 480px) { .jeg_heroblock.jnews_module__2_69f2587c179ae .jeg_heroblock_wrapper{ height: 360px; } }<\/style>[vc_raw_html]JTVCcXVhZHMlMjBpZCUzRDIlNUQ=[\/vc_raw_html]<div  class=\"jeg_heroblock jeg_heroblock_13 jeg_col_3o3 jeg_hero_style_6 jnews_module__3_69f2587c1850c  \" data-margin=\"0\" >\n                <div class=\"jeg_hero_wrapper\"><div class=\"jeg_heroblock_wrapper\" style='margin: 0px 0px -0px -0px;'>\n\t                <article class=\"jeg_post jeg_hero_item_1 format-standard\" style=\"padding: 0 0 0px 0px;\">\n                        <div class=\"jeg_block_container\">\n                            \n                            <span class=\"jeg_postformat_icon\"><\/span>\n                            <div class=\"jeg_thumb\">\n                                <a href=\"https:\/\/www.netavisen.dk\/da-dk\/nyheder\/erhverv\/byggetilladelser-frederikssund-har-danmarks-laengste-ventetid\/2599\/\"  aria-label=\"Read article: Byggetilladelser: Frederikssund har Danmarks l\u00e6ngste ventetid\"><div class=\"thumbnail-container thumbnail-background\" data-src=\"https:\/\/www.netavisen.dk\/da-dk\/nyheder\/wp-content\/uploads\/2026\/03\/byggeri-1140x760.jpg\" >\n                        <div class=\"lazyloaded\" data-src=\"https:\/\/www.netavisen.dk\/da-dk\/nyheder\/wp-content\/uploads\/2026\/03\/byggeri-1140x760.jpg\" style=\"background-image: url(https:\/\/www.netavisen.dk\/da-dk\/nyheder\/wp-content\/uploads\/2026\/03\/byggeri-1140x760.jpg)\"><img decoding=\"async\" class=\"thumbnail-prioritize\" src=\"https:\/\/www.netavisen.dk\/da-dk\/nyheder\/wp-content\/uploads\/2026\/03\/byggeri-1140x760.jpg\" style=\"display: none\" ><\/div>\n                    <\/div><\/a>\n                            <\/div>\n                            <div class=\"jeg_postblock_content\">\n                                <div class=\"jeg_post_category\"><a href=\"https:\/\/www.netavisen.dk\/da-dk\/nyheder\/erhverv\/\" class=\"category-erhverv\">Erhverv<\/a><\/div>\n                                <div class=\"jeg_post_info\">\n                                    <h2 class=\"jeg_post_title\">\n                                        <a href=\"https:\/\/www.netavisen.dk\/da-dk\/nyheder\/erhverv\/byggetilladelser-frederikssund-har-danmarks-laengste-ventetid\/2599\/\"  aria-label=\"Read article: Byggetilladelser: Frederikssund har Danmarks l\u00e6ngste ventetid\">Byggetilladelser: Frederikssund har Danmarks l\u00e6ngste ventetid<\/a>\n                                    <\/h2>\n                                    \n                                <\/div>\n                            <\/div>\n                        <\/div>\n                    <\/article>\n\t            <\/div><\/div>\n            <\/div>\n            <style scoped>@media only screen and (min-width: 1025px) { .jeg_heroblock.jnews_module__3_69f2587c1850c .jeg_heroblock_wrapper{ height: 600px; } }@media only screen and (max-width: 1024px) and (min-width: 769px) { .jeg_heroblock.jnews_module__3_69f2587c1850c .jeg_heroblock_wrapper{ height: 600px; } }@media only screen and (max-width: 768px) and (min-width: 668px) { .jeg_heroblock.jnews_module__3_69f2587c1850c .jeg_heroblock_wrapper{ height: 600px; } }@media only screen and (max-width: 667px) and (min-width: 569px) { .jeg_heroblock.jnews_module__3_69f2587c1850c .jeg_heroblock_wrapper{ height: 480px; } }@media only screen and (max-width: 568px) and (min-width: 481px) { .jeg_heroblock.jnews_module__3_69f2587c1850c .jeg_heroblock_wrapper{ height: 420px; } }@media only screen and (max-width: 480px) { .jeg_heroblock.jnews_module__3_69f2587c1850c .jeg_heroblock_wrapper{ height: 360px; } }<\/style><div  class=\"jeg_heroblock jeg_heroblock_13 jeg_col_3o3 jeg_hero_style_6 jnews_module__4_69f2587c191ad  \" data-margin=\"0\" >\n                <div class=\"jeg_hero_wrapper\"><div class=\"jeg_heroblock_wrapper\" style='margin: 0px 0px -0px -0px;'>\n\t                <article class=\"jeg_post jeg_hero_item_1 format-standard\" style=\"padding: 0 0 0px 0px;\">\n                        <div class=\"jeg_block_container\">\n                            \n                            <span class=\"jeg_postformat_icon\"><\/span>\n                            <div class=\"jeg_thumb\">\n                                <a href=\"https:\/\/www.netavisen.dk\/da-dk\/nyheder\/kultur\/kolding-vaert-for-grand-prix-2027\/2565\/\"  aria-label=\"Read article: Kolding v\u00e6rt for Grand Prix 2027\"><div class=\"thumbnail-container thumbnail-background\" data-src=\"https:\/\/www.netavisen.dk\/da-dk\/nyheder\/wp-content\/uploads\/2026\/03\/aarets-grand-prix-by-2027-kolding_02.jpg\" >\n                        <div class=\"lazyloaded\" data-src=\"https:\/\/www.netavisen.dk\/da-dk\/nyheder\/wp-content\/uploads\/2026\/03\/aarets-grand-prix-by-2027-kolding_02.jpg\" style=\"background-image: url(https:\/\/www.netavisen.dk\/da-dk\/nyheder\/wp-content\/uploads\/2026\/03\/aarets-grand-prix-by-2027-kolding_02.jpg)\"><img decoding=\"async\" class=\"thumbnail-prioritize\" src=\"https:\/\/www.netavisen.dk\/da-dk\/nyheder\/wp-content\/uploads\/2026\/03\/aarets-grand-prix-by-2027-kolding_02.jpg\" style=\"display: none\" ><\/div>\n                    <\/div><\/a>\n                            <\/div>\n                            <div class=\"jeg_postblock_content\">\n                                <div class=\"jeg_post_category\"><a href=\"https:\/\/www.netavisen.dk\/da-dk\/nyheder\/kultur\/\" class=\"category-kultur\">Kultur<\/a><\/div>\n                                <div class=\"jeg_post_info\">\n                                    <h2 class=\"jeg_post_title\">\n                                        <a href=\"https:\/\/www.netavisen.dk\/da-dk\/nyheder\/kultur\/kolding-vaert-for-grand-prix-2027\/2565\/\"  aria-label=\"Read article: Kolding v\u00e6rt for Grand Prix 2027\">Kolding v\u00e6rt for Grand Prix 2027<\/a>\n                                    <\/h2>\n                                    \n                                <\/div>\n                            <\/div>\n                        <\/div>\n                    <\/article>\n\t            <\/div><\/div>\n            <\/div>\n            <style scoped>@media only screen and (min-width: 1025px) { .jeg_heroblock.jnews_module__4_69f2587c191ad .jeg_heroblock_wrapper{ height: 600px; } }@media only screen and (max-width: 1024px) and (min-width: 769px) { .jeg_heroblock.jnews_module__4_69f2587c191ad .jeg_heroblock_wrapper{ height: 600px; } }@media only screen and (max-width: 768px) and (min-width: 668px) { .jeg_heroblock.jnews_module__4_69f2587c191ad .jeg_heroblock_wrapper{ height: 600px; } }@media only screen and (max-width: 667px) and (min-width: 569px) { .jeg_heroblock.jnews_module__4_69f2587c191ad .jeg_heroblock_wrapper{ height: 480px; } }@media only screen and (max-width: 568px) and (min-width: 481px) { .jeg_heroblock.jnews_module__4_69f2587c191ad .jeg_heroblock_wrapper{ height: 420px; } }@media only screen and (max-width: 480px) { .jeg_heroblock.jnews_module__4_69f2587c191ad .jeg_heroblock_wrapper{ height: 360px; } }<\/style>[vc_raw_html]JTVCcXVhZHMlMjBpZCUzRDMlNUQ=[\/vc_raw_html]<div  class=\"jeg_postblock_11 jeg_postblock jeg_module_hook jeg_pagination_disable jeg_col_3o3 jnews_module__5_69f2587c1a2b1   \" data-unique=\"jnews_module__5_69f2587c1a2b1\">\n\t\t\t\t\t\n\t\t\t\t\t<div class=\"jeg_block_container\">\n                    \n                    <div class=\"jeg_posts_wrap\"><div class=\"jeg_posts jeg_load_more_flag\"><article class=\"jeg_post jeg_pl_md_card format-standard\">\n                    <div class=\"jeg_inner_post\">\n                        <div class=\"jeg_thumb\">\n                            \n                            <a href=\"https:\/\/www.netavisen.dk\/da-dk\/nyheder\/koebenhavn\/boligpriser-bremser-tilflytning-til-koebenhavn\/2554\/\" aria-label=\"Read article: Boligpriser bremser tilflytning til K\u00f8benhavn\"><div class=\"thumbnail-container  size-715 \"><img decoding=\"async\" width=\"350\" height=\"233\" src=\"https:\/\/www.netavisen.dk\/da-dk\/nyheder\/wp-content\/uploads\/2026\/03\/koebenhavn.jpg\" class=\"attachment-jnews-350x250 size-jnews-350x250 wp-post-image\" alt=\"(Foto: Febiyan \/ Unsplash)\" srcset=\"https:\/\/www.netavisen.dk\/da-dk\/nyheder\/wp-content\/uploads\/2026\/03\/koebenhavn.jpg 1200w, https:\/\/www.netavisen.dk\/da-dk\/nyheder\/wp-content\/uploads\/2026\/03\/koebenhavn-300x200.jpg 300w, https:\/\/www.netavisen.dk\/da-dk\/nyheder\/wp-content\/uploads\/2026\/03\/koebenhavn-1024x683.jpg 1024w, https:\/\/www.netavisen.dk\/da-dk\/nyheder\/wp-content\/uploads\/2026\/03\/koebenhavn-768x512.jpg 768w, https:\/\/www.netavisen.dk\/da-dk\/nyheder\/wp-content\/uploads\/2026\/03\/koebenhavn-527x351.jpg 527w, https:\/\/www.netavisen.dk\/da-dk\/nyheder\/wp-content\/uploads\/2026\/03\/koebenhavn-1054x703.jpg 1054w, https:\/\/www.netavisen.dk\/da-dk\/nyheder\/wp-content\/uploads\/2026\/03\/koebenhavn-688x459.jpg 688w, https:\/\/www.netavisen.dk\/da-dk\/nyheder\/wp-content\/uploads\/2026\/03\/koebenhavn-1044x696.jpg 1044w\" sizes=\"(max-width: 350px) 100vw, 350px\" \/><\/div><\/a>\n                        <\/div>\n                        <div class=\"jeg_postblock_content\">\n                            <div class=\"jeg_post_category\">\n                                <span>\n                                    <a href=\"https:\/\/www.netavisen.dk\/da-dk\/nyheder\/koebenhavn\/\">K\u00f8benhavn<\/a>\n                                <\/span>\n                            <\/div>\n                            <h3 class=\"jeg_post_title\">\n                                <a href=\"https:\/\/www.netavisen.dk\/da-dk\/nyheder\/koebenhavn\/boligpriser-bremser-tilflytning-til-koebenhavn\/2554\/\">Boligpriser bremser tilflytning til K\u00f8benhavn<\/a>\n                            <\/h3>\n                            \n                        <\/div>\n                    <\/div>\n                <\/article><article class=\"jeg_post jeg_pl_md_card format-standard\">\n                    <div class=\"jeg_inner_post\">\n                        <div class=\"jeg_thumb\">\n                            \n                            <a href=\"https:\/\/www.netavisen.dk\/da-dk\/nyheder\/koebenhavn\/fv26-13-steder-i-koebenhavn-tilbyder-brevstemning\/2543\/\" aria-label=\"Read article: FV26: 13 steder i K\u00f8benhavn tilbyder brevstemning\"><div class=\"thumbnail-container  size-715 \"><img decoding=\"async\" width=\"350\" height=\"233\" src=\"https:\/\/www.netavisen.dk\/da-dk\/nyheder\/wp-content\/uploads\/2026\/03\/folketingsvalg-2026-kobenhavn-brevstemning.jpg\" class=\"attachment-jnews-350x250 size-jnews-350x250 wp-post-image\" alt=\"Du kan brevstemme 13 steder i K\u00f8benhavn. (Foto: K\u00f8benhavns Kommune)\" srcset=\"https:\/\/www.netavisen.dk\/da-dk\/nyheder\/wp-content\/uploads\/2026\/03\/folketingsvalg-2026-kobenhavn-brevstemning.jpg 1200w, https:\/\/www.netavisen.dk\/da-dk\/nyheder\/wp-content\/uploads\/2026\/03\/folketingsvalg-2026-kobenhavn-brevstemning-300x200.jpg 300w, https:\/\/www.netavisen.dk\/da-dk\/nyheder\/wp-content\/uploads\/2026\/03\/folketingsvalg-2026-kobenhavn-brevstemning-1024x683.jpg 1024w, https:\/\/www.netavisen.dk\/da-dk\/nyheder\/wp-content\/uploads\/2026\/03\/folketingsvalg-2026-kobenhavn-brevstemning-768x512.jpg 768w, https:\/\/www.netavisen.dk\/da-dk\/nyheder\/wp-content\/uploads\/2026\/03\/folketingsvalg-2026-kobenhavn-brevstemning-527x351.jpg 527w, https:\/\/www.netavisen.dk\/da-dk\/nyheder\/wp-content\/uploads\/2026\/03\/folketingsvalg-2026-kobenhavn-brevstemning-1054x703.jpg 1054w, https:\/\/www.netavisen.dk\/da-dk\/nyheder\/wp-content\/uploads\/2026\/03\/folketingsvalg-2026-kobenhavn-brevstemning-688x459.jpg 688w, https:\/\/www.netavisen.dk\/da-dk\/nyheder\/wp-content\/uploads\/2026\/03\/folketingsvalg-2026-kobenhavn-brevstemning-1044x696.jpg 1044w\" sizes=\"(max-width: 350px) 100vw, 350px\" \/><\/div><\/a>\n                        <\/div>\n                        <div class=\"jeg_postblock_content\">\n                            <div class=\"jeg_post_category\">\n                                <span>\n                                    <a href=\"https:\/\/www.netavisen.dk\/da-dk\/nyheder\/koebenhavn\/\">K\u00f8benhavn<\/a>\n                                <\/span>\n                            <\/div>\n                            <h3 class=\"jeg_post_title\">\n                                <a href=\"https:\/\/www.netavisen.dk\/da-dk\/nyheder\/koebenhavn\/fv26-13-steder-i-koebenhavn-tilbyder-brevstemning\/2543\/\">FV26: 13 steder i K\u00f8benhavn tilbyder brevstemning<\/a>\n                            <\/h3>\n                            \n                        <\/div>\n                    <\/div>\n                <\/article><article class=\"jeg_post jeg_pl_md_card format-standard\">\n                    <div class=\"jeg_inner_post\">\n                        <div class=\"jeg_thumb\">\n                            \n                            <a href=\"https:\/\/www.netavisen.dk\/da-dk\/nyheder\/sport\/fodbold\/3f-fortsaetter-som-superliga-sponsor-frem-til-2028\/2536\/\" aria-label=\"Read article: 3F forts\u00e6tter som Superliga-sponsor frem til 2028\"><div class=\"thumbnail-container  size-715 \"><img decoding=\"async\" width=\"350\" height=\"233\" src=\"https:\/\/www.netavisen.dk\/da-dk\/nyheder\/wp-content\/uploads\/2026\/03\/3f-divisionsforeningen-superliga-sponsorat-thomas-christensen-henning-overgaard.jpg\" class=\"attachment-jnews-350x250 size-jnews-350x250 wp-post-image\" alt=\"Gl\u00e6den var stor hos b\u00e5de Divisionsforeningen og i 3F, da det nye 3F Superliga sponsorat i g\u00e5r blev skrevet under i Kampmannsgade i K\u00f8benhavn. P\u00e5 billedet ses formand i Superliga A\/S Thomas Christensen TV) og 3F&#039;s formand Henning Overgaard. Foto: Philip Davali.\n(Foto: Philip Davali)\" srcset=\"https:\/\/www.netavisen.dk\/da-dk\/nyheder\/wp-content\/uploads\/2026\/03\/3f-divisionsforeningen-superliga-sponsorat-thomas-christensen-henning-overgaard.jpg 1200w, https:\/\/www.netavisen.dk\/da-dk\/nyheder\/wp-content\/uploads\/2026\/03\/3f-divisionsforeningen-superliga-sponsorat-thomas-christensen-henning-overgaard-300x200.jpg 300w, https:\/\/www.netavisen.dk\/da-dk\/nyheder\/wp-content\/uploads\/2026\/03\/3f-divisionsforeningen-superliga-sponsorat-thomas-christensen-henning-overgaard-1024x683.jpg 1024w, https:\/\/www.netavisen.dk\/da-dk\/nyheder\/wp-content\/uploads\/2026\/03\/3f-divisionsforeningen-superliga-sponsorat-thomas-christensen-henning-overgaard-768x512.jpg 768w, https:\/\/www.netavisen.dk\/da-dk\/nyheder\/wp-content\/uploads\/2026\/03\/3f-divisionsforeningen-superliga-sponsorat-thomas-christensen-henning-overgaard-527x351.jpg 527w, https:\/\/www.netavisen.dk\/da-dk\/nyheder\/wp-content\/uploads\/2026\/03\/3f-divisionsforeningen-superliga-sponsorat-thomas-christensen-henning-overgaard-1054x703.jpg 1054w, https:\/\/www.netavisen.dk\/da-dk\/nyheder\/wp-content\/uploads\/2026\/03\/3f-divisionsforeningen-superliga-sponsorat-thomas-christensen-henning-overgaard-688x459.jpg 688w, https:\/\/www.netavisen.dk\/da-dk\/nyheder\/wp-content\/uploads\/2026\/03\/3f-divisionsforeningen-superliga-sponsorat-thomas-christensen-henning-overgaard-1044x696.jpg 1044w\" sizes=\"(max-width: 350px) 100vw, 350px\" \/><\/div><\/a>\n                        <\/div>\n                        <div class=\"jeg_postblock_content\">\n                            <div class=\"jeg_post_category\">\n                                <span>\n                                    <a href=\"https:\/\/www.netavisen.dk\/da-dk\/nyheder\/sport\/fodbold\/\">Fodbold<\/a>\n                                <\/span>\n                            <\/div>\n                            <h3 class=\"jeg_post_title\">\n                                <a href=\"https:\/\/www.netavisen.dk\/da-dk\/nyheder\/sport\/fodbold\/3f-fortsaetter-som-superliga-sponsor-frem-til-2028\/2536\/\">3F forts\u00e6tter som Superliga-sponsor frem til 2028<\/a>\n                            <\/h3>\n                            \n                        <\/div>\n                    <\/div>\n                <\/article><article class=\"jeg_post jeg_pl_md_card format-standard\">\n                    <div class=\"jeg_inner_post\">\n                        <div class=\"jeg_thumb\">\n                            \n                            <a href=\"https:\/\/www.netavisen.dk\/da-dk\/nyheder\/kunst\/elefanter-skaffer-17-mio-kr-til-psykiatrifonden\/2527\/\" aria-label=\"Read article: Elefanter skaffer 1,7 mio. kr. til Psykiatrifonden\"><div class=\"thumbnail-container  size-715 \"><img decoding=\"async\" width=\"350\" height=\"233\" src=\"https:\/\/www.netavisen.dk\/da-dk\/nyheder\/wp-content\/uploads\/2026\/02\/elefanter-indbragte-17-mio-kroner-til-psykiatrifonden-mikkel-vigholt-petersen-psykiatrifonden_01.jpg\" class=\"attachment-jnews-350x250 size-jnews-350x250 wp-post-image\" alt=\"I forbindelse med H.M. Dronningens deltagelse i Psykiatrifondens 30-\u00e5rs jubil\u00e6um talte Dronningen med kunstner Benjamin Abana, hvis elefant-kunstv\u00e6rk reflekterer hans nigerianske fars liv med skizofreni. I baggrunden ses Marianne Skjold, Psykiatrifondens direkt\u00f8r, og Torsten Bj\u00f8rn Jacobsen, psykiater og formand for Psykiatrifondens bestyrelse. (Foto: Mikkel Vigholt Petersen \/ Psykiatrifonden)\" srcset=\"https:\/\/www.netavisen.dk\/da-dk\/nyheder\/wp-content\/uploads\/2026\/02\/elefanter-indbragte-17-mio-kroner-til-psykiatrifonden-mikkel-vigholt-petersen-psykiatrifonden_01.jpg 1200w, https:\/\/www.netavisen.dk\/da-dk\/nyheder\/wp-content\/uploads\/2026\/02\/elefanter-indbragte-17-mio-kroner-til-psykiatrifonden-mikkel-vigholt-petersen-psykiatrifonden_01-300x200.jpg 300w, https:\/\/www.netavisen.dk\/da-dk\/nyheder\/wp-content\/uploads\/2026\/02\/elefanter-indbragte-17-mio-kroner-til-psykiatrifonden-mikkel-vigholt-petersen-psykiatrifonden_01-1024x683.jpg 1024w, https:\/\/www.netavisen.dk\/da-dk\/nyheder\/wp-content\/uploads\/2026\/02\/elefanter-indbragte-17-mio-kroner-til-psykiatrifonden-mikkel-vigholt-petersen-psykiatrifonden_01-768x512.jpg 768w, https:\/\/www.netavisen.dk\/da-dk\/nyheder\/wp-content\/uploads\/2026\/02\/elefanter-indbragte-17-mio-kroner-til-psykiatrifonden-mikkel-vigholt-petersen-psykiatrifonden_01-527x351.jpg 527w, https:\/\/www.netavisen.dk\/da-dk\/nyheder\/wp-content\/uploads\/2026\/02\/elefanter-indbragte-17-mio-kroner-til-psykiatrifonden-mikkel-vigholt-petersen-psykiatrifonden_01-1054x703.jpg 1054w, https:\/\/www.netavisen.dk\/da-dk\/nyheder\/wp-content\/uploads\/2026\/02\/elefanter-indbragte-17-mio-kroner-til-psykiatrifonden-mikkel-vigholt-petersen-psykiatrifonden_01-688x459.jpg 688w, https:\/\/www.netavisen.dk\/da-dk\/nyheder\/wp-content\/uploads\/2026\/02\/elefanter-indbragte-17-mio-kroner-til-psykiatrifonden-mikkel-vigholt-petersen-psykiatrifonden_01-1044x696.jpg 1044w\" sizes=\"(max-width: 350px) 100vw, 350px\" \/><\/div><\/a>\n                        <\/div>\n                        <div class=\"jeg_postblock_content\">\n                            <div class=\"jeg_post_category\">\n                                <span>\n                                    <a href=\"https:\/\/www.netavisen.dk\/da-dk\/nyheder\/kunst\/\">Kunst<\/a>\n                                <\/span>\n                            <\/div>\n                            <h3 class=\"jeg_post_title\">\n                                <a href=\"https:\/\/www.netavisen.dk\/da-dk\/nyheder\/kunst\/elefanter-skaffer-17-mio-kr-til-psykiatrifonden\/2527\/\">Elefanter skaffer 1,7 mio. kr. til Psykiatrifonden<\/a>\n                            <\/h3>\n                            \n                        <\/div>\n                    <\/div>\n                <\/article><article class=\"jeg_post jeg_pl_md_card format-standard\">\n                    <div class=\"jeg_inner_post\">\n                        <div class=\"jeg_thumb\">\n                            \n                            <a href=\"https:\/\/www.netavisen.dk\/da-dk\/nyheder\/sundhed\/saa-stor-var-overdoedeligheden-under-covid-19\/2515\/\" aria-label=\"Read article: S\u00e5 stor var overd\u00f8deligheden under COVID-19\"><div class=\"thumbnail-container  size-715 \"><img decoding=\"async\" width=\"350\" height=\"233\" src=\"https:\/\/www.netavisen.dk\/da-dk\/nyheder\/wp-content\/uploads\/2026\/02\/aeldre-par.jpg\" class=\"attachment-jnews-350x250 size-jnews-350x250 wp-post-image\" alt=\"(Foto: Micheile Henderson \/ Unsplash)\" srcset=\"https:\/\/www.netavisen.dk\/da-dk\/nyheder\/wp-content\/uploads\/2026\/02\/aeldre-par.jpg 1200w, https:\/\/www.netavisen.dk\/da-dk\/nyheder\/wp-content\/uploads\/2026\/02\/aeldre-par-300x200.jpg 300w, https:\/\/www.netavisen.dk\/da-dk\/nyheder\/wp-content\/uploads\/2026\/02\/aeldre-par-1024x683.jpg 1024w, https:\/\/www.netavisen.dk\/da-dk\/nyheder\/wp-content\/uploads\/2026\/02\/aeldre-par-768x512.jpg 768w, https:\/\/www.netavisen.dk\/da-dk\/nyheder\/wp-content\/uploads\/2026\/02\/aeldre-par-527x351.jpg 527w, https:\/\/www.netavisen.dk\/da-dk\/nyheder\/wp-content\/uploads\/2026\/02\/aeldre-par-1054x703.jpg 1054w, https:\/\/www.netavisen.dk\/da-dk\/nyheder\/wp-content\/uploads\/2026\/02\/aeldre-par-688x459.jpg 688w, https:\/\/www.netavisen.dk\/da-dk\/nyheder\/wp-content\/uploads\/2026\/02\/aeldre-par-1044x696.jpg 1044w\" sizes=\"(max-width: 350px) 100vw, 350px\" \/><\/div><\/a>\n                        <\/div>\n                        <div class=\"jeg_postblock_content\">\n                            <div class=\"jeg_post_category\">\n                                <span>\n                                    <a href=\"https:\/\/www.netavisen.dk\/da-dk\/nyheder\/sundhed\/\">Sundhed<\/a>\n                                <\/span>\n                            <\/div>\n                            <h3 class=\"jeg_post_title\">\n                                <a href=\"https:\/\/www.netavisen.dk\/da-dk\/nyheder\/sundhed\/saa-stor-var-overdoedeligheden-under-covid-19\/2515\/\">S\u00e5 stor var overd\u00f8deligheden under COVID-19<\/a>\n                            <\/h3>\n                            \n                        <\/div>\n                    <\/div>\n                <\/article><article class=\"jeg_post jeg_pl_md_card format-standard\">\n                    <div class=\"jeg_inner_post\">\n                        <div class=\"jeg_thumb\">\n                            \n                            <a href=\"https:\/\/www.netavisen.dk\/da-dk\/nyheder\/underholdning\/sammen-med-girltalk-saetter-jessie-ka-fokus-paa-kvindelige-venskaber-og-ensomhed\/2505\/\" aria-label=\"Read article: Sammen med GirlTalk s\u00e6tter Jessie Ka fokus p\u00e5 kvindelige venskaber og ensomhed\"><div class=\"thumbnail-container  size-715 \"><img decoding=\"async\" width=\"350\" height=\"233\" src=\"https:\/\/www.netavisen.dk\/da-dk\/nyheder\/wp-content\/uploads\/2026\/02\/jessi-ka_01-scaled.jpg\" class=\"attachment-jnews-350x250 size-jnews-350x250 wp-post-image\" alt=\"Jessie Ka (Foto: Anders Hagen)\" srcset=\"https:\/\/www.netavisen.dk\/da-dk\/nyheder\/wp-content\/uploads\/2026\/02\/jessi-ka_01-scaled.jpg 2560w, https:\/\/www.netavisen.dk\/da-dk\/nyheder\/wp-content\/uploads\/2026\/02\/jessi-ka_01-300x200.jpg 300w, https:\/\/www.netavisen.dk\/da-dk\/nyheder\/wp-content\/uploads\/2026\/02\/jessi-ka_01-1024x682.jpg 1024w, https:\/\/www.netavisen.dk\/da-dk\/nyheder\/wp-content\/uploads\/2026\/02\/jessi-ka_01-768x512.jpg 768w, https:\/\/www.netavisen.dk\/da-dk\/nyheder\/wp-content\/uploads\/2026\/02\/jessi-ka_01-1536x1024.jpg 1536w, https:\/\/www.netavisen.dk\/da-dk\/nyheder\/wp-content\/uploads\/2026\/02\/jessi-ka_01-2048x1365.jpg 2048w, https:\/\/www.netavisen.dk\/da-dk\/nyheder\/wp-content\/uploads\/2026\/02\/jessi-ka_01-527x351.jpg 527w, https:\/\/www.netavisen.dk\/da-dk\/nyheder\/wp-content\/uploads\/2026\/02\/jessi-ka_01-1054x702.jpg 1054w, https:\/\/www.netavisen.dk\/da-dk\/nyheder\/wp-content\/uploads\/2026\/02\/jessi-ka_01-688x459.jpg 688w, https:\/\/www.netavisen.dk\/da-dk\/nyheder\/wp-content\/uploads\/2026\/02\/jessi-ka_01-1044x696.jpg 1044w, https:\/\/www.netavisen.dk\/da-dk\/nyheder\/wp-content\/uploads\/2026\/02\/jessi-ka_01-1400x933.jpg 1400w, https:\/\/www.netavisen.dk\/da-dk\/nyheder\/wp-content\/uploads\/2026\/02\/jessi-ka_01-1920x1280.jpg 1920w\" sizes=\"(max-width: 350px) 100vw, 350px\" \/><\/div><\/a>\n                        <\/div>\n                        <div class=\"jeg_postblock_content\">\n                            <div class=\"jeg_post_category\">\n                                <span>\n                                    <a href=\"https:\/\/www.netavisen.dk\/da-dk\/nyheder\/underholdning\/\">Underholdning<\/a>\n                                <\/span>\n                            <\/div>\n                            <h3 class=\"jeg_post_title\">\n                                <a href=\"https:\/\/www.netavisen.dk\/da-dk\/nyheder\/underholdning\/sammen-med-girltalk-saetter-jessie-ka-fokus-paa-kvindelige-venskaber-og-ensomhed\/2505\/\">Sammen med GirlTalk s\u00e6tter Jessie Ka fokus p\u00e5 kvindelige venskaber og ensomhed<\/a>\n                            <\/h3>\n                            \n                        <\/div>\n                    <\/div>\n                <\/article><\/div><\/div>\n                    <div class='module-overlay'>\n\t\t\t\t    <div class='preloader_type preloader_dot'>\n\t\t\t\t        <div class=\"module-preloader jeg_preloader dot\">\n\t\t\t\t            <span><\/span><span><\/span><span><\/span>\n\t\t\t\t        <\/div>\n\t\t\t\t        <div class=\"module-preloader jeg_preloader circle\">\n\t\t\t\t            <div class=\"jnews_preloader_circle_outer\">\n\t\t\t\t                <div class=\"jnews_preloader_circle_inner\"><\/div>\n\t\t\t\t            <\/div>\n\t\t\t\t        <\/div>\n\t\t\t\t        <div class=\"module-preloader jeg_preloader square\">\n\t\t\t\t            <div class=\"jeg_square\">\n\t\t\t\t                <div class=\"jeg_square_inner\"><\/div>\n\t\t\t\t            <\/div>\n\t\t\t\t        <\/div>\n\t\t\t\t    <\/div>\n\t\t\t\t<\/div>\n                <\/div>\n                <div class=\"jeg_block_navigation\">\n                    <div class='navigation_overlay'><div class='module-preloader jeg_preloader'><span><\/span><span><\/span><span><\/span><\/div><\/div>\n                    \n                    \n                <\/div>\n\t\t\t\t\t\n\t\t\t\t\t<script>var jnews_module__5_69f2587c1a2b1 = {\"header_icon\":\"\",\"first_title\":\"\",\"second_title\":\"\",\"url\":\"\",\"header_type\":\"heading_6\",\"header_background\":\"\",\"header_secondary_background\":\"\",\"header_text_color\":\"\",\"header_line_color\":\"\",\"header_accent_color\":\"\",\"header_filter_category\":\"\",\"header_filter_author\":\"\",\"header_filter_tag\":\"\",\"header_filter_text\":\"All\",\"sticky_post\":\"\",\"sticky_post_filter\":false,\"post_type\":\"post\",\"content_type\":\"all\",\"sponsor\":\"\",\"number_post\":\"6\",\"post_offset\":\"0\",\"unique_content\":\"unique1\",\"include_post\":\"\",\"included_only\":\"\",\"exclude_post\":\"2630,2625,2618,2609,2599,2565\",\"include_category\":\"\",\"exclude_category\":\"167,385,384\",\"include_author\":\"\",\"include_tag\":\"\",\"exclude_tag\":\"\",\"exclude_visited_post\":false,\"sort_by\":\"latest\",\"date_format\":\"default\",\"date_format_custom\":\"Y\\\/m\\\/d\",\"force_normal_image_load\":\"\",\"main_custom_image_size\":\"default\",\"pagination_mode\":\"disable\",\"pagination_nextprev_showtext\":\"\",\"pagination_number_post\":4,\"pagination_scroll_limit\":0,\"el_id\":\"\",\"el_class\":\"\",\"scheme\":\"\",\"column_width\":\"auto\",\"title_color\":\"\",\"accent_color\":\"\",\"alt_color\":\"\",\"excerpt_color\":\"\",\"block_background\":\"\",\"css\":\"\",\"compatible_column_notice\":\"\",\"paged\":1,\"column_class\":\"jeg_col_3o3\",\"class\":\"jnews_block_11\"};<\/script>\n\t\t\t\t<\/div>[vc_raw_html]JTVCcXVhZHMlMjBpZCUzRDQlNUQ=[\/vc_raw_html]<div  class=\"jeg_heroblock jeg_heroblock_13 jeg_col_3o3 jeg_hero_style_6 jnews_module__6_69f2587c1d5c9  \" data-margin=\"0\" >\n                <div class=\"jeg_hero_wrapper\"><div class=\"jeg_heroblock_wrapper\" style='margin: 0px 0px -0px -0px;'>\n\t                <article class=\"jeg_post jeg_hero_item_1 format-standard\" style=\"padding: 0 0 0px 0px;\">\n                        <div class=\"jeg_block_container\">\n                            \n                            <span class=\"jeg_postformat_icon\"><\/span>\n                            <div class=\"jeg_thumb\">\n                                <a href=\"https:\/\/www.netavisen.dk\/da-dk\/nyheder\/koebenhavn\/koebenhavns-og-frederiksberg-kommuner-hilser-ny-stoette-til-skybrudssikring-velkommen\/2495\/\"  aria-label=\"Read article: K\u00f8benhavns og Frederiksberg Kommuner hilser ny st\u00f8tte til skybrudssikring velkommen\"><div class=\"thumbnail-container thumbnail-background\" data-src=\"https:\/\/www.netavisen.dk\/da-dk\/nyheder\/wp-content\/uploads\/2026\/02\/karens-minde-aksen_01.jpg\" >\n                        <div class=\"lazyloaded\" data-src=\"https:\/\/www.netavisen.dk\/da-dk\/nyheder\/wp-content\/uploads\/2026\/02\/karens-minde-aksen_01.jpg\" style=\"background-image: url(https:\/\/www.netavisen.dk\/da-dk\/nyheder\/wp-content\/uploads\/2026\/02\/karens-minde-aksen_01.jpg)\"><img decoding=\"async\" class=\"thumbnail-prioritize\" src=\"https:\/\/www.netavisen.dk\/da-dk\/nyheder\/wp-content\/uploads\/2026\/02\/karens-minde-aksen_01.jpg\" style=\"display: none\" ><\/div>\n                    <\/div><\/a>\n                            <\/div>\n                            <div class=\"jeg_postblock_content\">\n                                <div class=\"jeg_post_category\"><a href=\"https:\/\/www.netavisen.dk\/da-dk\/nyheder\/koebenhavn\/\" class=\"category-koebenhavn\">K\u00f8benhavn<\/a><\/div>\n                                <div class=\"jeg_post_info\">\n                                    <h2 class=\"jeg_post_title\">\n                                        <a href=\"https:\/\/www.netavisen.dk\/da-dk\/nyheder\/koebenhavn\/koebenhavns-og-frederiksberg-kommuner-hilser-ny-stoette-til-skybrudssikring-velkommen\/2495\/\"  aria-label=\"Read article: K\u00f8benhavns og Frederiksberg Kommuner hilser ny st\u00f8tte til skybrudssikring velkommen\">K\u00f8benhavns og Frederiksberg Kommuner hilser ny st\u00f8tte til skybrudssikring velkommen<\/a>\n                                    <\/h2>\n                                    \n                                <\/div>\n                            <\/div>\n                        <\/div>\n                    <\/article>\n\t            <\/div><\/div>\n            <\/div>\n            <style scoped>@media only screen and (min-width: 1025px) { .jeg_heroblock.jnews_module__6_69f2587c1d5c9 .jeg_heroblock_wrapper{ height: 600px; } }@media only screen and (max-width: 1024px) and (min-width: 769px) { .jeg_heroblock.jnews_module__6_69f2587c1d5c9 .jeg_heroblock_wrapper{ height: 600px; } }@media only screen and (max-width: 768px) and (min-width: 668px) { .jeg_heroblock.jnews_module__6_69f2587c1d5c9 .jeg_heroblock_wrapper{ height: 600px; } }@media only screen and (max-width: 667px) and (min-width: 569px) { .jeg_heroblock.jnews_module__6_69f2587c1d5c9 .jeg_heroblock_wrapper{ height: 480px; } }@media only screen and (max-width: 568px) and (min-width: 481px) { .jeg_heroblock.jnews_module__6_69f2587c1d5c9 .jeg_heroblock_wrapper{ height: 420px; } }@media only screen and (max-width: 480px) { .jeg_heroblock.jnews_module__6_69f2587c1d5c9 .jeg_heroblock_wrapper{ height: 360px; } }<\/style><div  class=\"jeg_heroblock jeg_heroblock_13 jeg_col_3o3 jeg_hero_style_6 jnews_module__7_69f2587c1e15e  \" data-margin=\"0\" >\n                <div class=\"jeg_hero_wrapper\"><div class=\"jeg_heroblock_wrapper\" style='margin: 0px 0px -0px -0px;'>\n\t                <article class=\"jeg_post jeg_hero_item_1 format-standard\" style=\"padding: 0 0 0px 0px;\">\n                        <div class=\"jeg_block_container\">\n                            \n                            <span class=\"jeg_postformat_icon\"><\/span>\n                            <div class=\"jeg_thumb\">\n                                <a href=\"https:\/\/www.netavisen.dk\/da-dk\/nyheder\/navnenyt\/foedselsdage\/orifarms-stifter-hans-boegh-soerensen-fyldte-70-aar\/2483\/\"  aria-label=\"Read article: Orifarms stifter Hans B\u00f8gh-S\u00f8rensen fyldte 70 \u00e5r\"><div class=\"thumbnail-container thumbnail-background\" data-src=\"https:\/\/www.netavisen.dk\/da-dk\/nyheder\/wp-content\/uploads\/2026\/02\/hans-boegh-soerensen_01.jpg\" >\n                        <div class=\"lazyloaded\" data-src=\"https:\/\/www.netavisen.dk\/da-dk\/nyheder\/wp-content\/uploads\/2026\/02\/hans-boegh-soerensen_01.jpg\" style=\"background-image: url(https:\/\/www.netavisen.dk\/da-dk\/nyheder\/wp-content\/uploads\/2026\/02\/hans-boegh-soerensen_01.jpg)\"><img decoding=\"async\" class=\"thumbnail-prioritize\" src=\"https:\/\/www.netavisen.dk\/da-dk\/nyheder\/wp-content\/uploads\/2026\/02\/hans-boegh-soerensen_01.jpg\" style=\"display: none\" ><\/div>\n                    <\/div><\/a>\n                            <\/div>\n                            <div class=\"jeg_postblock_content\">\n                                <div class=\"jeg_post_category\"><a href=\"https:\/\/www.netavisen.dk\/da-dk\/nyheder\/navnenyt\/foedselsdage\/\" class=\"category-foedselsdage\">F\u00f8dselsdage<\/a><\/div>\n                                <div class=\"jeg_post_info\">\n                                    <h2 class=\"jeg_post_title\">\n                                        <a href=\"https:\/\/www.netavisen.dk\/da-dk\/nyheder\/navnenyt\/foedselsdage\/orifarms-stifter-hans-boegh-soerensen-fyldte-70-aar\/2483\/\"  aria-label=\"Read article: Orifarms stifter Hans B\u00f8gh-S\u00f8rensen fyldte 70 \u00e5r\">Orifarms stifter Hans B\u00f8gh-S\u00f8rensen fyldte 70 \u00e5r<\/a>\n                                    <\/h2>\n                                    \n                                <\/div>\n                            <\/div>\n                        <\/div>\n                    <\/article>\n\t            <\/div><\/div>\n            <\/div>\n            <style scoped>@media only screen and (min-width: 1025px) { .jeg_heroblock.jnews_module__7_69f2587c1e15e .jeg_heroblock_wrapper{ height: 600px; } }@media only screen and (max-width: 1024px) and (min-width: 769px) { .jeg_heroblock.jnews_module__7_69f2587c1e15e .jeg_heroblock_wrapper{ height: 600px; } }@media only screen and (max-width: 768px) and (min-width: 668px) { .jeg_heroblock.jnews_module__7_69f2587c1e15e .jeg_heroblock_wrapper{ height: 600px; } }@media only screen and (max-width: 667px) and (min-width: 569px) { .jeg_heroblock.jnews_module__7_69f2587c1e15e .jeg_heroblock_wrapper{ height: 480px; } }@media only screen and (max-width: 568px) and (min-width: 481px) { .jeg_heroblock.jnews_module__7_69f2587c1e15e .jeg_heroblock_wrapper{ height: 420px; } }@media only screen and (max-width: 480px) { .jeg_heroblock.jnews_module__7_69f2587c1e15e .jeg_heroblock_wrapper{ height: 360px; } }<\/style>[vc_raw_html]JTVCcXVhZHMlMjBpZCUzRDUlNUQ=[\/vc_raw_html]<div  class=\"jeg_postblock_5 jeg_postblock jeg_module_hook jeg_pagination_disable jeg_col_3o3 jnews_module__8_69f2587c1f49a   \" data-unique=\"jnews_module__8_69f2587c1f49a\">\n\t\t\t\t\t\n\t\t\t\t\t<div class=\"jeg_block_container\">\n                    \n                    <div class=\"jeg_posts jeg_load_more_flag\"><article class=\"jeg_post jeg_pl_lg_2 format-standard\">\n                    <div class=\"jeg_thumb\">\n                        \n                        <a href=\"https:\/\/www.netavisen.dk\/da-dk\/nyheder\/kultur\/bodil-joergensen-er-blevet-tildelt-jeanne-og-henri-nathansens-mindelegat\/2458\/\" aria-label=\"Read article: Bodil J\u00f8rgensen er blevet tildelt Jeanne og Henri Nathansens Mindelegat\"><div class=\"thumbnail-container  size-715 \"><img decoding=\"async\" width=\"350\" height=\"233\" src=\"https:\/\/www.netavisen.dk\/da-dk\/nyheder\/wp-content\/uploads\/2026\/02\/bodil-joergensen-det-kongelige-teater-sara-levin-indenfor-murene_03.jpg\" class=\"attachment-jnews-350x250 size-jnews-350x250 wp-post-image\" alt=\"(Foto: PR \/ Det Kongelige Teater)\" srcset=\"https:\/\/www.netavisen.dk\/da-dk\/nyheder\/wp-content\/uploads\/2026\/02\/bodil-joergensen-det-kongelige-teater-sara-levin-indenfor-murene_03.jpg 1200w, https:\/\/www.netavisen.dk\/da-dk\/nyheder\/wp-content\/uploads\/2026\/02\/bodil-joergensen-det-kongelige-teater-sara-levin-indenfor-murene_03-300x200.jpg 300w, https:\/\/www.netavisen.dk\/da-dk\/nyheder\/wp-content\/uploads\/2026\/02\/bodil-joergensen-det-kongelige-teater-sara-levin-indenfor-murene_03-1024x683.jpg 1024w, https:\/\/www.netavisen.dk\/da-dk\/nyheder\/wp-content\/uploads\/2026\/02\/bodil-joergensen-det-kongelige-teater-sara-levin-indenfor-murene_03-768x512.jpg 768w, https:\/\/www.netavisen.dk\/da-dk\/nyheder\/wp-content\/uploads\/2026\/02\/bodil-joergensen-det-kongelige-teater-sara-levin-indenfor-murene_03-527x351.jpg 527w, https:\/\/www.netavisen.dk\/da-dk\/nyheder\/wp-content\/uploads\/2026\/02\/bodil-joergensen-det-kongelige-teater-sara-levin-indenfor-murene_03-1054x703.jpg 1054w, https:\/\/www.netavisen.dk\/da-dk\/nyheder\/wp-content\/uploads\/2026\/02\/bodil-joergensen-det-kongelige-teater-sara-levin-indenfor-murene_03-688x459.jpg 688w, https:\/\/www.netavisen.dk\/da-dk\/nyheder\/wp-content\/uploads\/2026\/02\/bodil-joergensen-det-kongelige-teater-sara-levin-indenfor-murene_03-1044x696.jpg 1044w\" sizes=\"(max-width: 350px) 100vw, 350px\" \/><\/div><\/a>\n                        <div class=\"jeg_post_category\">\n                            <span><a href=\"https:\/\/www.netavisen.dk\/da-dk\/nyheder\/kultur\/\" class=\"category-kultur\">Kultur<\/a><\/span>\n                        <\/div>\n                    <\/div>\n                    <div class=\"jeg_postblock_content\">\n                        <h3 class=\"jeg_post_title\">\n                            <a href=\"https:\/\/www.netavisen.dk\/da-dk\/nyheder\/kultur\/bodil-joergensen-er-blevet-tildelt-jeanne-og-henri-nathansens-mindelegat\/2458\/\">Bodil J\u00f8rgensen er blevet tildelt Jeanne og Henri Nathansens Mindelegat<\/a>\n                        <\/h3>\n                        \n                        <div class=\"jeg_post_excerpt\">\n                            <p>Bodil J\u00f8rgensen tildeles Jeanne og Henri Nathansens Mindelegat 2026 for sin fortolkning af Sara Levin i Henri Nathansens klassiske v\u00e6rk Indenfor murene.<\/p>\n                            <a href=\"https:\/\/www.netavisen.dk\/da-dk\/nyheder\/kultur\/bodil-joergensen-er-blevet-tildelt-jeanne-og-henri-nathansens-mindelegat\/2458\/\" class=\"jeg_readmore\">Read more<span class=\"screen-reader-text\">Details<\/span><\/a>\n                        <\/div>\n                    <\/div>\n                <\/article><article class=\"jeg_post jeg_pl_lg_2 format-standard\">\n                    <div class=\"jeg_thumb\">\n                        \n                        <a href=\"https:\/\/www.netavisen.dk\/da-dk\/nyheder\/danmark\/danmark-og-storbritannien-styrker-migrationssamarbejde\/2422\/\" aria-label=\"Read article: Danmark og Storbritannien styrker migrationssamarbejde\"><div class=\"thumbnail-container  size-715 \"><img decoding=\"async\" width=\"350\" height=\"233\" src=\"https:\/\/www.netavisen.dk\/da-dk\/nyheder\/wp-content\/uploads\/2026\/02\/danmark-storbritannien-migrationssamarbejde_02.jpg\" class=\"attachment-jnews-350x250 size-jnews-350x250 wp-post-image\" alt=\"(Foto: Catalina Anapios, British Embassy Copenhagen)\" srcset=\"https:\/\/www.netavisen.dk\/da-dk\/nyheder\/wp-content\/uploads\/2026\/02\/danmark-storbritannien-migrationssamarbejde_02.jpg 1200w, https:\/\/www.netavisen.dk\/da-dk\/nyheder\/wp-content\/uploads\/2026\/02\/danmark-storbritannien-migrationssamarbejde_02-300x200.jpg 300w, https:\/\/www.netavisen.dk\/da-dk\/nyheder\/wp-content\/uploads\/2026\/02\/danmark-storbritannien-migrationssamarbejde_02-1024x683.jpg 1024w, https:\/\/www.netavisen.dk\/da-dk\/nyheder\/wp-content\/uploads\/2026\/02\/danmark-storbritannien-migrationssamarbejde_02-768x512.jpg 768w, https:\/\/www.netavisen.dk\/da-dk\/nyheder\/wp-content\/uploads\/2026\/02\/danmark-storbritannien-migrationssamarbejde_02-527x351.jpg 527w, https:\/\/www.netavisen.dk\/da-dk\/nyheder\/wp-content\/uploads\/2026\/02\/danmark-storbritannien-migrationssamarbejde_02-1054x703.jpg 1054w, https:\/\/www.netavisen.dk\/da-dk\/nyheder\/wp-content\/uploads\/2026\/02\/danmark-storbritannien-migrationssamarbejde_02-688x459.jpg 688w, https:\/\/www.netavisen.dk\/da-dk\/nyheder\/wp-content\/uploads\/2026\/02\/danmark-storbritannien-migrationssamarbejde_02-1044x696.jpg 1044w\" sizes=\"(max-width: 350px) 100vw, 350px\" \/><\/div><\/a>\n                        <div class=\"jeg_post_category\">\n                            <span><a href=\"https:\/\/www.netavisen.dk\/da-dk\/nyheder\/danmark\/\" class=\"category-danmark\">Danmark<\/a><\/span>\n                        <\/div>\n                    <\/div>\n                    <div class=\"jeg_postblock_content\">\n                        <h3 class=\"jeg_post_title\">\n                            <a href=\"https:\/\/www.netavisen.dk\/da-dk\/nyheder\/danmark\/danmark-og-storbritannien-styrker-migrationssamarbejde\/2422\/\">Danmark og Storbritannien styrker migrationssamarbejde<\/a>\n                        <\/h3>\n                        \n                        <div class=\"jeg_post_excerpt\">\n                            <p>Storbritannien bidrager med ca. 25,7 mio. kr. til til Danmarks regionale migrationsforvaltningsprogram for Tyrkiet og Vestbalkan i 2025-2026.<\/p>\n                            <a href=\"https:\/\/www.netavisen.dk\/da-dk\/nyheder\/danmark\/danmark-og-storbritannien-styrker-migrationssamarbejde\/2422\/\" class=\"jeg_readmore\">Read more<span class=\"screen-reader-text\">Details<\/span><\/a>\n                        <\/div>\n                    <\/div>\n                <\/article><article class=\"jeg_post jeg_pl_lg_2 format-standard\">\n                    <div class=\"jeg_thumb\">\n                        \n                        <a href=\"https:\/\/www.netavisen.dk\/da-dk\/nyheder\/internet\/netstof-dk-unge-faar-anonym-raadgivning-om-stoffer\/1380\/\" aria-label=\"Read article: Netstof.dk: Unge f\u00e5r anonym r\u00e5dgivning om stoffer\"><div class=\"thumbnail-container  size-715 \"><img decoding=\"async\" width=\"350\" height=\"250\" src=\"https:\/\/www.netavisen.dk\/da-dk\/nyheder\/wp-content\/uploads\/2025\/12\/stoffer-raadgivning-netstof-dk-350x250.jpg\" class=\"attachment-jnews-350x250 size-jnews-350x250 wp-post-image\" alt=\"(Foto: Colin Davis \/ Unsplash)\" srcset=\"https:\/\/www.netavisen.dk\/da-dk\/nyheder\/wp-content\/uploads\/2025\/12\/stoffer-raadgivning-netstof-dk-350x250.jpg 350w, https:\/\/www.netavisen.dk\/da-dk\/nyheder\/wp-content\/uploads\/2025\/12\/stoffer-raadgivning-netstof-dk-120x86.jpg 120w, https:\/\/www.netavisen.dk\/da-dk\/nyheder\/wp-content\/uploads\/2025\/12\/stoffer-raadgivning-netstof-dk-750x536.jpg 750w\" sizes=\"(max-width: 350px) 100vw, 350px\" \/><\/div><\/a>\n                        <div class=\"jeg_post_category\">\n                            <span><a href=\"https:\/\/www.netavisen.dk\/da-dk\/nyheder\/internet\/\" class=\"category-internet\">Internet<\/a><\/span>\n                        <\/div>\n                    <\/div>\n                    <div class=\"jeg_postblock_content\">\n                        <h3 class=\"jeg_post_title\">\n                            <a href=\"https:\/\/www.netavisen.dk\/da-dk\/nyheder\/internet\/netstof-dk-unge-faar-anonym-raadgivning-om-stoffer\/1380\/\">Netstof.dk: Unge f\u00e5r anonym r\u00e5dgivning om stoffer<\/a>\n                        <\/h3>\n                        \n                        <div class=\"jeg_post_excerpt\">\n                            <p>En ny samarbejdsaftale med Netstof.dk skal sikre, at unge f\u00e5r bedre adgang til anonym r\u00e5dgivning og trov\u00e6rdig information om stoffer.<\/p>\n                            <a href=\"https:\/\/www.netavisen.dk\/da-dk\/nyheder\/internet\/netstof-dk-unge-faar-anonym-raadgivning-om-stoffer\/1380\/\" class=\"jeg_readmore\">Read more<span class=\"screen-reader-text\">Details<\/span><\/a>\n                        <\/div>\n                    <\/div>\n                <\/article><article class=\"jeg_post jeg_pl_lg_2 format-standard\">\n                    <div class=\"jeg_thumb\">\n                        \n                        <a href=\"https:\/\/www.netavisen.dk\/da-dk\/nyheder\/teknologi\/digitale-platforme-skal-nu-staa-til-ansvar-for-oekonomisk-svindel\/1367\/\" aria-label=\"Read article: Digitale platforme skal nu st\u00e5 til ansvar for \u00f8konomisk svindel\"><div class=\"thumbnail-container  size-715 \"><img decoding=\"async\" width=\"350\" height=\"233\" src=\"https:\/\/www.netavisen.dk\/da-dk\/nyheder\/wp-content\/uploads\/2025\/04\/cyberkriminalitet.jpg\" class=\"attachment-jnews-350x250 size-jnews-350x250 wp-post-image\" alt=\"Foto: Kevin Horvat \/ Unsplash\" srcset=\"https:\/\/www.netavisen.dk\/da-dk\/nyheder\/wp-content\/uploads\/2025\/04\/cyberkriminalitet.jpg 1200w, https:\/\/www.netavisen.dk\/da-dk\/nyheder\/wp-content\/uploads\/2025\/04\/cyberkriminalitet-300x200.jpg 300w, https:\/\/www.netavisen.dk\/da-dk\/nyheder\/wp-content\/uploads\/2025\/04\/cyberkriminalitet-1024x683.jpg 1024w, https:\/\/www.netavisen.dk\/da-dk\/nyheder\/wp-content\/uploads\/2025\/04\/cyberkriminalitet-768x512.jpg 768w\" sizes=\"(max-width: 350px) 100vw, 350px\" \/><\/div><\/a>\n                        <div class=\"jeg_post_category\">\n                            <span><a href=\"https:\/\/www.netavisen.dk\/da-dk\/nyheder\/internet\/\" class=\"category-internet\">Internet<\/a><\/span>\n                        <\/div>\n                    <\/div>\n                    <div class=\"jeg_postblock_content\">\n                        <h3 class=\"jeg_post_title\">\n                            <a href=\"https:\/\/www.netavisen.dk\/da-dk\/nyheder\/teknologi\/digitale-platforme-skal-nu-staa-til-ansvar-for-oekonomisk-svindel\/1367\/\">Digitale platforme skal nu st\u00e5 til ansvar for \u00f8konomisk svindel<\/a>\n                        <\/h3>\n                        \n                        <div class=\"jeg_post_excerpt\">\n                            <p>Det danske EU-formandskab har landet en markant aftale i Bruxelles, som betyder, at store onlineplatforme og s\u00f8gemaskiner \u2013 herunder giganter som Amazon og Facebook \u2013 fremover f\u00e5r et udvidet ansvar for at forhindre \u00f8konomisk svindel p\u00e5 deres tjenester.<\/p>\n                            <a href=\"https:\/\/www.netavisen.dk\/da-dk\/nyheder\/teknologi\/digitale-platforme-skal-nu-staa-til-ansvar-for-oekonomisk-svindel\/1367\/\" class=\"jeg_readmore\">Read more<span class=\"screen-reader-text\">Details<\/span><\/a>\n                        <\/div>\n                    <\/div>\n                <\/article><article class=\"jeg_post jeg_pl_lg_2 format-standard\">\n                    <div class=\"jeg_thumb\">\n                        \n                        <a href=\"https:\/\/www.netavisen.dk\/da-dk\/nyheder\/kunstig-intelligens\/ai-bliver-feriens-nye-rejsepartner-en-tredjedel-af-danskerne-bruger-det-allerede\/1360\/\" aria-label=\"Read article: AI bliver feriens nye rejsepartner: En tredjedel af danskerne bruger det allerede\"><div class=\"thumbnail-container  size-715 \"><img decoding=\"async\" width=\"350\" height=\"250\" src=\"https:\/\/www.netavisen.dk\/da-dk\/nyheder\/wp-content\/uploads\/2025\/12\/ferie-rejser-ai-kunstig-intelligens-350x250.jpg\" class=\"attachment-jnews-350x250 size-jnews-350x250 wp-post-image\" alt=\"(Foto: Vidar Nordli-Mathisen \/ Unsplash)\" srcset=\"https:\/\/www.netavisen.dk\/da-dk\/nyheder\/wp-content\/uploads\/2025\/12\/ferie-rejser-ai-kunstig-intelligens-350x250.jpg 350w, https:\/\/www.netavisen.dk\/da-dk\/nyheder\/wp-content\/uploads\/2025\/12\/ferie-rejser-ai-kunstig-intelligens-120x86.jpg 120w, https:\/\/www.netavisen.dk\/da-dk\/nyheder\/wp-content\/uploads\/2025\/12\/ferie-rejser-ai-kunstig-intelligens-750x536.jpg 750w\" sizes=\"(max-width: 350px) 100vw, 350px\" \/><\/div><\/a>\n                        <div class=\"jeg_post_category\">\n                            <span><a href=\"https:\/\/www.netavisen.dk\/da-dk\/nyheder\/kunstig-intelligens\/\" class=\"category-kunstig-intelligens\">Kunstig Intelligens<\/a><\/span>\n                        <\/div>\n                    <\/div>\n                    <div class=\"jeg_postblock_content\">\n                        <h3 class=\"jeg_post_title\">\n                            <a href=\"https:\/\/www.netavisen.dk\/da-dk\/nyheder\/kunstig-intelligens\/ai-bliver-feriens-nye-rejsepartner-en-tredjedel-af-danskerne-bruger-det-allerede\/1360\/\">AI bliver feriens nye rejsepartner: En tredjedel af danskerne bruger det allerede<\/a>\n                        <\/h3>\n                        \n                        <div class=\"jeg_post_excerpt\">\n                            <p>En ny unders\u00f8gelse viser, at is\u00e6r unge danskere lader kunstig intelligens styre alt fra udflugter til pakkelister, n\u00e5r ferien planl\u00e6gges.<\/p>\n                            <a href=\"https:\/\/www.netavisen.dk\/da-dk\/nyheder\/kunstig-intelligens\/ai-bliver-feriens-nye-rejsepartner-en-tredjedel-af-danskerne-bruger-det-allerede\/1360\/\" class=\"jeg_readmore\">Read more<span class=\"screen-reader-text\">Details<\/span><\/a>\n                        <\/div>\n                    <\/div>\n                <\/article><article class=\"jeg_post jeg_pl_lg_2 format-standard\">\n                    <div class=\"jeg_thumb\">\n                        \n                        <a href=\"https:\/\/www.netavisen.dk\/da-dk\/nyheder\/kunstig-intelligens\/europaeisk-ai-loesning-danmark-og-eu-kan-hoeste-milliardgevinster\/1346\/\" aria-label=\"Read article: Europ\u00e6isk AI-l\u00f8sning: Danmark og EU kan h\u00f8ste milliardgevinster\"><div class=\"thumbnail-container  size-715 \"><img decoding=\"async\" width=\"350\" height=\"250\" src=\"https:\/\/www.netavisen.dk\/da-dk\/nyheder\/wp-content\/uploads\/2025\/12\/gefion-ai-supercomputer_01-350x250.jpg\" class=\"attachment-jnews-350x250 size-jnews-350x250 wp-post-image\" alt=\"Danmarks AI-supercomputer, der har f\u00e5et navnet \u201cGefion\u201d er bygget med NVIDIA SuperPOD-teknologi. (Foto: Novo Nordisk Fonden)\" srcset=\"https:\/\/www.netavisen.dk\/da-dk\/nyheder\/wp-content\/uploads\/2025\/12\/gefion-ai-supercomputer_01-350x250.jpg 350w, https:\/\/www.netavisen.dk\/da-dk\/nyheder\/wp-content\/uploads\/2025\/12\/gefion-ai-supercomputer_01-120x86.jpg 120w, https:\/\/www.netavisen.dk\/da-dk\/nyheder\/wp-content\/uploads\/2025\/12\/gefion-ai-supercomputer_01-750x536.jpg 750w\" sizes=\"(max-width: 350px) 100vw, 350px\" \/><\/div><\/a>\n                        <div class=\"jeg_post_category\">\n                            <span><a href=\"https:\/\/www.netavisen.dk\/da-dk\/nyheder\/kunstig-intelligens\/\" class=\"category-kunstig-intelligens\">Kunstig Intelligens<\/a><\/span>\n                        <\/div>\n                    <\/div>\n                    <div class=\"jeg_postblock_content\">\n                        <h3 class=\"jeg_post_title\">\n                            <a href=\"https:\/\/www.netavisen.dk\/da-dk\/nyheder\/kunstig-intelligens\/europaeisk-ai-loesning-danmark-og-eu-kan-hoeste-milliardgevinster\/1346\/\">Europ\u00e6isk AI-l\u00f8sning: Danmark og EU kan h\u00f8ste milliardgevinster<\/a>\n                        <\/h3>\n                        \n                        <div class=\"jeg_post_excerpt\">\n                            <p>If\u00f8lge beregninger kan den danske offentlige sektor \u00f8ge produktiviteten med op til 55 mia. kr. om \u00e5ret i 2040 gennem brugen af AI.<\/p>\n                            <a href=\"https:\/\/www.netavisen.dk\/da-dk\/nyheder\/kunstig-intelligens\/europaeisk-ai-loesning-danmark-og-eu-kan-hoeste-milliardgevinster\/1346\/\" class=\"jeg_readmore\">Read more<span class=\"screen-reader-text\">Details<\/span><\/a>\n                        <\/div>\n                    <\/div>\n                <\/article><\/div>\n                    <div class='module-overlay'>\n\t\t\t\t    <div class='preloader_type preloader_dot'>\n\t\t\t\t        <div class=\"module-preloader jeg_preloader dot\">\n\t\t\t\t            <span><\/span><span><\/span><span><\/span>\n\t\t\t\t        <\/div>\n\t\t\t\t        <div class=\"module-preloader jeg_preloader circle\">\n\t\t\t\t            <div class=\"jnews_preloader_circle_outer\">\n\t\t\t\t                <div class=\"jnews_preloader_circle_inner\"><\/div>\n\t\t\t\t            <\/div>\n\t\t\t\t        <\/div>\n\t\t\t\t        <div class=\"module-preloader jeg_preloader square\">\n\t\t\t\t            <div class=\"jeg_square\">\n\t\t\t\t                <div class=\"jeg_square_inner\"><\/div>\n\t\t\t\t            <\/div>\n\t\t\t\t        <\/div>\n\t\t\t\t    <\/div>\n\t\t\t\t<\/div>\n                <\/div>\n                <div class=\"jeg_block_navigation\">\n                    <div class='navigation_overlay'><div class='module-preloader jeg_preloader'><span><\/span><span><\/span><span><\/span><\/div><\/div>\n                    \n                    \n                <\/div>\n\t\t\t\t\t\n\t\t\t\t\t<script>var jnews_module__8_69f2587c1f49a = {\"header_icon\":\"\",\"first_title\":\"\",\"second_title\":\"\",\"url\":\"\",\"header_type\":\"heading_6\",\"header_background\":\"\",\"header_secondary_background\":\"\",\"header_text_color\":\"\",\"header_line_color\":\"\",\"header_accent_color\":\"\",\"header_filter_category\":\"\",\"header_filter_author\":\"\",\"header_filter_tag\":\"\",\"header_filter_text\":\"All\",\"sticky_post\":\"\",\"sticky_post_filter\":false,\"post_type\":\"post\",\"content_type\":\"all\",\"sponsor\":\"\",\"number_post\":\"6\",\"post_offset\":\"0\",\"unique_content\":\"unique1\",\"include_post\":\"\",\"included_only\":\"\",\"exclude_post\":\"2630,2625,2618,2609,2599,2565,2554,2543,2536,2527,2515,2505,2495,2483\",\"include_category\":\"\",\"exclude_category\":\"167,385,384\",\"include_author\":\"\",\"include_tag\":\"\",\"exclude_tag\":\"\",\"exclude_visited_post\":false,\"sort_by\":\"latest\",\"date_format\":\"default\",\"date_format_custom\":\"Y\\\/m\\\/d\",\"excerpt_length\":\"60\",\"excerpt_ellipsis\":\"...\",\"force_normal_image_load\":\"\",\"main_custom_image_size\":\"default\",\"pagination_mode\":\"disable\",\"pagination_nextprev_showtext\":\"\",\"pagination_number_post\":4,\"pagination_scroll_limit\":0,\"ads_type\":\"disable\",\"ads_position\":1,\"ads_random\":\"\",\"ads_image\":\"\",\"ads_image_tablet\":\"\",\"ads_image_phone\":\"\",\"ads_image_link\":\"\",\"ads_image_alt\":\"\",\"ads_image_new_tab\":\"\",\"google_publisher_id\":\"\",\"google_slot_id\":\"\",\"google_desktop\":\"auto\",\"google_tab\":\"auto\",\"google_phone\":\"auto\",\"content\":\"\",\"ads_bottom_text\":\"\",\"boxed\":\"\",\"boxed_shadow\":\"\",\"el_id\":\"\",\"el_class\":\"\",\"scheme\":\"\",\"column_width\":\"auto\",\"title_color\":\"\",\"accent_color\":\"\",\"alt_color\":\"\",\"excerpt_color\":\"\",\"css\":\"\",\"compatible_column_notice\":\"\",\"paged\":1,\"column_class\":\"jeg_col_3o3\",\"class\":\"jnews_block_5\"};<\/script>\n\t\t\t\t<\/div><div  class=\"jeg_heroblock jeg_heroblock_13 jeg_col_3o3 jeg_hero_style_6 jnews_module__9_69f2587c2161b  \" data-margin=\"0\" >\n                <div class=\"jeg_hero_wrapper\"><div class=\"jeg_heroblock_wrapper\" style='margin: 0px 0px -0px -0px;'>\n\t                <article class=\"jeg_post jeg_hero_item_1 format-standard\" style=\"padding: 0 0 0px 0px;\">\n                        <div class=\"jeg_block_container\">\n                            \n                            <span class=\"jeg_postformat_icon\"><\/span>\n                            <div class=\"jeg_thumb\">\n                                <a href=\"https:\/\/www.netavisen.dk\/da-dk\/nyheder\/internet\/nummeroplysningstjenesten-118-ophoerer-den-1-januar-2026\/1334\/\"  aria-label=\"Read article: Nummeroplysningstjenesten 118 oph\u00f8rer den 1. januar 2026\"><div class=\"thumbnail-container thumbnail-background\" data-src=\"https:\/\/www.netavisen.dk\/da-dk\/nyheder\/wp-content\/uploads\/2025\/12\/118-dk-lukker-1140x760.jpg\" >\n                        <div class=\"lazyloaded\" data-src=\"https:\/\/www.netavisen.dk\/da-dk\/nyheder\/wp-content\/uploads\/2025\/12\/118-dk-lukker-1140x760.jpg\" style=\"background-image: url(https:\/\/www.netavisen.dk\/da-dk\/nyheder\/wp-content\/uploads\/2025\/12\/118-dk-lukker-1140x760.jpg)\"><img decoding=\"async\" class=\"thumbnail-prioritize\" src=\"https:\/\/www.netavisen.dk\/da-dk\/nyheder\/wp-content\/uploads\/2025\/12\/118-dk-lukker-1140x760.jpg\" style=\"display: none\" ><\/div>\n                    <\/div><\/a>\n                            <\/div>\n                            <div class=\"jeg_postblock_content\">\n                                <div class=\"jeg_post_category\"><a href=\"https:\/\/www.netavisen.dk\/da-dk\/nyheder\/internet\/\" class=\"category-internet\">Internet<\/a><\/div>\n                                <div class=\"jeg_post_info\">\n                                    <h2 class=\"jeg_post_title\">\n                                        <a href=\"https:\/\/www.netavisen.dk\/da-dk\/nyheder\/internet\/nummeroplysningstjenesten-118-ophoerer-den-1-januar-2026\/1334\/\"  aria-label=\"Read article: Nummeroplysningstjenesten 118 oph\u00f8rer den 1. januar 2026\">Nummeroplysningstjenesten 118 oph\u00f8rer den 1. januar 2026<\/a>\n                                    <\/h2>\n                                    \n                                <\/div>\n                            <\/div>\n                        <\/div>\n                    <\/article>\n\t            <\/div><\/div>\n            <\/div>\n            <style scoped>@media only screen and (min-width: 1025px) { .jeg_heroblock.jnews_module__9_69f2587c2161b .jeg_heroblock_wrapper{ height: 600px; } }@media only screen and (max-width: 1024px) and (min-width: 769px) { .jeg_heroblock.jnews_module__9_69f2587c2161b .jeg_heroblock_wrapper{ height: 600px; } }@media only screen and (max-width: 768px) and (min-width: 668px) { .jeg_heroblock.jnews_module__9_69f2587c2161b .jeg_heroblock_wrapper{ height: 600px; } }@media only screen and (max-width: 667px) and (min-width: 569px) { .jeg_heroblock.jnews_module__9_69f2587c2161b .jeg_heroblock_wrapper{ height: 480px; } }@media only screen and (max-width: 568px) and (min-width: 481px) { .jeg_heroblock.jnews_module__9_69f2587c2161b .jeg_heroblock_wrapper{ height: 420px; } }@media only screen and (max-width: 480px) { .jeg_heroblock.jnews_module__9_69f2587c2161b .jeg_heroblock_wrapper{ height: 360px; } }<\/style><div  class=\"jeg_heroblock jeg_heroblock_13 jeg_col_3o3 jeg_hero_style_6 jnews_module__10_69f2587c21f14  \" data-margin=\"0\" >\n                <div class=\"jeg_hero_wrapper\"><div class=\"jeg_heroblock_wrapper\" style='margin: 0px 0px -0px -0px;'>\n\t                <article class=\"jeg_post jeg_hero_item_1 format-standard\" style=\"padding: 0 0 0px 0px;\">\n                        <div class=\"jeg_block_container\">\n                            \n                            <span class=\"jeg_postformat_icon\"><\/span>\n                            <div class=\"jeg_thumb\">\n                                <a href=\"https:\/\/www.netavisen.dk\/da-dk\/nyheder\/kunstig-intelligens\/88-procent-af-ai-projekter-mislykkes-saadan-bliver-de-naeste-en-succes\/1322\/\"  aria-label=\"Read article: 88 procent af AI-projekter mislykkes, s\u00e5dan bliver de n\u00e6ste en succes\"><div class=\"thumbnail-container thumbnail-background\" data-src=\"https:\/\/www.netavisen.dk\/da-dk\/nyheder\/wp-content\/uploads\/2025\/11\/ai-kunstig-intelligens_01_sujin-s-1140x760.jpg\" >\n                        <div class=\"lazyloaded\" data-src=\"https:\/\/www.netavisen.dk\/da-dk\/nyheder\/wp-content\/uploads\/2025\/11\/ai-kunstig-intelligens_01_sujin-s-1140x760.jpg\" style=\"background-image: url(https:\/\/www.netavisen.dk\/da-dk\/nyheder\/wp-content\/uploads\/2025\/11\/ai-kunstig-intelligens_01_sujin-s-1140x760.jpg)\"><img decoding=\"async\" class=\"thumbnail-prioritize\" src=\"https:\/\/www.netavisen.dk\/da-dk\/nyheder\/wp-content\/uploads\/2025\/11\/ai-kunstig-intelligens_01_sujin-s-1140x760.jpg\" style=\"display: none\" ><\/div>\n                    <\/div><\/a>\n                            <\/div>\n                            <div class=\"jeg_postblock_content\">\n                                <div class=\"jeg_post_category\"><a href=\"https:\/\/www.netavisen.dk\/da-dk\/nyheder\/kunstig-intelligens\/\" class=\"category-kunstig-intelligens\">Kunstig Intelligens<\/a><\/div>\n                                <div class=\"jeg_post_info\">\n                                    <h2 class=\"jeg_post_title\">\n                                        <a href=\"https:\/\/www.netavisen.dk\/da-dk\/nyheder\/kunstig-intelligens\/88-procent-af-ai-projekter-mislykkes-saadan-bliver-de-naeste-en-succes\/1322\/\"  aria-label=\"Read article: 88 procent af AI-projekter mislykkes, s\u00e5dan bliver de n\u00e6ste en succes\">88 procent af AI-projekter mislykkes, s\u00e5dan bliver de n\u00e6ste en succes<\/a>\n                                    <\/h2>\n                                    \n                                <\/div>\n                            <\/div>\n                        <\/div>\n                    <\/article>\n\t            <\/div><\/div>\n            <\/div>\n            <style scoped>@media only screen and (min-width: 1025px) { .jeg_heroblock.jnews_module__10_69f2587c21f14 .jeg_heroblock_wrapper{ height: 600px; } }@media only screen and (max-width: 1024px) and (min-width: 769px) { .jeg_heroblock.jnews_module__10_69f2587c21f14 .jeg_heroblock_wrapper{ height: 600px; } }@media only screen and (max-width: 768px) and (min-width: 668px) { .jeg_heroblock.jnews_module__10_69f2587c21f14 .jeg_heroblock_wrapper{ height: 600px; } }@media only screen and (max-width: 667px) and (min-width: 569px) { .jeg_heroblock.jnews_module__10_69f2587c21f14 .jeg_heroblock_wrapper{ height: 480px; } }@media only screen and (max-width: 568px) and (min-width: 481px) { .jeg_heroblock.jnews_module__10_69f2587c21f14 .jeg_heroblock_wrapper{ height: 420px; } }@media only screen and (max-width: 480px) { .jeg_heroblock.jnews_module__10_69f2587c21f14 .jeg_heroblock_wrapper{ height: 360px; } }<\/style><div  class=\"jeg_postblock_11 jeg_postblock jeg_module_hook jeg_pagination_disable jeg_col_3o3 jnews_module__11_69f2587c22987   \" data-unique=\"jnews_module__11_69f2587c22987\">\n\t\t\t\t\t\n\t\t\t\t\t<div class=\"jeg_block_container\">\n                    \n                    <div class=\"jeg_posts_wrap\"><div class=\"jeg_posts jeg_load_more_flag\"><article class=\"jeg_post jeg_pl_md_card format-standard\">\n                    <div class=\"jeg_inner_post\">\n                        <div class=\"jeg_thumb\">\n                            \n                            <a href=\"https:\/\/www.netavisen.dk\/da-dk\/nyheder\/apps\/altid-ny-identifikationsapp-til-digitale-beviser-og-id\/1314\/\" aria-label=\"Read article: AltID: Ny identifikationsapp til digitale beviser og ID\"><div class=\"thumbnail-container  size-715 \"><img decoding=\"async\" width=\"350\" height=\"250\" src=\"https:\/\/www.netavisen.dk\/da-dk\/nyheder\/wp-content\/uploads\/2024\/03\/iphone-apps-350x250.jpg\" class=\"attachment-jnews-350x250 size-jnews-350x250 wp-post-image\" alt=\"Foto: Marius Berthelsen \/ Pixabay\" srcset=\"https:\/\/www.netavisen.dk\/da-dk\/nyheder\/wp-content\/uploads\/2024\/03\/iphone-apps-350x250.jpg 350w, https:\/\/www.netavisen.dk\/da-dk\/nyheder\/wp-content\/uploads\/2024\/03\/iphone-apps-120x86.jpg 120w, https:\/\/www.netavisen.dk\/da-dk\/nyheder\/wp-content\/uploads\/2024\/03\/iphone-apps-750x536.jpg 750w, https:\/\/www.netavisen.dk\/da-dk\/nyheder\/wp-content\/uploads\/2024\/03\/iphone-apps-1140x815.jpg 1140w\" sizes=\"(max-width: 350px) 100vw, 350px\" \/><\/div><\/a>\n                        <\/div>\n                        <div class=\"jeg_postblock_content\">\n                            <div class=\"jeg_post_category\">\n                                <span>\n                                    <a href=\"https:\/\/www.netavisen.dk\/da-dk\/nyheder\/apps\/\">Apps<\/a>\n                                <\/span>\n                            <\/div>\n                            <h3 class=\"jeg_post_title\">\n                                <a href=\"https:\/\/www.netavisen.dk\/da-dk\/nyheder\/apps\/altid-ny-identifikationsapp-til-digitale-beviser-og-id\/1314\/\">AltID: Ny identifikationsapp til digitale beviser og ID<\/a>\n                            <\/h3>\n                            \n                        <\/div>\n                    <\/div>\n                <\/article><article class=\"jeg_post jeg_pl_md_card format-standard\">\n                    <div class=\"jeg_inner_post\">\n                        <div class=\"jeg_thumb\">\n                            \n                            <a href=\"https:\/\/www.netavisen.dk\/da-dk\/nyheder\/sundhed\/onlinelaegen-hitter-i-ferierne\/1307\/\" aria-label=\"Read article: Onlinel\u00e6gen hitter i ferierne\"><div class=\"thumbnail-container  size-715 \"><img decoding=\"async\" width=\"350\" height=\"250\" src=\"https:\/\/www.netavisen.dk\/da-dk\/nyheder\/wp-content\/uploads\/2025\/11\/lage-mobiltelefon-350x250.jpg\" class=\"attachment-jnews-350x250 size-jnews-350x250 wp-post-image\" alt=\"Foto: National Cancer Institute \/ Unsplash\" srcset=\"https:\/\/www.netavisen.dk\/da-dk\/nyheder\/wp-content\/uploads\/2025\/11\/lage-mobiltelefon-350x250.jpg 350w, https:\/\/www.netavisen.dk\/da-dk\/nyheder\/wp-content\/uploads\/2025\/11\/lage-mobiltelefon-120x86.jpg 120w, https:\/\/www.netavisen.dk\/da-dk\/nyheder\/wp-content\/uploads\/2025\/11\/lage-mobiltelefon-750x536.jpg 750w\" sizes=\"(max-width: 350px) 100vw, 350px\" \/><\/div><\/a>\n                        <\/div>\n                        <div class=\"jeg_postblock_content\">\n                            <div class=\"jeg_post_category\">\n                                <span>\n                                    <a href=\"https:\/\/www.netavisen.dk\/da-dk\/nyheder\/sundhed\/\">Sundhed<\/a>\n                                <\/span>\n                            <\/div>\n                            <h3 class=\"jeg_post_title\">\n                                <a href=\"https:\/\/www.netavisen.dk\/da-dk\/nyheder\/sundhed\/onlinelaegen-hitter-i-ferierne\/1307\/\">Onlinel\u00e6gen hitter i ferierne<\/a>\n                            <\/h3>\n                            \n                        <\/div>\n                    <\/div>\n                <\/article><article class=\"jeg_post jeg_pl_md_card format-standard\">\n                    <div class=\"jeg_inner_post\">\n                        <div class=\"jeg_thumb\">\n                            \n                            <a href=\"https:\/\/www.netavisen.dk\/da-dk\/nyheder\/sikkerhed\/danske-husstande-bombarderes-med-cyberangreb\/1258\/\" aria-label=\"Read article: Danske husstande bombarderes med cyberangreb\"><div class=\"thumbnail-container  size-715 \"><img decoding=\"async\" width=\"350\" height=\"250\" src=\"https:\/\/www.netavisen.dk\/da-dk\/nyheder\/wp-content\/uploads\/2025\/07\/router-yousee-350x250.jpg\" class=\"attachment-jnews-350x250 size-jnews-350x250 wp-post-image\" alt=\"YouSee Router (Foto: YouSee \/ PR)\" srcset=\"https:\/\/www.netavisen.dk\/da-dk\/nyheder\/wp-content\/uploads\/2025\/07\/router-yousee-350x250.jpg 350w, https:\/\/www.netavisen.dk\/da-dk\/nyheder\/wp-content\/uploads\/2025\/07\/router-yousee-120x86.jpg 120w, https:\/\/www.netavisen.dk\/da-dk\/nyheder\/wp-content\/uploads\/2025\/07\/router-yousee-750x536.jpg 750w\" sizes=\"(max-width: 350px) 100vw, 350px\" \/><\/div><\/a>\n                        <\/div>\n                        <div class=\"jeg_postblock_content\">\n                            <div class=\"jeg_post_category\">\n                                <span>\n                                    <a href=\"https:\/\/www.netavisen.dk\/da-dk\/nyheder\/sikkerhed\/\">Sikkerhed<\/a>\n                                <\/span>\n                            <\/div>\n                            <h3 class=\"jeg_post_title\">\n                                <a href=\"https:\/\/www.netavisen.dk\/da-dk\/nyheder\/sikkerhed\/danske-husstande-bombarderes-med-cyberangreb\/1258\/\">Danske husstande bombarderes med cyberangreb<\/a>\n                            <\/h3>\n                            \n                        <\/div>\n                    <\/div>\n                <\/article><article class=\"jeg_post jeg_pl_md_card format-standard\">\n                    <div class=\"jeg_inner_post\">\n                        <div class=\"jeg_thumb\">\n                            \n                            <a href=\"https:\/\/www.netavisen.dk\/da-dk\/nyheder\/tv\/markant-stigning-i-ulovligt-pirat-tv-i-danmark\/1244\/\" aria-label=\"Read article: Markant stigning i ulovligt pirat-tv i Danmark\"><div class=\"thumbnail-container  size-715 \"><img decoding=\"async\" width=\"350\" height=\"250\" src=\"https:\/\/www.netavisen.dk\/da-dk\/nyheder\/wp-content\/uploads\/2025\/07\/iptv-vpn-pirat-tv-signaler-ulovligt-indhold-piratservices-350x250.jpg\" class=\"attachment-jnews-350x250 size-jnews-350x250 wp-post-image\" alt=\"(Foto: Petter Lagson \/ Unsplash\" srcset=\"https:\/\/www.netavisen.dk\/da-dk\/nyheder\/wp-content\/uploads\/2025\/07\/iptv-vpn-pirat-tv-signaler-ulovligt-indhold-piratservices-350x250.jpg 350w, https:\/\/www.netavisen.dk\/da-dk\/nyheder\/wp-content\/uploads\/2025\/07\/iptv-vpn-pirat-tv-signaler-ulovligt-indhold-piratservices-120x86.jpg 120w, https:\/\/www.netavisen.dk\/da-dk\/nyheder\/wp-content\/uploads\/2025\/07\/iptv-vpn-pirat-tv-signaler-ulovligt-indhold-piratservices-750x536.jpg 750w\" sizes=\"(max-width: 350px) 100vw, 350px\" \/><\/div><\/a>\n                        <\/div>\n                        <div class=\"jeg_postblock_content\">\n                            <div class=\"jeg_post_category\">\n                                <span>\n                                    <a href=\"https:\/\/www.netavisen.dk\/da-dk\/nyheder\/tv\/\">TV<\/a>\n                                <\/span>\n                            <\/div>\n                            <h3 class=\"jeg_post_title\">\n                                <a href=\"https:\/\/www.netavisen.dk\/da-dk\/nyheder\/tv\/markant-stigning-i-ulovligt-pirat-tv-i-danmark\/1244\/\">Markant stigning i ulovligt pirat-tv i Danmark<\/a>\n                            <\/h3>\n                            \n                        <\/div>\n                    <\/div>\n                <\/article><article class=\"jeg_post jeg_pl_md_card format-standard\">\n                    <div class=\"jeg_inner_post\">\n                        <div class=\"jeg_thumb\">\n                            \n                            <a href=\"https:\/\/www.netavisen.dk\/da-dk\/nyheder\/danmark\/navnekonkurrence-hvad-skal-appen-til-digitale-beviser-hedde\/1232\/\" aria-label=\"Read article: Navnekonkurrence: Hvad skal app&#8217;en til digitale beviser hedde?\"><div class=\"thumbnail-container  size-715 \"><img decoding=\"async\" width=\"350\" height=\"250\" src=\"https:\/\/www.netavisen.dk\/da-dk\/nyheder\/wp-content\/uploads\/2024\/03\/iphone-apps-350x250.jpg\" class=\"attachment-jnews-350x250 size-jnews-350x250 wp-post-image\" alt=\"Foto: Marius Berthelsen \/ Pixabay\" srcset=\"https:\/\/www.netavisen.dk\/da-dk\/nyheder\/wp-content\/uploads\/2024\/03\/iphone-apps-350x250.jpg 350w, https:\/\/www.netavisen.dk\/da-dk\/nyheder\/wp-content\/uploads\/2024\/03\/iphone-apps-120x86.jpg 120w, https:\/\/www.netavisen.dk\/da-dk\/nyheder\/wp-content\/uploads\/2024\/03\/iphone-apps-750x536.jpg 750w, https:\/\/www.netavisen.dk\/da-dk\/nyheder\/wp-content\/uploads\/2024\/03\/iphone-apps-1140x815.jpg 1140w\" sizes=\"(max-width: 350px) 100vw, 350px\" \/><\/div><\/a>\n                        <\/div>\n                        <div class=\"jeg_postblock_content\">\n                            <div class=\"jeg_post_category\">\n                                <span>\n                                    <a href=\"https:\/\/www.netavisen.dk\/da-dk\/nyheder\/danmark\/\">Danmark<\/a>\n                                <\/span>\n                            <\/div>\n                            <h3 class=\"jeg_post_title\">\n                                <a href=\"https:\/\/www.netavisen.dk\/da-dk\/nyheder\/danmark\/navnekonkurrence-hvad-skal-appen-til-digitale-beviser-hedde\/1232\/\">Navnekonkurrence: Hvad skal app&#8217;en til digitale beviser hedde?<\/a>\n                            <\/h3>\n                            \n                        <\/div>\n                    <\/div>\n                <\/article><article class=\"jeg_post jeg_pl_md_card format-standard\">\n                    <div class=\"jeg_inner_post\">\n                        <div class=\"jeg_thumb\">\n                            \n                            <a href=\"https:\/\/www.netavisen.dk\/da-dk\/nyheder\/sociale-medier\/ny-undersoegelse-danskerne-er-afhaengige-af-sociale-medier\/1219\/\" aria-label=\"Read article: Ny unders\u00f8gelse: Danskerne er afh\u00e6ngige af sociale medier\"><div class=\"thumbnail-container  size-715 \"><img decoding=\"async\" width=\"350\" height=\"250\" src=\"https:\/\/www.netavisen.dk\/da-dk\/nyheder\/wp-content\/uploads\/2025\/06\/sociale-medier-mobiltelefon_01-350x250.jpg\" class=\"attachment-jnews-350x250 size-jnews-350x250 wp-post-image\" alt=\"(Foto: \u00c1rp\u00e1d Czapp \/ Unsplash)\" srcset=\"https:\/\/www.netavisen.dk\/da-dk\/nyheder\/wp-content\/uploads\/2025\/06\/sociale-medier-mobiltelefon_01-350x250.jpg 350w, https:\/\/www.netavisen.dk\/da-dk\/nyheder\/wp-content\/uploads\/2025\/06\/sociale-medier-mobiltelefon_01-120x86.jpg 120w, https:\/\/www.netavisen.dk\/da-dk\/nyheder\/wp-content\/uploads\/2025\/06\/sociale-medier-mobiltelefon_01-750x536.jpg 750w\" sizes=\"(max-width: 350px) 100vw, 350px\" \/><\/div><\/a>\n                        <\/div>\n                        <div class=\"jeg_postblock_content\">\n                            <div class=\"jeg_post_category\">\n                                <span>\n                                    <a href=\"https:\/\/www.netavisen.dk\/da-dk\/nyheder\/sociale-medier\/\">Sociale medier<\/a>\n                                <\/span>\n                            <\/div>\n                            <h3 class=\"jeg_post_title\">\n                                <a href=\"https:\/\/www.netavisen.dk\/da-dk\/nyheder\/sociale-medier\/ny-undersoegelse-danskerne-er-afhaengige-af-sociale-medier\/1219\/\">Ny unders\u00f8gelse: Danskerne er afh\u00e6ngige af sociale medier<\/a>\n                            <\/h3>\n                            \n                        <\/div>\n                    <\/div>\n                <\/article><\/div><\/div>\n                    <div class='module-overlay'>\n\t\t\t\t    <div class='preloader_type preloader_dot'>\n\t\t\t\t        <div class=\"module-preloader jeg_preloader dot\">\n\t\t\t\t            <span><\/span><span><\/span><span><\/span>\n\t\t\t\t        <\/div>\n\t\t\t\t        <div class=\"module-preloader jeg_preloader circle\">\n\t\t\t\t            <div class=\"jnews_preloader_circle_outer\">\n\t\t\t\t                <div class=\"jnews_preloader_circle_inner\"><\/div>\n\t\t\t\t            <\/div>\n\t\t\t\t        <\/div>\n\t\t\t\t        <div class=\"module-preloader jeg_preloader square\">\n\t\t\t\t            <div class=\"jeg_square\">\n\t\t\t\t                <div class=\"jeg_square_inner\"><\/div>\n\t\t\t\t            <\/div>\n\t\t\t\t        <\/div>\n\t\t\t\t    <\/div>\n\t\t\t\t<\/div>\n                <\/div>\n                <div class=\"jeg_block_navigation\">\n                    <div class='navigation_overlay'><div class='module-preloader jeg_preloader'><span><\/span><span><\/span><span><\/span><\/div><\/div>\n                    \n                    \n                <\/div>\n\t\t\t\t\t\n\t\t\t\t\t<script>var jnews_module__11_69f2587c22987 = {\"header_icon\":\"\",\"first_title\":\"\",\"second_title\":\"\",\"url\":\"\",\"header_type\":\"heading_6\",\"header_background\":\"\",\"header_secondary_background\":\"\",\"header_text_color\":\"\",\"header_line_color\":\"\",\"header_accent_color\":\"\",\"header_filter_category\":\"\",\"header_filter_author\":\"\",\"header_filter_tag\":\"\",\"header_filter_text\":\"All\",\"sticky_post\":\"\",\"sticky_post_filter\":false,\"post_type\":\"post\",\"content_type\":\"all\",\"sponsor\":\"\",\"number_post\":\"6\",\"post_offset\":\"0\",\"unique_content\":\"unique1\",\"include_post\":\"\",\"included_only\":\"\",\"exclude_post\":\"2630,2625,2618,2609,2599,2565,2554,2543,2536,2527,2515,2505,2495,2483,2458,2422,1380,1367,1360,1346,1334,1322\",\"include_category\":\"\",\"exclude_category\":\"167,385,384\",\"include_author\":\"\",\"include_tag\":\"\",\"exclude_tag\":\"\",\"exclude_visited_post\":false,\"sort_by\":\"latest\",\"date_format\":\"default\",\"date_format_custom\":\"Y\\\/m\\\/d\",\"force_normal_image_load\":\"\",\"main_custom_image_size\":\"default\",\"pagination_mode\":\"disable\",\"pagination_nextprev_showtext\":\"\",\"pagination_number_post\":4,\"pagination_scroll_limit\":0,\"el_id\":\"\",\"el_class\":\"\",\"scheme\":\"\",\"column_width\":\"auto\",\"title_color\":\"\",\"accent_color\":\"\",\"alt_color\":\"\",\"excerpt_color\":\"\",\"block_background\":\"\",\"css\":\"\",\"compatible_column_notice\":\"\",\"paged\":1,\"column_class\":\"jeg_col_3o3\",\"class\":\"jnews_block_11\"};<\/script>\n\t\t\t\t<\/div><div  class=\"jeg_heroblock jeg_heroblock_13 jeg_col_3o3 jeg_hero_style_6 jnews_module__12_69f2587c24b02  \" data-margin=\"0\" >\n                <div class=\"jeg_hero_wrapper\"><div class=\"jeg_heroblock_wrapper\" style='margin: 0px 0px -0px -0px;'>\n\t                <article class=\"jeg_post jeg_hero_item_1 format-standard\" style=\"padding: 0 0 0px 0px;\">\n                        <div class=\"jeg_block_container\">\n                            \n                            <span class=\"jeg_postformat_icon\"><\/span>\n                            <div class=\"jeg_thumb\">\n                                <a href=\"https:\/\/www.netavisen.dk\/da-dk\/nyheder\/oekonomi\/danskerne-tjekker-pensionsalder-som-aldrig-foer\/1191\/\"  aria-label=\"Read article: Danskerne tjekker pensionsalder som aldrig f\u00f8r\"><div class=\"thumbnail-container thumbnail-background\" data-src=\"https:\/\/www.netavisen.dk\/da-dk\/nyheder\/wp-content\/uploads\/2025\/06\/pension-aeldre.jpg\" >\n                        <div class=\"lazyloaded\" data-src=\"https:\/\/www.netavisen.dk\/da-dk\/nyheder\/wp-content\/uploads\/2025\/06\/pension-aeldre.jpg\" style=\"background-image: url(https:\/\/www.netavisen.dk\/da-dk\/nyheder\/wp-content\/uploads\/2025\/06\/pension-aeldre.jpg)\"><img decoding=\"async\" class=\"thumbnail-prioritize\" src=\"https:\/\/www.netavisen.dk\/da-dk\/nyheder\/wp-content\/uploads\/2025\/06\/pension-aeldre.jpg\" style=\"display: none\" ><\/div>\n                    <\/div><\/a>\n                            <\/div>\n                            <div class=\"jeg_postblock_content\">\n                                <div class=\"jeg_post_category\"><a href=\"https:\/\/www.netavisen.dk\/da-dk\/nyheder\/oekonomi\/\" class=\"category-oekonomi\">\u00d8konomi<\/a><\/div>\n                                <div class=\"jeg_post_info\">\n                                    <h2 class=\"jeg_post_title\">\n                                        <a href=\"https:\/\/www.netavisen.dk\/da-dk\/nyheder\/oekonomi\/danskerne-tjekker-pensionsalder-som-aldrig-foer\/1191\/\"  aria-label=\"Read article: Danskerne tjekker pensionsalder som aldrig f\u00f8r\">Danskerne tjekker pensionsalder som aldrig f\u00f8r<\/a>\n                                    <\/h2>\n                                    \n                                <\/div>\n                            <\/div>\n                        <\/div>\n                    <\/article>\n\t            <\/div><\/div>\n            <\/div>\n            <style scoped>@media only screen and (min-width: 1025px) { .jeg_heroblock.jnews_module__12_69f2587c24b02 .jeg_heroblock_wrapper{ height: 600px; } }@media only screen and (max-width: 1024px) and (min-width: 769px) { .jeg_heroblock.jnews_module__12_69f2587c24b02 .jeg_heroblock_wrapper{ height: 600px; } }@media only screen and (max-width: 768px) and (min-width: 668px) { .jeg_heroblock.jnews_module__12_69f2587c24b02 .jeg_heroblock_wrapper{ height: 600px; } }@media only screen and (max-width: 667px) and (min-width: 569px) { .jeg_heroblock.jnews_module__12_69f2587c24b02 .jeg_heroblock_wrapper{ height: 480px; } }@media only screen and (max-width: 568px) and (min-width: 481px) { .jeg_heroblock.jnews_module__12_69f2587c24b02 .jeg_heroblock_wrapper{ height: 420px; } }@media only screen and (max-width: 480px) { .jeg_heroblock.jnews_module__12_69f2587c24b02 .jeg_heroblock_wrapper{ height: 360px; } }<\/style><div  class=\"jeg_heroblock jeg_heroblock_13 jeg_col_3o3 jeg_hero_style_6 jnews_module__13_69f2587c25616  \" data-margin=\"0\" >\n                <div class=\"jeg_hero_wrapper\"><div class=\"jeg_heroblock_wrapper\" style='margin: 0px 0px -0px -0px;'>\n\t                <article class=\"jeg_post jeg_hero_item_1 format-standard\" style=\"padding: 0 0 0px 0px;\">\n                        <div class=\"jeg_block_container\">\n                            \n                            <span class=\"jeg_postformat_icon\"><\/span>\n                            <div class=\"jeg_thumb\">\n                                <a href=\"https:\/\/www.netavisen.dk\/da-dk\/nyheder\/sikkerhed\/tre-ud-af-fire-har-vaeret-udsat-for-forsoeg-paa-digital-svindel\/1182\/\"  aria-label=\"Read article: Tre ud af fire har v\u00e6ret udsat for fors\u00f8g p\u00e5 digital svindel\"><div class=\"thumbnail-container thumbnail-background\" data-src=\"https:\/\/www.netavisen.dk\/da-dk\/nyheder\/wp-content\/uploads\/2025\/06\/digital-svindel.jpg\" >\n                        <div class=\"lazyloaded\" data-src=\"https:\/\/www.netavisen.dk\/da-dk\/nyheder\/wp-content\/uploads\/2025\/06\/digital-svindel.jpg\" style=\"background-image: url(https:\/\/www.netavisen.dk\/da-dk\/nyheder\/wp-content\/uploads\/2025\/06\/digital-svindel.jpg)\"><img decoding=\"async\" class=\"thumbnail-prioritize\" src=\"https:\/\/www.netavisen.dk\/da-dk\/nyheder\/wp-content\/uploads\/2025\/06\/digital-svindel.jpg\" style=\"display: none\" ><\/div>\n                    <\/div><\/a>\n                            <\/div>\n                            <div class=\"jeg_postblock_content\">\n                                <div class=\"jeg_post_category\"><a href=\"https:\/\/www.netavisen.dk\/da-dk\/nyheder\/sikkerhed\/\" class=\"category-sikkerhed\">Sikkerhed<\/a><\/div>\n                                <div class=\"jeg_post_info\">\n                                    <h2 class=\"jeg_post_title\">\n                                        <a href=\"https:\/\/www.netavisen.dk\/da-dk\/nyheder\/sikkerhed\/tre-ud-af-fire-har-vaeret-udsat-for-forsoeg-paa-digital-svindel\/1182\/\"  aria-label=\"Read article: Tre ud af fire har v\u00e6ret udsat for fors\u00f8g p\u00e5 digital svindel\">Tre ud af fire har v\u00e6ret udsat for fors\u00f8g p\u00e5 digital svindel<\/a>\n                                    <\/h2>\n                                    \n                                <\/div>\n                            <\/div>\n                        <\/div>\n                    <\/article>\n\t            <\/div><\/div>\n            <\/div>\n            <style scoped>@media only screen and (min-width: 1025px) { .jeg_heroblock.jnews_module__13_69f2587c25616 .jeg_heroblock_wrapper{ height: 600px; } }@media only screen and (max-width: 1024px) and (min-width: 769px) { .jeg_heroblock.jnews_module__13_69f2587c25616 .jeg_heroblock_wrapper{ height: 600px; } }@media only screen and (max-width: 768px) and (min-width: 668px) { .jeg_heroblock.jnews_module__13_69f2587c25616 .jeg_heroblock_wrapper{ height: 600px; } }@media only screen and (max-width: 667px) and (min-width: 569px) { .jeg_heroblock.jnews_module__13_69f2587c25616 .jeg_heroblock_wrapper{ height: 480px; } }@media only screen and (max-width: 568px) and (min-width: 481px) { .jeg_heroblock.jnews_module__13_69f2587c25616 .jeg_heroblock_wrapper{ height: 420px; } }@media only screen and (max-width: 480px) { .jeg_heroblock.jnews_module__13_69f2587c25616 .jeg_heroblock_wrapper{ height: 360px; } }<\/style><div  class=\"jeg_postblock_23 jeg_postblock jeg_module_hook jeg_pagination_disable jeg_col_3o3 jnews_module__14_69f2587c26372   \" data-unique=\"jnews_module__14_69f2587c26372\">\n\t\t\t\t\t\n\t\t\t\t\t<div class=\"jeg_block_container\">\n                    \n                    <div class=\"jeg_posts_wrap\">\n                    <div class=\"jeg_posts jeg_load_more_flag\"> \n                        <article class=\"jeg_post jeg_pl_md_1 format-standard\">\n                    <div class=\"jeg_thumb\">\n                        \n                        <a href=\"https:\/\/www.netavisen.dk\/da-dk\/nyheder\/teknologi\/caisa-det-nationale-center-for-ai-i-samfundet-aabner-i-dag\/1168\/\" aria-label=\"Read article: CAISA: Det Nationale Center for AI i Samfundet \u00e5bner i dag\"><div class=\"thumbnail-container  size-715 \"><img decoding=\"async\" width=\"350\" height=\"233\" src=\"https:\/\/www.netavisen.dk\/da-dk\/nyheder\/wp-content\/uploads\/2025\/05\/caisa-forskere.jpg\" class=\"attachment-jnews-350x250 size-jnews-350x250 wp-post-image\" alt=\"CAISA\u2019s chefforskere er: (\u00f8verst fra venstre) Rebecca Adler-Nissen, Serge Belongie, Roman Jurowetzki, Sune Lehmann, Stine Lomborg, (nederst fra venstre) Thomas B. Moeslund, Morten Axel Pedersen, Helene Friis Ratner, Anna Rogers, Anders S\u00f8gaard.\" srcset=\"https:\/\/www.netavisen.dk\/da-dk\/nyheder\/wp-content\/uploads\/2025\/05\/caisa-forskere.jpg 1200w, https:\/\/www.netavisen.dk\/da-dk\/nyheder\/wp-content\/uploads\/2025\/05\/caisa-forskere-300x200.jpg 300w, https:\/\/www.netavisen.dk\/da-dk\/nyheder\/wp-content\/uploads\/2025\/05\/caisa-forskere-1024x683.jpg 1024w, https:\/\/www.netavisen.dk\/da-dk\/nyheder\/wp-content\/uploads\/2025\/05\/caisa-forskere-768x512.jpg 768w\" sizes=\"(max-width: 350px) 100vw, 350px\" \/><\/div><\/a>\n                        <div class=\"jeg_post_category\">\n                            <span><a href=\"https:\/\/www.netavisen.dk\/da-dk\/nyheder\/teknologi\/\" class=\"category-teknologi\">Teknologi<\/a><\/span>\n                        <\/div>\n                    <\/div>\n                    <div class=\"jeg_postblock_content\">\n                        <h3 class=\"jeg_post_title\">\n                            <a href=\"https:\/\/www.netavisen.dk\/da-dk\/nyheder\/teknologi\/caisa-det-nationale-center-for-ai-i-samfundet-aabner-i-dag\/1168\/\">CAISA: Det Nationale Center for AI i Samfundet \u00e5bner i dag<\/a>\n                        <\/h3>\n                        <div class=\"jeg_post_excerpt\">\n                            <p>Udvikling af kunstig intelligens, som gavner befolkningen, kr\u00e6ver et t\u00e6t samarbejde mellem forskere, beslutningstagere og virksomheder. Netop s\u00e5dan et samarbejde s\u00f8s\u00e6ttes i dag, n\u00e5r snoren klippes til CAISA, Danmarks nye forskningscenter for kunstig intelligens.<\/p>\n                        <\/div>\n                        \n                    <\/div>\n                <\/article><article class=\"jeg_post jeg_pl_md_1 format-standard\">\n                    <div class=\"jeg_thumb\">\n                        \n                        <a href=\"https:\/\/www.netavisen.dk\/da-dk\/nyheder\/apps\/her-er-de-20-mest-populaere-apps-i-danmark\/1140\/\" aria-label=\"Read article: Her er de 20 mest popul\u00e6re apps i Danmark\"><div class=\"thumbnail-container  size-715 \"><img decoding=\"async\" width=\"350\" height=\"233\" src=\"https:\/\/www.netavisen.dk\/da-dk\/nyheder\/wp-content\/uploads\/2025\/04\/mobiltelefon-apps.jpg\" class=\"attachment-jnews-350x250 size-jnews-350x250 wp-post-image\" alt=\"(Foto: Yura Fresh \/ Unsplash)\" srcset=\"https:\/\/www.netavisen.dk\/da-dk\/nyheder\/wp-content\/uploads\/2025\/04\/mobiltelefon-apps.jpg 1200w, https:\/\/www.netavisen.dk\/da-dk\/nyheder\/wp-content\/uploads\/2025\/04\/mobiltelefon-apps-300x200.jpg 300w, https:\/\/www.netavisen.dk\/da-dk\/nyheder\/wp-content\/uploads\/2025\/04\/mobiltelefon-apps-1024x683.jpg 1024w, https:\/\/www.netavisen.dk\/da-dk\/nyheder\/wp-content\/uploads\/2025\/04\/mobiltelefon-apps-768x512.jpg 768w\" sizes=\"(max-width: 350px) 100vw, 350px\" \/><\/div><\/a>\n                        <div class=\"jeg_post_category\">\n                            <span><a href=\"https:\/\/www.netavisen.dk\/da-dk\/nyheder\/apps\/\" class=\"category-apps\">Apps<\/a><\/span>\n                        <\/div>\n                    <\/div>\n                    <div class=\"jeg_postblock_content\">\n                        <h3 class=\"jeg_post_title\">\n                            <a href=\"https:\/\/www.netavisen.dk\/da-dk\/nyheder\/apps\/her-er-de-20-mest-populaere-apps-i-danmark\/1140\/\">Her er de 20 mest popul\u00e6re apps i Danmark<\/a>\n                        <\/h3>\n                        <div class=\"jeg_post_excerpt\">\n                            <p>P\u00e5 listen over de 20 mest popul\u00e6re apps blandt danskere ligger MobilePay helt i top, skarpt efterfulgt af apps som Google Maps, investerings-appen Nordnet og mindfulness-appen Calm.<\/p>\n                        <\/div>\n                        \n                    <\/div>\n                <\/article><article class=\"jeg_post jeg_pl_md_1 format-standard\">\n                    <div class=\"jeg_thumb\">\n                        \n                        <a href=\"https:\/\/www.netavisen.dk\/da-dk\/nyheder\/sikkerhed\/cyberkriminalitet-i-voldsom-vaekst-31-millioner-svindelforsoeg-blokeret\/1134\/\" aria-label=\"Read article: Cyberkriminalitet i voldsom v\u00e6kst: 31 millioner svindelfors\u00f8g blokeret\"><div class=\"thumbnail-container  size-715 \"><img decoding=\"async\" width=\"350\" height=\"233\" src=\"https:\/\/www.netavisen.dk\/da-dk\/nyheder\/wp-content\/uploads\/2025\/04\/hacker-digital-sikkerhed.jpg\" class=\"attachment-jnews-350x250 size-jnews-350x250 wp-post-image\" alt=\"I f\u00f8rste kvartal 2025 stoppede Telenor 31 millioner svindelfors\u00f8g mod danskerne (Foto: Telenor \/ PR)\" srcset=\"https:\/\/www.netavisen.dk\/da-dk\/nyheder\/wp-content\/uploads\/2025\/04\/hacker-digital-sikkerhed.jpg 1200w, https:\/\/www.netavisen.dk\/da-dk\/nyheder\/wp-content\/uploads\/2025\/04\/hacker-digital-sikkerhed-300x200.jpg 300w, https:\/\/www.netavisen.dk\/da-dk\/nyheder\/wp-content\/uploads\/2025\/04\/hacker-digital-sikkerhed-1024x683.jpg 1024w, https:\/\/www.netavisen.dk\/da-dk\/nyheder\/wp-content\/uploads\/2025\/04\/hacker-digital-sikkerhed-768x512.jpg 768w\" sizes=\"(max-width: 350px) 100vw, 350px\" \/><\/div><\/a>\n                        <div class=\"jeg_post_category\">\n                            <span><a href=\"https:\/\/www.netavisen.dk\/da-dk\/nyheder\/sikkerhed\/\" class=\"category-sikkerhed\">Sikkerhed<\/a><\/span>\n                        <\/div>\n                    <\/div>\n                    <div class=\"jeg_postblock_content\">\n                        <h3 class=\"jeg_post_title\">\n                            <a href=\"https:\/\/www.netavisen.dk\/da-dk\/nyheder\/sikkerhed\/cyberkriminalitet-i-voldsom-vaekst-31-millioner-svindelforsoeg-blokeret\/1134\/\">Cyberkriminalitet i voldsom v\u00e6kst: 31 millioner svindelfors\u00f8g blokeret<\/a>\n                        <\/h3>\n                        <div class=\"jeg_post_excerpt\">\n                            <p>Telenor stoppede 31 millioner svindelfors\u00f8g p\u00e5 tre m\u00e5neder.<\/p>\n                        <\/div>\n                        \n                    <\/div>\n                <\/article><article class=\"jeg_post jeg_pl_md_1 format-standard\">\n                    <div class=\"jeg_thumb\">\n                        \n                        <a href=\"https:\/\/www.netavisen.dk\/da-dk\/nyheder\/sikkerhed\/danske-universiteter-attraktive-maal-for-cyberspionage-og-cyberkriminalitet\/1127\/\" aria-label=\"Read article: Danske universiteter attraktive m\u00e5l for cyberspionage og cyberkriminalitet\"><div class=\"thumbnail-container  size-715 \"><img decoding=\"async\" width=\"350\" height=\"233\" src=\"https:\/\/www.netavisen.dk\/da-dk\/nyheder\/wp-content\/uploads\/2025\/04\/cyberkriminalitet.jpg\" class=\"attachment-jnews-350x250 size-jnews-350x250 wp-post-image\" alt=\"Foto: Kevin Horvat \/ Unsplash\" srcset=\"https:\/\/www.netavisen.dk\/da-dk\/nyheder\/wp-content\/uploads\/2025\/04\/cyberkriminalitet.jpg 1200w, https:\/\/www.netavisen.dk\/da-dk\/nyheder\/wp-content\/uploads\/2025\/04\/cyberkriminalitet-300x200.jpg 300w, https:\/\/www.netavisen.dk\/da-dk\/nyheder\/wp-content\/uploads\/2025\/04\/cyberkriminalitet-1024x683.jpg 1024w, https:\/\/www.netavisen.dk\/da-dk\/nyheder\/wp-content\/uploads\/2025\/04\/cyberkriminalitet-768x512.jpg 768w\" sizes=\"(max-width: 350px) 100vw, 350px\" \/><\/div><\/a>\n                        <div class=\"jeg_post_category\">\n                            <span><a href=\"https:\/\/www.netavisen.dk\/da-dk\/nyheder\/sikkerhed\/\" class=\"category-sikkerhed\">Sikkerhed<\/a><\/span>\n                        <\/div>\n                    <\/div>\n                    <div class=\"jeg_postblock_content\">\n                        <h3 class=\"jeg_post_title\">\n                            <a href=\"https:\/\/www.netavisen.dk\/da-dk\/nyheder\/sikkerhed\/danske-universiteter-attraktive-maal-for-cyberspionage-og-cyberkriminalitet\/1127\/\">Danske universiteter attraktive m\u00e5l for cyberspionage og cyberkriminalitet<\/a>\n                        <\/h3>\n                        <div class=\"jeg_post_excerpt\">\n                            <p>Danmark er blandt de f\u00f8rende inden for en r\u00e6kke forskningsomr\u00e5der, og det er med til at g\u00f8re danske universiteter til attraktive m\u00e5l.<\/p>\n                        <\/div>\n                        \n                    <\/div>\n                <\/article><article class=\"jeg_post jeg_pl_md_1 format-standard\">\n                    <div class=\"jeg_thumb\">\n                        \n                        <a href=\"https:\/\/www.netavisen.dk\/da-dk\/nyheder\/undervisning\/onlineundervisningstilbud-i-17-kommuner-gaar-nu-i-gang\/1118\/\" aria-label=\"Read article: Onlineundervisningstilbud i 17 kommuner g\u00e5r nu i gang\"><div class=\"thumbnail-container  size-715 \"><img decoding=\"async\" width=\"350\" height=\"233\" src=\"https:\/\/www.netavisen.dk\/da-dk\/nyheder\/wp-content\/uploads\/2025\/04\/onlineundervisning.jpg\" class=\"attachment-jnews-350x250 size-jnews-350x250 wp-post-image\" alt=\"Foto: Giovanni Gagliardi \/ Unsplash\" srcset=\"https:\/\/www.netavisen.dk\/da-dk\/nyheder\/wp-content\/uploads\/2025\/04\/onlineundervisning.jpg 1200w, https:\/\/www.netavisen.dk\/da-dk\/nyheder\/wp-content\/uploads\/2025\/04\/onlineundervisning-300x200.jpg 300w, https:\/\/www.netavisen.dk\/da-dk\/nyheder\/wp-content\/uploads\/2025\/04\/onlineundervisning-1024x683.jpg 1024w, https:\/\/www.netavisen.dk\/da-dk\/nyheder\/wp-content\/uploads\/2025\/04\/onlineundervisning-768x512.jpg 768w\" sizes=\"(max-width: 350px) 100vw, 350px\" \/><\/div><\/a>\n                        <div class=\"jeg_post_category\">\n                            <span><a href=\"https:\/\/www.netavisen.dk\/da-dk\/nyheder\/undervisning\/\" class=\"category-undervisning\">Undervisning<\/a><\/span>\n                        <\/div>\n                    <\/div>\n                    <div class=\"jeg_postblock_content\">\n                        <h3 class=\"jeg_post_title\">\n                            <a href=\"https:\/\/www.netavisen.dk\/da-dk\/nyheder\/undervisning\/onlineundervisningstilbud-i-17-kommuner-gaar-nu-i-gang\/1118\/\">Onlineundervisningstilbud i 17 kommuner g\u00e5r nu i gang<\/a>\n                        <\/h3>\n                        <div class=\"jeg_post_excerpt\">\n                            <p>17 kommuner kan nu oprette kommunale onlineundervisningstilbud for elever med langvarigt bekymrende frav\u00e6r som del af en fors\u00f8gsordning.<\/p>\n                        <\/div>\n                        \n                    <\/div>\n                <\/article><article class=\"jeg_post jeg_pl_md_1 format-standard\">\n                    <div class=\"jeg_thumb\">\n                        \n                        <a href=\"https:\/\/www.netavisen.dk\/da-dk\/nyheder\/virksomheder\/bmw-og-mini-forhandler-jan-nygaard-ramt-af-cyberangreb-og-datatyveri\/1103\/\" aria-label=\"Read article: BMW og MINI forhandler Jan Nygaard ramt af cyberangreb og datatyveri\"><div class=\"thumbnail-container  size-715 \"><img decoding=\"async\" width=\"350\" height=\"250\" src=\"https:\/\/www.netavisen.dk\/da-dk\/nyheder\/wp-content\/uploads\/2024\/04\/phisning-350x250.jpg\" class=\"attachment-jnews-350x250 size-jnews-350x250 wp-post-image\" alt=\"Foto: Mohamed Hassan \/ Pixabay\" srcset=\"https:\/\/www.netavisen.dk\/da-dk\/nyheder\/wp-content\/uploads\/2024\/04\/phisning-350x250.jpg 350w, https:\/\/www.netavisen.dk\/da-dk\/nyheder\/wp-content\/uploads\/2024\/04\/phisning-120x86.jpg 120w, https:\/\/www.netavisen.dk\/da-dk\/nyheder\/wp-content\/uploads\/2024\/04\/phisning-750x536.jpg 750w, https:\/\/www.netavisen.dk\/da-dk\/nyheder\/wp-content\/uploads\/2024\/04\/phisning-1140x815.jpg 1140w\" sizes=\"(max-width: 350px) 100vw, 350px\" \/><\/div><\/a>\n                        <div class=\"jeg_post_category\">\n                            <span><a href=\"https:\/\/www.netavisen.dk\/da-dk\/nyheder\/virksomheder\/\" class=\"category-virksomheder\">Virksomheder<\/a><\/span>\n                        <\/div>\n                    <\/div>\n                    <div class=\"jeg_postblock_content\">\n                        <h3 class=\"jeg_post_title\">\n                            <a href=\"https:\/\/www.netavisen.dk\/da-dk\/nyheder\/virksomheder\/bmw-og-mini-forhandler-jan-nygaard-ramt-af-cyberangreb-og-datatyveri\/1103\/\">BMW og MINI forhandler Jan Nygaard ramt af cyberangreb og datatyveri<\/a>\n                        <\/h3>\n                        <div class=\"jeg_post_excerpt\">\n                            <p>Jan Nygaard AS har den 5. januar 2025 erfaret, at virksomheden har v\u00e6ret udsat for et cyberangreb og datatyveri. Angrebet og datatyveriet blev anmeldt til Datatilsynet og Politiet mandag den 6. januar 2025.<\/p>\n                        <\/div>\n                        \n                    <\/div>\n                <\/article><article class=\"jeg_post jeg_pl_md_1 format-standard\">\n                    <div class=\"jeg_thumb\">\n                        \n                        <a href=\"https:\/\/www.netavisen.dk\/da-dk\/nyheder\/navnenyt\/nyt-job\/steen-lund-olsen-er-ny-formand-for-copenhagen-fintech\/1052\/\" aria-label=\"Read article: Steen Lund Olsen er ny formand for Copenhagen Fintech\"><div class=\"thumbnail-container  size-715 \"><img decoding=\"async\" width=\"350\" height=\"250\" src=\"https:\/\/www.netavisen.dk\/da-dk\/nyheder\/wp-content\/uploads\/2024\/08\/steen-lund-olsen_1-350x250.jpg\" class=\"attachment-jnews-350x250 size-jnews-350x250 wp-post-image\" alt=\"Steen Lund Olsen, n\u00e6stformand i Finansforbundet og formand for Copenhagen Fintech.\" srcset=\"https:\/\/www.netavisen.dk\/da-dk\/nyheder\/wp-content\/uploads\/2024\/08\/steen-lund-olsen_1-350x250.jpg 350w, https:\/\/www.netavisen.dk\/da-dk\/nyheder\/wp-content\/uploads\/2024\/08\/steen-lund-olsen_1-120x86.jpg 120w, https:\/\/www.netavisen.dk\/da-dk\/nyheder\/wp-content\/uploads\/2024\/08\/steen-lund-olsen_1-750x536.jpg 750w, https:\/\/www.netavisen.dk\/da-dk\/nyheder\/wp-content\/uploads\/2024\/08\/steen-lund-olsen_1-1140x815.jpg 1140w\" sizes=\"(max-width: 350px) 100vw, 350px\" \/><\/div><\/a>\n                        <div class=\"jeg_post_category\">\n                            <span><a href=\"https:\/\/www.netavisen.dk\/da-dk\/nyheder\/navnenyt\/nyt-job\/\" class=\"category-nyt-job\">Nyt Job<\/a><\/span>\n                        <\/div>\n                    <\/div>\n                    <div class=\"jeg_postblock_content\">\n                        <h3 class=\"jeg_post_title\">\n                            <a href=\"https:\/\/www.netavisen.dk\/da-dk\/nyheder\/navnenyt\/nyt-job\/steen-lund-olsen-er-ny-formand-for-copenhagen-fintech\/1052\/\">Steen Lund Olsen er ny formand for Copenhagen Fintech<\/a>\n                        <\/h3>\n                        <div class=\"jeg_post_excerpt\">\n                            <p>Steen Lund Olsen, n\u00e6stformand i Finansforbundet, er ny formand for Copenhagen Fintech, mens Kent Damsgaard, adm. direkt\u00f8r for F&P, n\u00e6stformand i foreningens nye formandskab.<\/p>\n                        <\/div>\n                        \n                    <\/div>\n                <\/article><article class=\"jeg_post jeg_pl_md_1 format-standard\">\n                    <div class=\"jeg_thumb\">\n                        \n                        <a href=\"https:\/\/www.netavisen.dk\/da-dk\/nyheder\/navnenyt\/nyt-job\/nadia-carlsten-bliver-ceo-for-danmarks-nye-ai-supercomputer\/1043\/\" aria-label=\"Read article: Nadia Carlsten bliver CEO for Danmarks nye AI supercomputer\"><div class=\"thumbnail-container  size-715 \"><img decoding=\"async\" width=\"350\" height=\"250\" src=\"https:\/\/www.netavisen.dk\/da-dk\/nyheder\/wp-content\/uploads\/2024\/08\/nadia-carlsten_2-350x250.jpg\" class=\"attachment-jnews-350x250 size-jnews-350x250 wp-post-image\" alt=\"Nadia Carlsten skal st\u00e5 i spidsen for et voksende team af DCAI-medarbejdere, som vil begynde at blive ansat senere i \u00e5r.\" srcset=\"https:\/\/www.netavisen.dk\/da-dk\/nyheder\/wp-content\/uploads\/2024\/08\/nadia-carlsten_2-350x250.jpg 350w, https:\/\/www.netavisen.dk\/da-dk\/nyheder\/wp-content\/uploads\/2024\/08\/nadia-carlsten_2-120x86.jpg 120w, https:\/\/www.netavisen.dk\/da-dk\/nyheder\/wp-content\/uploads\/2024\/08\/nadia-carlsten_2-750x536.jpg 750w, https:\/\/www.netavisen.dk\/da-dk\/nyheder\/wp-content\/uploads\/2024\/08\/nadia-carlsten_2-1140x815.jpg 1140w\" sizes=\"(max-width: 350px) 100vw, 350px\" \/><\/div><\/a>\n                        <div class=\"jeg_post_category\">\n                            <span><a href=\"https:\/\/www.netavisen.dk\/da-dk\/nyheder\/navnenyt\/nyt-job\/\" class=\"category-nyt-job\">Nyt Job<\/a><\/span>\n                        <\/div>\n                    <\/div>\n                    <div class=\"jeg_postblock_content\">\n                        <h3 class=\"jeg_post_title\">\n                            <a href=\"https:\/\/www.netavisen.dk\/da-dk\/nyheder\/navnenyt\/nyt-job\/nadia-carlsten-bliver-ceo-for-danmarks-nye-ai-supercomputer\/1043\/\">Nadia Carlsten bliver CEO for Danmarks nye AI supercomputer<\/a>\n                        <\/h3>\n                        <div class=\"jeg_post_excerpt\">\n                            <p>Novo Nordisk Fonden og Danmarks Eksport- og Investeringsfond (EIFO) er glade for at kunne meddele, at Nadia Carlsten er blevet udn\u00e6vnt som CEO for Danish Centre for AI Innovation A\/S (DCAI), der skal eje og drive Danmarks f\u00f8rste AI-supercomputer, Gefion.<\/p>\n                        <\/div>\n                        \n                    <\/div>\n                <\/article><article class=\"jeg_post jeg_pl_md_1 format-standard\">\n                    <div class=\"jeg_thumb\">\n                        \n                        <a href=\"https:\/\/www.netavisen.dk\/da-dk\/nyheder\/navnenyt\/nyt-job\/katharina-hofman-tiltraeder-som-chief-people-officer-cpo-hos-columbus\/1037\/\" aria-label=\"Read article: Katharina Hofman tiltr\u00e6der som Chief People Officer (CPO) hos Columbus\"><div class=\"thumbnail-container  size-715 \"><img decoding=\"async\" width=\"350\" height=\"250\" src=\"https:\/\/www.netavisen.dk\/da-dk\/nyheder\/wp-content\/uploads\/2024\/08\/katharina-hofman_1-350x250.jpg\" class=\"attachment-jnews-350x250 size-jnews-350x250 wp-post-image\" alt=\"Katharina Hofman har en tysk baggrund og har arbejdet internationalt gennem hele sin karriere.\" srcset=\"https:\/\/www.netavisen.dk\/da-dk\/nyheder\/wp-content\/uploads\/2024\/08\/katharina-hofman_1-350x250.jpg 350w, https:\/\/www.netavisen.dk\/da-dk\/nyheder\/wp-content\/uploads\/2024\/08\/katharina-hofman_1-120x86.jpg 120w, https:\/\/www.netavisen.dk\/da-dk\/nyheder\/wp-content\/uploads\/2024\/08\/katharina-hofman_1-750x536.jpg 750w, https:\/\/www.netavisen.dk\/da-dk\/nyheder\/wp-content\/uploads\/2024\/08\/katharina-hofman_1-1140x815.jpg 1140w\" sizes=\"(max-width: 350px) 100vw, 350px\" \/><\/div><\/a>\n                        <div class=\"jeg_post_category\">\n                            <span><a href=\"https:\/\/www.netavisen.dk\/da-dk\/nyheder\/navnenyt\/nyt-job\/\" class=\"category-nyt-job\">Nyt Job<\/a><\/span>\n                        <\/div>\n                    <\/div>\n                    <div class=\"jeg_postblock_content\">\n                        <h3 class=\"jeg_post_title\">\n                            <a href=\"https:\/\/www.netavisen.dk\/da-dk\/nyheder\/navnenyt\/nyt-job\/katharina-hofman-tiltraeder-som-chief-people-officer-cpo-hos-columbus\/1037\/\">Katharina Hofman tiltr\u00e6der som Chief People Officer (CPO) hos Columbus<\/a>\n                        <\/h3>\n                        <div class=\"jeg_post_excerpt\">\n                            <p>Den 15. august tiltr\u00e6der Katharina Hofman som Chief People Officer (CPO) med globalt ansvar for People & Culture. Hun har tidligere v\u00e6ret People Team Director for EMEA og Sydamerika hos Boston Consulting Group.<\/p>\n                        <\/div>\n                        \n                    <\/div>\n                <\/article><article class=\"jeg_post jeg_pl_md_1 format-standard\">\n                    <div class=\"jeg_thumb\">\n                        \n                        <a href=\"https:\/\/www.netavisen.dk\/da-dk\/nyheder\/tv\/telias-tv-boks-udgaar-telia-kunder-flyttes-til-norlys\/1023\/\" aria-label=\"Read article: Telias tv-boks udg\u00e5r: Telia-kunder flyttes til Norlys\"><div class=\"thumbnail-container  size-715 \"><img decoding=\"async\" width=\"350\" height=\"250\" src=\"https:\/\/www.netavisen.dk\/da-dk\/nyheder\/wp-content\/uploads\/2024\/07\/norlys-tv-streaming-350x250.jpg\" class=\"attachment-jnews-350x250 size-jnews-350x250 wp-post-image\" alt=\"(Foto: Norlys \/ PR)\" srcset=\"https:\/\/www.netavisen.dk\/da-dk\/nyheder\/wp-content\/uploads\/2024\/07\/norlys-tv-streaming-350x250.jpg 350w, https:\/\/www.netavisen.dk\/da-dk\/nyheder\/wp-content\/uploads\/2024\/07\/norlys-tv-streaming-120x86.jpg 120w, https:\/\/www.netavisen.dk\/da-dk\/nyheder\/wp-content\/uploads\/2024\/07\/norlys-tv-streaming-750x536.jpg 750w, https:\/\/www.netavisen.dk\/da-dk\/nyheder\/wp-content\/uploads\/2024\/07\/norlys-tv-streaming-1140x815.jpg 1140w\" sizes=\"(max-width: 350px) 100vw, 350px\" \/><\/div><\/a>\n                        <div class=\"jeg_post_category\">\n                            <span><a href=\"https:\/\/www.netavisen.dk\/da-dk\/nyheder\/tv\/\" class=\"category-tv\">TV<\/a><\/span>\n                        <\/div>\n                    <\/div>\n                    <div class=\"jeg_postblock_content\">\n                        <h3 class=\"jeg_post_title\">\n                            <a href=\"https:\/\/www.netavisen.dk\/da-dk\/nyheder\/tv\/telias-tv-boks-udgaar-telia-kunder-flyttes-til-norlys\/1023\/\">Telias tv-boks udg\u00e5r: Telia-kunder flyttes til Norlys<\/a>\n                        <\/h3>\n                        <div class=\"jeg_post_excerpt\">\n                            <p>Telias tv-forretning integreres nu i Norlys, og kunderne f\u00e5r dermed adgang til Norlys' tv-pakker med et bredere udvalg af kanaler og streamingtjenester. For de fleste af Telias tv-kunder betyder overgangen til Norlys samtidig, at prisen falder.<\/p>\n                        <\/div>\n                        \n                    <\/div>\n                <\/article><article class=\"jeg_post jeg_pl_md_1 format-standard\">\n                    <div class=\"jeg_thumb\">\n                        \n                        <a href=\"https:\/\/www.netavisen.dk\/da-dk\/nyheder\/virksomheder\/xerox-vaelger-tata-til-genai-og-cloud-transformation\/1001\/\" aria-label=\"Read article: Xerox v\u00e6lger Tata til GenAI- og Cloud-transformation\"><div class=\"thumbnail-container  size-715 \"><img decoding=\"async\" width=\"350\" height=\"250\" src=\"https:\/\/www.netavisen.dk\/da-dk\/nyheder\/wp-content\/uploads\/2024\/07\/ai_1-350x250.jpg\" class=\"attachment-jnews-350x250 size-jnews-350x250 wp-post-image\" alt=\"Foto: Igor Omilaev \/ Unsplash\" srcset=\"https:\/\/www.netavisen.dk\/da-dk\/nyheder\/wp-content\/uploads\/2024\/07\/ai_1-350x250.jpg 350w, https:\/\/www.netavisen.dk\/da-dk\/nyheder\/wp-content\/uploads\/2024\/07\/ai_1-120x86.jpg 120w, https:\/\/www.netavisen.dk\/da-dk\/nyheder\/wp-content\/uploads\/2024\/07\/ai_1-750x536.jpg 750w, https:\/\/www.netavisen.dk\/da-dk\/nyheder\/wp-content\/uploads\/2024\/07\/ai_1-1140x815.jpg 1140w\" sizes=\"(max-width: 350px) 100vw, 350px\" \/><\/div><\/a>\n                        <div class=\"jeg_post_category\">\n                            <span><a href=\"https:\/\/www.netavisen.dk\/da-dk\/nyheder\/virksomheder\/\" class=\"category-virksomheder\">Virksomheder<\/a><\/span>\n                        <\/div>\n                    <\/div>\n                    <div class=\"jeg_postblock_content\">\n                        <h3 class=\"jeg_post_title\">\n                            <a href=\"https:\/\/www.netavisen.dk\/da-dk\/nyheder\/virksomheder\/xerox-vaelger-tata-til-genai-og-cloud-transformation\/1001\/\">Xerox v\u00e6lger Tata til GenAI- og Cloud-transformation<\/a>\n                        <\/h3>\n                        <div class=\"jeg_post_excerpt\">\n                            <p>Aftalen vil vise det virksomhedsomsp\u00e6ndende potentiale af cloud og generativ AI for at forbedre leveringen af \u200b\u200bforretnings- og it-tjenester.<\/p>\n                        <\/div>\n                        \n                    <\/div>\n                <\/article><article class=\"jeg_post jeg_pl_md_1 format-standard\">\n                    <div class=\"jeg_thumb\">\n                        \n                        <a href=\"https:\/\/www.netavisen.dk\/da-dk\/nyheder\/virksomheder\/dustins-genbrugscentre-genererer-indtaegter-til-virksomheder\/986\/\" aria-label=\"Read article: Dustins genbrugscentre genererer indt\u00e6gter til virksomheder\"><div class=\"thumbnail-container  size-715 \"><img decoding=\"async\" width=\"350\" height=\"250\" src=\"https:\/\/www.netavisen.dk\/da-dk\/nyheder\/wp-content\/uploads\/2024\/07\/michael-wede-350x250.jpg\" class=\"attachment-jnews-350x250 size-jnews-350x250 wp-post-image\" alt=\"Michael Wede N\u00f8rgaard, ansvarlig for Large Corporate and Public hos Dustin i Danmark.\" srcset=\"https:\/\/www.netavisen.dk\/da-dk\/nyheder\/wp-content\/uploads\/2024\/07\/michael-wede-350x250.jpg 350w, https:\/\/www.netavisen.dk\/da-dk\/nyheder\/wp-content\/uploads\/2024\/07\/michael-wede-120x86.jpg 120w, https:\/\/www.netavisen.dk\/da-dk\/nyheder\/wp-content\/uploads\/2024\/07\/michael-wede-750x536.jpg 750w, https:\/\/www.netavisen.dk\/da-dk\/nyheder\/wp-content\/uploads\/2024\/07\/michael-wede-1140x815.jpg 1140w\" sizes=\"(max-width: 350px) 100vw, 350px\" \/><\/div><\/a>\n                        <div class=\"jeg_post_category\">\n                            <span><a href=\"https:\/\/www.netavisen.dk\/da-dk\/nyheder\/virksomheder\/\" class=\"category-virksomheder\">Virksomheder<\/a><\/span>\n                        <\/div>\n                    <\/div>\n                    <div class=\"jeg_postblock_content\">\n                        <h3 class=\"jeg_post_title\">\n                            <a href=\"https:\/\/www.netavisen.dk\/da-dk\/nyheder\/virksomheder\/dustins-genbrugscentre-genererer-indtaegter-til-virksomheder\/986\/\">Dustins genbrugscentre genererer indt\u00e6gter til virksomheder<\/a>\n                        <\/h3>\n                        <div class=\"jeg_post_excerpt\">\n                            <p>If\u00f8lge en ny unders\u00f8gelse foretaget af Mantap Global p\u00e5 vegne af Dustin, hvor mere end 1.800 beslutningstagere inden for IT-indk\u00f8b i Norden og Benelux deltog, gemmer mere end halvdelen af alle danske virksomheder gamle IT-produkter i stedet for at genanvende eller genbruge dem.<\/p>\n                        <\/div>\n                        \n                    <\/div>\n                <\/article>\n                    <\/div>\n                <\/div>\n                    <div class='module-overlay'>\n\t\t\t\t    <div class='preloader_type preloader_dot'>\n\t\t\t\t        <div class=\"module-preloader jeg_preloader dot\">\n\t\t\t\t            <span><\/span><span><\/span><span><\/span>\n\t\t\t\t        <\/div>\n\t\t\t\t        <div class=\"module-preloader jeg_preloader circle\">\n\t\t\t\t            <div class=\"jnews_preloader_circle_outer\">\n\t\t\t\t                <div class=\"jnews_preloader_circle_inner\"><\/div>\n\t\t\t\t            <\/div>\n\t\t\t\t        <\/div>\n\t\t\t\t        <div class=\"module-preloader jeg_preloader square\">\n\t\t\t\t            <div class=\"jeg_square\">\n\t\t\t\t                <div class=\"jeg_square_inner\"><\/div>\n\t\t\t\t            <\/div>\n\t\t\t\t        <\/div>\n\t\t\t\t    <\/div>\n\t\t\t\t<\/div>\n                <\/div>\n                <div class=\"jeg_block_navigation\">\n                    <div class='navigation_overlay'><div class='module-preloader jeg_preloader'><span><\/span><span><\/span><span><\/span><\/div><\/div>\n                    \n                    \n                <\/div>\n\t\t\t\t\t\n\t\t\t\t\t<script>var jnews_module__14_69f2587c26372 = {\"header_icon\":\"\",\"first_title\":\"\",\"second_title\":\"\",\"url\":\"\",\"header_type\":\"heading_6\",\"header_background\":\"\",\"header_secondary_background\":\"\",\"header_text_color\":\"\",\"header_line_color\":\"\",\"header_accent_color\":\"\",\"header_filter_category\":\"\",\"header_filter_author\":\"\",\"header_filter_tag\":\"\",\"header_filter_text\":\"All\",\"sticky_post\":\"\",\"sticky_post_filter\":false,\"post_type\":\"post\",\"content_type\":\"all\",\"sponsor\":\"\",\"number_post\":\"12\",\"post_offset\":\"0\",\"unique_content\":\"unique1\",\"include_post\":\"\",\"included_only\":\"\",\"exclude_post\":\"2630,2625,2618,2609,2599,2565,2554,2543,2536,2527,2515,2505,2495,2483,2458,2422,1380,1367,1360,1346,1334,1322,1314,1307,1258,1244,1232,1219,1191,1182\",\"include_category\":\"\",\"exclude_category\":\"\",\"include_author\":\"\",\"include_tag\":\"\",\"exclude_tag\":\"\",\"exclude_visited_post\":false,\"sort_by\":\"latest\",\"date_format\":\"default\",\"date_format_custom\":\"Y\\\/m\\\/d\",\"excerpt_length\":\"60\",\"excerpt_ellipsis\":\"...\",\"force_normal_image_load\":\"\",\"main_custom_image_size\":\"default\",\"pagination_mode\":\"disable\",\"pagination_nextprev_showtext\":\"\",\"pagination_number_post\":4,\"pagination_scroll_limit\":0,\"boxed\":\"\",\"boxed_shadow\":\"\",\"el_id\":\"\",\"el_class\":\"\",\"scheme\":\"\",\"column_width\":\"auto\",\"title_color\":\"\",\"accent_color\":\"\",\"alt_color\":\"\",\"excerpt_color\":\"\",\"css\":\"\",\"compatible_column_notice\":\"\",\"paged\":1,\"column_class\":\"jeg_col_3o3\",\"class\":\"jnews_block_23\"};<\/script>\n\t\t\t\t<\/div>[\/vc_column][vc_column width=&#8221;1\/3&#8243;]<div  class=\"jeg_postblock_30 jeg_postblock jeg_module_hook jeg_pagination_disable jeg_col_3o3 jnews_module__15_69f2587c29c2b   \" data-unique=\"jnews_module__15_69f2587c29c2b\">\n\t\t\t\t\t\n\t\t\t\t\t<div class=\"jeg_block_container\">\n                    \n                    <div class=\"jeg_posts jeg_load_more_flag \">\n                    <article class=\"jeg_post jeg_pl_lg_7 format-standard\">\n                    <div class=\"jeg_thumb\">\n                        \n                        <a href=\"https:\/\/www.netavisen.dk\/da-dk\/nyheder\/sikkerhed\/cyberangreb-er-steget-med-214-paa-verdensplan-i-2024\/968\/\" aria-label=\"Read article: Cyberangreb er steget med 214% p\u00e5 verdensplan i 2024\"><div class=\"thumbnail-container  size-715 \"><img decoding=\"async\" width=\"750\" height=\"536\" src=\"https:\/\/www.netavisen.dk\/da-dk\/nyheder\/wp-content\/uploads\/2024\/07\/cyberangreb-750x536.jpg\" class=\"attachment-jnews-750x536 size-jnews-750x536 wp-post-image\" alt=\"(Foto: AON \/ PR)\" srcset=\"https:\/\/www.netavisen.dk\/da-dk\/nyheder\/wp-content\/uploads\/2024\/07\/cyberangreb-750x536.jpg 750w, https:\/\/www.netavisen.dk\/da-dk\/nyheder\/wp-content\/uploads\/2024\/07\/cyberangreb-120x86.jpg 120w, https:\/\/www.netavisen.dk\/da-dk\/nyheder\/wp-content\/uploads\/2024\/07\/cyberangreb-350x250.jpg 350w, https:\/\/www.netavisen.dk\/da-dk\/nyheder\/wp-content\/uploads\/2024\/07\/cyberangreb-1140x815.jpg 1140w\" sizes=\"(max-width: 750px) 100vw, 750px\" \/><\/div><\/a>\n                        <div class=\"jeg_post_category\">\n                            <a href=\"https:\/\/www.netavisen.dk\/da-dk\/nyheder\/sikkerhed\/\" class=\"category-sikkerhed\">Sikkerhed<\/a>\n                        <\/div>\n                    <\/div>\n                    <div class=\"jeg_postblock_content\">\n                        <h3 class=\"jeg_post_title\">\n                            <a href=\"https:\/\/www.netavisen.dk\/da-dk\/nyheder\/sikkerhed\/cyberangreb-er-steget-med-214-paa-verdensplan-i-2024\/968\/\">Cyberangreb er steget med 214% p\u00e5 verdensplan i 2024<\/a>\n                        <\/h3>\n                        <div class=\"jeg_post_meta\">\n                            \n                        <\/div>\n                        <div class=\"jeg_post_excerpt\">\n                            <p>I starten af juni h\u00e6vede Center for Cybersikkerhed trusselsniveauet for destruktive cyberangreb fra lav til middel. Vurderingen l\u00f8d, at Rusland...<\/p>\n                            <a href=\"https:\/\/www.netavisen.dk\/da-dk\/nyheder\/sikkerhed\/cyberangreb-er-steget-med-214-paa-verdensplan-i-2024\/968\/\" class=\"jeg_readmore\">Read more<span class=\"screen-reader-text\">Details<\/span><\/a>\n                        <\/div>\n                    <\/div>\n                <\/article><article class=\"jeg_post jeg_pl_lg_7 format-standard\">\n                    <div class=\"jeg_thumb\">\n                        \n                        <a href=\"https:\/\/www.netavisen.dk\/da-dk\/nyheder\/kunstig-intelligens\/en-af-verdens-kraftigste-ai-supercomputer-kommer-til-danmark\/960\/\" aria-label=\"Read article: En af verdens kraftigste AI-supercomputer kommer til Danmark\"><div class=\"thumbnail-container  size-715 \"><img decoding=\"async\" width=\"750\" height=\"536\" src=\"https:\/\/www.netavisen.dk\/da-dk\/nyheder\/wp-content\/uploads\/2024\/06\/erhvervsministeriet-750x536.png\" class=\"attachment-jnews-750x536 size-jnews-750x536 wp-post-image\" alt=\"\" srcset=\"https:\/\/www.netavisen.dk\/da-dk\/nyheder\/wp-content\/uploads\/2024\/06\/erhvervsministeriet-750x536.png 750w, https:\/\/www.netavisen.dk\/da-dk\/nyheder\/wp-content\/uploads\/2024\/06\/erhvervsministeriet-120x86.png 120w, https:\/\/www.netavisen.dk\/da-dk\/nyheder\/wp-content\/uploads\/2024\/06\/erhvervsministeriet-350x250.png 350w, https:\/\/www.netavisen.dk\/da-dk\/nyheder\/wp-content\/uploads\/2024\/06\/erhvervsministeriet-1140x815.png 1140w\" sizes=\"(max-width: 750px) 100vw, 750px\" \/><\/div><\/a>\n                        <div class=\"jeg_post_category\">\n                            <a href=\"https:\/\/www.netavisen.dk\/da-dk\/nyheder\/kunstig-intelligens\/\" class=\"category-kunstig-intelligens\">Kunstig Intelligens<\/a>\n                        <\/div>\n                    <\/div>\n                    <div class=\"jeg_postblock_content\">\n                        <h3 class=\"jeg_post_title\">\n                            <a href=\"https:\/\/www.netavisen.dk\/da-dk\/nyheder\/kunstig-intelligens\/en-af-verdens-kraftigste-ai-supercomputer-kommer-til-danmark\/960\/\">En af verdens kraftigste AI-supercomputer kommer til Danmark<\/a>\n                        <\/h3>\n                        <div class=\"jeg_post_meta\">\n                            \n                        <\/div>\n                        <div class=\"jeg_post_excerpt\">\n                            <p>Supercomputer giver forspring til dansk innovation og s\u00e6tter danske virksomheder og udvikling p\u00e5 verdenskortet.<\/p>\n                            <a href=\"https:\/\/www.netavisen.dk\/da-dk\/nyheder\/kunstig-intelligens\/en-af-verdens-kraftigste-ai-supercomputer-kommer-til-danmark\/960\/\" class=\"jeg_readmore\">Read more<span class=\"screen-reader-text\">Details<\/span><\/a>\n                        <\/div>\n                    <\/div>\n                <\/article><article class=\"jeg_post jeg_pl_lg_7 format-standard\">\n                    <div class=\"jeg_thumb\">\n                        \n                        <a href=\"https:\/\/www.netavisen.dk\/da-dk\/nyheder\/sociale-medier\/opstramninger-over-for-influencere-paa-dagsordenen\/947\/\" aria-label=\"Read article: Opstramninger over for influencere p\u00e5 dagsordenen\"><div class=\"thumbnail-container  size-715 \"><img decoding=\"async\" width=\"750\" height=\"536\" src=\"https:\/\/www.netavisen.dk\/da-dk\/nyheder\/wp-content\/uploads\/2024\/06\/morten-boedskov-750x536.jpg\" class=\"attachment-jnews-750x536 size-jnews-750x536 wp-post-image\" alt=\"Erhvervsminister Morten B\u00f8dskov\" srcset=\"https:\/\/www.netavisen.dk\/da-dk\/nyheder\/wp-content\/uploads\/2024\/06\/morten-boedskov-750x536.jpg 750w, https:\/\/www.netavisen.dk\/da-dk\/nyheder\/wp-content\/uploads\/2024\/06\/morten-boedskov-120x86.jpg 120w, https:\/\/www.netavisen.dk\/da-dk\/nyheder\/wp-content\/uploads\/2024\/06\/morten-boedskov-350x250.jpg 350w, https:\/\/www.netavisen.dk\/da-dk\/nyheder\/wp-content\/uploads\/2024\/06\/morten-boedskov-1140x815.jpg 1140w\" sizes=\"(max-width: 750px) 100vw, 750px\" \/><\/div><\/a>\n                        <div class=\"jeg_post_category\">\n                            <a href=\"https:\/\/www.netavisen.dk\/da-dk\/nyheder\/sociale-medier\/\" class=\"category-sociale-medier\">Sociale medier<\/a>\n                        <\/div>\n                    <\/div>\n                    <div class=\"jeg_postblock_content\">\n                        <h3 class=\"jeg_post_title\">\n                            <a href=\"https:\/\/www.netavisen.dk\/da-dk\/nyheder\/sociale-medier\/opstramninger-over-for-influencere-paa-dagsordenen\/947\/\">Opstramninger over for influencere p\u00e5 dagsordenen<\/a>\n                        <\/h3>\n                        <div class=\"jeg_post_meta\">\n                            \n                        <\/div>\n                        <div class=\"jeg_post_excerpt\">\n                            <p>Erhvervsminister Morten B\u00f8dskov melder nu ud, at han vil unders\u00f8ge om lovgivningen over for influencere og deres reklamering skal strammes.<\/p>\n                            <a href=\"https:\/\/www.netavisen.dk\/da-dk\/nyheder\/sociale-medier\/opstramninger-over-for-influencere-paa-dagsordenen\/947\/\" class=\"jeg_readmore\">Read more<span class=\"screen-reader-text\">Details<\/span><\/a>\n                        <\/div>\n                    <\/div>\n                <\/article><article class=\"jeg_post jeg_pl_lg_7 format-standard\">\n                    <div class=\"jeg_thumb\">\n                        \n                        <a href=\"https:\/\/www.netavisen.dk\/da-dk\/nyheder\/sikkerhed\/nyt-og-styrket-cybersikkerhedsraad-udpeget-for-perioden-frem-til-2027\/935\/\" aria-label=\"Read article: Nyt og styrket Cybersikkerhedsr\u00e5d udpeget for perioden frem til 2027\"><div class=\"thumbnail-container  size-715 \"><img decoding=\"async\" width=\"750\" height=\"536\" src=\"https:\/\/www.netavisen.dk\/da-dk\/nyheder\/wp-content\/uploads\/2024\/06\/cybersikkerhedsraadet-2024-2027-750x536.jpg\" class=\"attachment-jnews-750x536 size-jnews-750x536 wp-post-image\" alt=\"(Foto: Digitaliseringsstyrelsen)\" srcset=\"https:\/\/www.netavisen.dk\/da-dk\/nyheder\/wp-content\/uploads\/2024\/06\/cybersikkerhedsraadet-2024-2027-750x536.jpg 750w, https:\/\/www.netavisen.dk\/da-dk\/nyheder\/wp-content\/uploads\/2024\/06\/cybersikkerhedsraadet-2024-2027-120x86.jpg 120w, https:\/\/www.netavisen.dk\/da-dk\/nyheder\/wp-content\/uploads\/2024\/06\/cybersikkerhedsraadet-2024-2027-350x250.jpg 350w, https:\/\/www.netavisen.dk\/da-dk\/nyheder\/wp-content\/uploads\/2024\/06\/cybersikkerhedsraadet-2024-2027-1140x815.jpg 1140w\" sizes=\"(max-width: 750px) 100vw, 750px\" \/><\/div><\/a>\n                        <div class=\"jeg_post_category\">\n                            <a href=\"https:\/\/www.netavisen.dk\/da-dk\/nyheder\/sikkerhed\/\" class=\"category-sikkerhed\">Sikkerhed<\/a>\n                        <\/div>\n                    <\/div>\n                    <div class=\"jeg_postblock_content\">\n                        <h3 class=\"jeg_post_title\">\n                            <a href=\"https:\/\/www.netavisen.dk\/da-dk\/nyheder\/sikkerhed\/nyt-og-styrket-cybersikkerhedsraad-udpeget-for-perioden-frem-til-2027\/935\/\">Nyt og styrket Cybersikkerhedsr\u00e5d udpeget for perioden frem til 2027<\/a>\n                        <\/h3>\n                        <div class=\"jeg_post_meta\">\n                            \n                        <\/div>\n                        <div class=\"jeg_post_excerpt\">\n                            <p>Et nyt og styrket Cybersikkerhedsr\u00e5d er blevet nedsat for perioden frem til 2027. Cybersikkerhedsr\u00e5det skal blandt andet r\u00e5dgive regeringen om,...<\/p>\n                            <a href=\"https:\/\/www.netavisen.dk\/da-dk\/nyheder\/sikkerhed\/nyt-og-styrket-cybersikkerhedsraad-udpeget-for-perioden-frem-til-2027\/935\/\" class=\"jeg_readmore\">Read more<span class=\"screen-reader-text\">Details<\/span><\/a>\n                        <\/div>\n                    <\/div>\n                <\/article><article class=\"jeg_post jeg_pl_lg_7 format-standard\">\n                    <div class=\"jeg_thumb\">\n                        \n                        <a href=\"https:\/\/www.netavisen.dk\/da-dk\/nyheder\/sundhed\/sundhedsteknologi-kan-redde-liv-og-fremtidssikre-sundhedsvaesenet\/922\/\" aria-label=\"Read article: Sundhedsteknologi kan redde liv og fremtidssikre sundhedsv\u00e6senet\"><div class=\"thumbnail-container  size-715 \"><img decoding=\"async\" width=\"750\" height=\"536\" src=\"https:\/\/www.netavisen.dk\/da-dk\/nyheder\/wp-content\/uploads\/2024\/06\/laura-klitgaard-750x536.jpg\" class=\"attachment-jnews-750x536 size-jnews-750x536 wp-post-image\" alt=\"IDAs formand Laura Klitgaard er begejstret ved udsigten til massive investering i sundhedsteknologi.\" srcset=\"https:\/\/www.netavisen.dk\/da-dk\/nyheder\/wp-content\/uploads\/2024\/06\/laura-klitgaard-750x536.jpg 750w, https:\/\/www.netavisen.dk\/da-dk\/nyheder\/wp-content\/uploads\/2024\/06\/laura-klitgaard-120x86.jpg 120w, https:\/\/www.netavisen.dk\/da-dk\/nyheder\/wp-content\/uploads\/2024\/06\/laura-klitgaard-350x250.jpg 350w, https:\/\/www.netavisen.dk\/da-dk\/nyheder\/wp-content\/uploads\/2024\/06\/laura-klitgaard-1140x815.jpg 1140w\" sizes=\"(max-width: 750px) 100vw, 750px\" \/><\/div><\/a>\n                        <div class=\"jeg_post_category\">\n                            <a href=\"https:\/\/www.netavisen.dk\/da-dk\/nyheder\/sundhed\/\" class=\"category-sundhed\">Sundhed<\/a>\n                        <\/div>\n                    <\/div>\n                    <div class=\"jeg_postblock_content\">\n                        <h3 class=\"jeg_post_title\">\n                            <a href=\"https:\/\/www.netavisen.dk\/da-dk\/nyheder\/sundhed\/sundhedsteknologi-kan-redde-liv-og-fremtidssikre-sundhedsvaesenet\/922\/\">Sundhedsteknologi kan redde liv og fremtidssikre sundhedsv\u00e6senet<\/a>\n                        <\/h3>\n                        <div class=\"jeg_post_meta\">\n                            \n                        <\/div>\n                        <div class=\"jeg_post_excerpt\">\n                            <p>IDA roser Sundhedsstrukturkommissionen for at ville investere markant i ny sundhedsteknologi og droppe n\u00e6rhospitalerne til fordel for innovative lokale sundhedscentre.<\/p>\n                            <a href=\"https:\/\/www.netavisen.dk\/da-dk\/nyheder\/sundhed\/sundhedsteknologi-kan-redde-liv-og-fremtidssikre-sundhedsvaesenet\/922\/\" class=\"jeg_readmore\">Read more<span class=\"screen-reader-text\">Details<\/span><\/a>\n                        <\/div>\n                    <\/div>\n                <\/article><article class=\"jeg_post jeg_pl_lg_7 format-standard\">\n                    <div class=\"jeg_thumb\">\n                        \n                        <a href=\"https:\/\/www.netavisen.dk\/da-dk\/nyheder\/sikkerhed\/samarbejde-skal-sikre-retailbranchen-mod-cyberangreb\/909\/\" aria-label=\"Read article: Samarbejde skal sikre retailbranchen mod cyberangreb\"><div class=\"thumbnail-container  size-715 \"><img decoding=\"async\" width=\"750\" height=\"536\" src=\"https:\/\/www.netavisen.dk\/da-dk\/nyheder\/wp-content\/uploads\/2024\/06\/sikkerhed-hacker-ransomware-750x536.jpg\" class=\"attachment-jnews-750x536 size-jnews-750x536 wp-post-image\" alt=\"Foto: Michael Geiger \/ Unsplash\" srcset=\"https:\/\/www.netavisen.dk\/da-dk\/nyheder\/wp-content\/uploads\/2024\/06\/sikkerhed-hacker-ransomware-750x536.jpg 750w, https:\/\/www.netavisen.dk\/da-dk\/nyheder\/wp-content\/uploads\/2024\/06\/sikkerhed-hacker-ransomware-120x86.jpg 120w, https:\/\/www.netavisen.dk\/da-dk\/nyheder\/wp-content\/uploads\/2024\/06\/sikkerhed-hacker-ransomware-350x250.jpg 350w, https:\/\/www.netavisen.dk\/da-dk\/nyheder\/wp-content\/uploads\/2024\/06\/sikkerhed-hacker-ransomware-1140x815.jpg 1140w\" sizes=\"(max-width: 750px) 100vw, 750px\" \/><\/div><\/a>\n                        <div class=\"jeg_post_category\">\n                            <a href=\"https:\/\/www.netavisen.dk\/da-dk\/nyheder\/sikkerhed\/\" class=\"category-sikkerhed\">Sikkerhed<\/a>\n                        <\/div>\n                    <\/div>\n                    <div class=\"jeg_postblock_content\">\n                        <h3 class=\"jeg_post_title\">\n                            <a href=\"https:\/\/www.netavisen.dk\/da-dk\/nyheder\/sikkerhed\/samarbejde-skal-sikre-retailbranchen-mod-cyberangreb\/909\/\">Samarbejde skal sikre retailbranchen mod cyberangreb<\/a>\n                        <\/h3>\n                        <div class=\"jeg_post_meta\">\n                            \n                        <\/div>\n                        <div class=\"jeg_post_excerpt\">\n                            <p>Salling skyder millionbel\u00f8b ind i et samarbejde med Aarhus Universitet og Security Tech Space, som skal g\u00f8re retailbranchen mere robust...<\/p>\n                            <a href=\"https:\/\/www.netavisen.dk\/da-dk\/nyheder\/sikkerhed\/samarbejde-skal-sikre-retailbranchen-mod-cyberangreb\/909\/\" class=\"jeg_readmore\">Read more<span class=\"screen-reader-text\">Details<\/span><\/a>\n                        <\/div>\n                    <\/div>\n                <\/article><article class=\"jeg_post jeg_pl_lg_7 format-standard\">\n                    <div class=\"jeg_thumb\">\n                        \n                        <a href=\"https:\/\/www.netavisen.dk\/da-dk\/nyheder\/virksomheder\/officielt-shape-og-bontouch-er-blevet-et-brand-framna\/898\/\" aria-label=\"Read article: Officielt: Shape og Bontouch er blevet \u00e9t brand, Framna\"><div class=\"thumbnail-container  size-715 \"><img decoding=\"async\" width=\"750\" height=\"536\" src=\"https:\/\/www.netavisen.dk\/da-dk\/nyheder\/wp-content\/uploads\/2024\/06\/joacim-jeppesen-750x536.jpg\" class=\"attachment-jnews-750x536 size-jnews-750x536 wp-post-image\" alt=\"Joacim Jeppesen, nyligt tiltr\u00e5dt CEO af Framna\" srcset=\"https:\/\/www.netavisen.dk\/da-dk\/nyheder\/wp-content\/uploads\/2024\/06\/joacim-jeppesen-750x536.jpg 750w, https:\/\/www.netavisen.dk\/da-dk\/nyheder\/wp-content\/uploads\/2024\/06\/joacim-jeppesen-120x86.jpg 120w, https:\/\/www.netavisen.dk\/da-dk\/nyheder\/wp-content\/uploads\/2024\/06\/joacim-jeppesen-350x250.jpg 350w, https:\/\/www.netavisen.dk\/da-dk\/nyheder\/wp-content\/uploads\/2024\/06\/joacim-jeppesen-1140x815.jpg 1140w\" sizes=\"(max-width: 750px) 100vw, 750px\" \/><\/div><\/a>\n                        <div class=\"jeg_post_category\">\n                            <a href=\"https:\/\/www.netavisen.dk\/da-dk\/nyheder\/virksomheder\/\" class=\"category-virksomheder\">Virksomheder<\/a>\n                        <\/div>\n                    <\/div>\n                    <div class=\"jeg_postblock_content\">\n                        <h3 class=\"jeg_post_title\">\n                            <a href=\"https:\/\/www.netavisen.dk\/da-dk\/nyheder\/virksomheder\/officielt-shape-og-bontouch-er-blevet-et-brand-framna\/898\/\">Officielt: Shape og Bontouch er blevet \u00e9t brand, Framna<\/a>\n                        <\/h3>\n                        <div class=\"jeg_post_meta\">\n                            \n                        <\/div>\n                        <div class=\"jeg_post_excerpt\">\n                            <p>Blandt m\u00e5lene er at ans\u00e6tte over 1.000 nye kolleger og udvide til flere nye markeder og blive verdens f\u00f8rende digitale...<\/p>\n                            <a href=\"https:\/\/www.netavisen.dk\/da-dk\/nyheder\/virksomheder\/officielt-shape-og-bontouch-er-blevet-et-brand-framna\/898\/\" class=\"jeg_readmore\">Read more<span class=\"screen-reader-text\">Details<\/span><\/a>\n                        <\/div>\n                    <\/div>\n                <\/article><article class=\"jeg_post jeg_pl_lg_7 format-standard\">\n                    <div class=\"jeg_thumb\">\n                        \n                        <a href=\"https:\/\/www.netavisen.dk\/da-dk\/nyheder\/erhverv\/it-branchen-ivaerksaetterstrategi-vil-styrke-it-ivaerksaettere\/890\/\" aria-label=\"Read article: IT-Branchen: Iv\u00e6rks\u00e6tterstrategi vil styrke it-iv\u00e6rks\u00e6ttere\"><div class=\"thumbnail-container  size-715 \"><img decoding=\"async\" width=\"750\" height=\"536\" src=\"https:\/\/www.netavisen.dk\/da-dk\/nyheder\/wp-content\/uploads\/2024\/06\/computer-750x536.jpg\" class=\"attachment-jnews-750x536 size-jnews-750x536 wp-post-image\" alt=\"Foto: Yeiferr \/ Pixabay\" srcset=\"https:\/\/www.netavisen.dk\/da-dk\/nyheder\/wp-content\/uploads\/2024\/06\/computer-750x536.jpg 750w, https:\/\/www.netavisen.dk\/da-dk\/nyheder\/wp-content\/uploads\/2024\/06\/computer-120x86.jpg 120w, https:\/\/www.netavisen.dk\/da-dk\/nyheder\/wp-content\/uploads\/2024\/06\/computer-350x250.jpg 350w, https:\/\/www.netavisen.dk\/da-dk\/nyheder\/wp-content\/uploads\/2024\/06\/computer-1140x815.jpg 1140w\" sizes=\"(max-width: 750px) 100vw, 750px\" \/><\/div><\/a>\n                        <div class=\"jeg_post_category\">\n                            <a href=\"https:\/\/www.netavisen.dk\/da-dk\/nyheder\/erhverv\/\" class=\"category-erhverv\">Erhverv<\/a>\n                        <\/div>\n                    <\/div>\n                    <div class=\"jeg_postblock_content\">\n                        <h3 class=\"jeg_post_title\">\n                            <a href=\"https:\/\/www.netavisen.dk\/da-dk\/nyheder\/erhverv\/it-branchen-ivaerksaetterstrategi-vil-styrke-it-ivaerksaettere\/890\/\">IT-Branchen: Iv\u00e6rks\u00e6tterstrategi vil styrke it-iv\u00e6rks\u00e6ttere<\/a>\n                        <\/h3>\n                        <div class=\"jeg_post_meta\">\n                            \n                        <\/div>\n                        <div class=\"jeg_post_excerpt\">\n                            <p>Efter fire \u00e5rs ventetid har regeringen endelig lanceret deres iv\u00e6rks\u00e6tterstrategi. Heldigvis er der rigtigt mange gode initiativer i den, som...<\/p>\n                            <a href=\"https:\/\/www.netavisen.dk\/da-dk\/nyheder\/erhverv\/it-branchen-ivaerksaetterstrategi-vil-styrke-it-ivaerksaettere\/890\/\" class=\"jeg_readmore\">Read more<span class=\"screen-reader-text\">Details<\/span><\/a>\n                        <\/div>\n                    <\/div>\n                <\/article><article class=\"jeg_post jeg_pl_lg_7 format-standard\">\n                    <div class=\"jeg_thumb\">\n                        \n                        <a href=\"https:\/\/www.netavisen.dk\/da-dk\/nyheder\/it\/dataetikprisen-2024-nu-kan-du-indstille-kandidater\/874\/\" aria-label=\"Read article: Dataetikprisen 2024: Nu kan du indstille kandidater\"><div class=\"thumbnail-container  size-715 \"><img decoding=\"async\" width=\"750\" height=\"536\" src=\"https:\/\/www.netavisen.dk\/da-dk\/nyheder\/wp-content\/uploads\/2024\/06\/dataetik-750x536.jpg\" class=\"attachment-jnews-750x536 size-jnews-750x536 wp-post-image\" alt=\"\" srcset=\"https:\/\/www.netavisen.dk\/da-dk\/nyheder\/wp-content\/uploads\/2024\/06\/dataetik-750x536.jpg 750w, https:\/\/www.netavisen.dk\/da-dk\/nyheder\/wp-content\/uploads\/2024\/06\/dataetik-120x86.jpg 120w, https:\/\/www.netavisen.dk\/da-dk\/nyheder\/wp-content\/uploads\/2024\/06\/dataetik-350x250.jpg 350w, https:\/\/www.netavisen.dk\/da-dk\/nyheder\/wp-content\/uploads\/2024\/06\/dataetik-1140x815.jpg 1140w\" sizes=\"(max-width: 750px) 100vw, 750px\" \/><\/div><\/a>\n                        <div class=\"jeg_post_category\">\n                            <a href=\"https:\/\/www.netavisen.dk\/da-dk\/nyheder\/it\/\" class=\"category-it\">IT<\/a>\n                        <\/div>\n                    <\/div>\n                    <div class=\"jeg_postblock_content\">\n                        <h3 class=\"jeg_post_title\">\n                            <a href=\"https:\/\/www.netavisen.dk\/da-dk\/nyheder\/it\/dataetikprisen-2024-nu-kan-du-indstille-kandidater\/874\/\">Dataetikprisen 2024: Nu kan du indstille kandidater<\/a>\n                        <\/h3>\n                        <div class=\"jeg_post_meta\">\n                            \n                        <\/div>\n                        <div class=\"jeg_post_excerpt\">\n                            <p>Hvem skal hyldes for ansvarligt arbejde med data? Dataetikprisen hylder virksomheder, der g\u00e5r forrest p\u00e5 den dataetiske dagsorden.<\/p>\n                            <a href=\"https:\/\/www.netavisen.dk\/da-dk\/nyheder\/it\/dataetikprisen-2024-nu-kan-du-indstille-kandidater\/874\/\" class=\"jeg_readmore\">Read more<span class=\"screen-reader-text\">Details<\/span><\/a>\n                        <\/div>\n                    <\/div>\n                <\/article><article class=\"jeg_post jeg_pl_lg_7 format-standard\">\n                    <div class=\"jeg_thumb\">\n                        \n                        <a href=\"https:\/\/www.netavisen.dk\/da-dk\/nyheder\/tv\/em-2024-power-forventer-20-stigning-i-tv-salg\/866\/\" aria-label=\"Read article: EM 2024: Power forventer 20% stigning i TV-salg\"><div class=\"thumbnail-container  size-715 \"><img decoding=\"async\" width=\"750\" height=\"536\" src=\"https:\/\/www.netavisen.dk\/da-dk\/nyheder\/wp-content\/uploads\/2024\/06\/tv-750x536.jpg\" class=\"attachment-jnews-750x536 size-jnews-750x536 wp-post-image\" alt=\"\" srcset=\"https:\/\/www.netavisen.dk\/da-dk\/nyheder\/wp-content\/uploads\/2024\/06\/tv-750x536.jpg 750w, https:\/\/www.netavisen.dk\/da-dk\/nyheder\/wp-content\/uploads\/2024\/06\/tv-120x86.jpg 120w, https:\/\/www.netavisen.dk\/da-dk\/nyheder\/wp-content\/uploads\/2024\/06\/tv-350x250.jpg 350w, https:\/\/www.netavisen.dk\/da-dk\/nyheder\/wp-content\/uploads\/2024\/06\/tv-1140x815.jpg 1140w\" sizes=\"(max-width: 750px) 100vw, 750px\" \/><\/div><\/a>\n                        <div class=\"jeg_post_category\">\n                            <a href=\"https:\/\/www.netavisen.dk\/da-dk\/nyheder\/tv\/\" class=\"category-tv\">TV<\/a>\n                        <\/div>\n                    <\/div>\n                    <div class=\"jeg_postblock_content\">\n                        <h3 class=\"jeg_post_title\">\n                            <a href=\"https:\/\/www.netavisen.dk\/da-dk\/nyheder\/tv\/em-2024-power-forventer-20-stigning-i-tv-salg\/866\/\">EM 2024: Power forventer 20% stigning i TV-salg<\/a>\n                        <\/h3>\n                        <div class=\"jeg_post_meta\">\n                            \n                        <\/div>\n                        <div class=\"jeg_post_excerpt\">\n                            <p>En sportssommer kr\u00e6ver, at udstyret er i orden \u2013 ogs\u00e5 hos TV-seerne. Elektronikk\u00e6den Power forventer derfor en stigning i salget...<\/p>\n                            <a href=\"https:\/\/www.netavisen.dk\/da-dk\/nyheder\/tv\/em-2024-power-forventer-20-stigning-i-tv-salg\/866\/\" class=\"jeg_readmore\">Read more<span class=\"screen-reader-text\">Details<\/span><\/a>\n                        <\/div>\n                    <\/div>\n                <\/article>\n                <\/div>\n                    <div class='module-overlay'>\n\t\t\t\t    <div class='preloader_type preloader_dot'>\n\t\t\t\t        <div class=\"module-preloader jeg_preloader dot\">\n\t\t\t\t            <span><\/span><span><\/span><span><\/span>\n\t\t\t\t        <\/div>\n\t\t\t\t        <div class=\"module-preloader jeg_preloader circle\">\n\t\t\t\t            <div class=\"jnews_preloader_circle_outer\">\n\t\t\t\t                <div class=\"jnews_preloader_circle_inner\"><\/div>\n\t\t\t\t            <\/div>\n\t\t\t\t        <\/div>\n\t\t\t\t        <div class=\"module-preloader jeg_preloader square\">\n\t\t\t\t            <div class=\"jeg_square\">\n\t\t\t\t                <div class=\"jeg_square_inner\"><\/div>\n\t\t\t\t            <\/div>\n\t\t\t\t        <\/div>\n\t\t\t\t    <\/div>\n\t\t\t\t<\/div>\n                <\/div>\n                <div class=\"jeg_block_navigation\">\n                    <div class='navigation_overlay'><div class='module-preloader jeg_preloader'><span><\/span><span><\/span><span><\/span><\/div><\/div>\n                    \n                    \n                <\/div>\n\t\t\t\t\t\n\t\t\t\t\t<script>var jnews_module__15_69f2587c29c2b = {\"header_icon\":\"\",\"first_title\":\"\",\"second_title\":\"\",\"url\":\"\",\"header_type\":\"heading_6\",\"header_background\":\"\",\"header_secondary_background\":\"\",\"header_text_color\":\"\",\"header_line_color\":\"\",\"header_accent_color\":\"\",\"header_filter_category\":\"\",\"header_filter_author\":\"\",\"header_filter_tag\":\"\",\"header_filter_text\":\"All\",\"sticky_post\":\"\",\"sticky_post_filter\":false,\"post_type\":\"post\",\"content_type\":\"all\",\"sponsor\":\"\",\"number_post\":\"10\",\"post_offset\":\"0\",\"unique_content\":\"unique1\",\"include_post\":\"\",\"included_only\":\"\",\"exclude_post\":\"2630,2625,2618,2609,2599,2565,2554,2543,2536,2527,2515,2505,2495,2483,2458,2422,1380,1367,1360,1346,1334,1322,1314,1307,1258,1244,1232,1219,1191,1182,1168,1140,1134,1127,1118,1103,1052,1043,1037,1023,1001,986\",\"include_category\":\"\",\"exclude_category\":\"\",\"include_author\":\"\",\"include_tag\":\"\",\"exclude_tag\":\"\",\"exclude_visited_post\":false,\"sort_by\":\"latest\",\"date_format\":\"default\",\"date_format_custom\":\"Y\\\/m\\\/d\",\"excerpt_length\":\"20\",\"excerpt_ellipsis\":\"...\",\"force_normal_image_load\":\"\",\"main_custom_image_size\":\"default\",\"pagination_mode\":\"disable\",\"pagination_nextprev_showtext\":\"\",\"pagination_number_post\":1,\"pagination_scroll_limit\":0,\"el_id\":\"\",\"el_class\":\"\",\"scheme\":\"\",\"column_width\":\"auto\",\"title_color\":\"\",\"accent_color\":\"\",\"alt_color\":\"\",\"excerpt_color\":\"\",\"block_background\":\"\",\"css\":\"\",\"compatible_column_notice\":\"\",\"paged\":1,\"column_class\":\"jeg_col_3o3\",\"class\":\"jnews_block_30\"};<\/script>\n\t\t\t\t<\/div><div  class='jeg_ad jeg_ad_module jnews_module__16_69f2587c2c963   '><div class='ads-wrapper'><\/div><\/div><div  class=\"jeg_postblock_28 jeg_postblock jeg_module_hook jeg_pagination_disable jeg_col_3o3 jnews_module__17_69f2587c2cfc6 vc_custom_1773000298736 jeg_pb_boxed jeg_pb_boxed_shadow  \" data-unique=\"jnews_module__17_69f2587c2cfc6\">\n\t\t\t\t\t<div class=\"jeg_block_heading jeg_block_heading_6 jeg_subcat_right\">\n                     <h3 class=\"jeg_block_title\"><span>Nyheder<\/span><\/h3>\n                     \n                 <\/div>\n\t\t\t\t\t<div class=\"jeg_block_container\">\n                    \n                    <div class=\"jeg_posts show_border\">\n                    <div class=\"jeg_postsmall jeg_load_more_flag\">\n                        <article class=\"jeg_post jeg_pl_xs_4 format-standard\">\n                    <div class=\"jeg_postblock_content\">\n                        <h3 class=\"jeg_post_title\">\n                            <a href=\"https:\/\/www.netavisen.dk\/da-dk\/nyheder\/danmark\/hoejesteret-skal-afgoere-sag-om-dansk-vaabeneksport-til-israel\/2609\/\">H\u00f8jesteret skal afg\u00f8re sag om dansk v\u00e5beneksport til Israel<\/a>\n                        <\/h3>\n                        \n                    <\/div>\n                <\/article><article class=\"jeg_post jeg_pl_xs_4 format-standard\">\n                    <div class=\"jeg_postblock_content\">\n                        <h3 class=\"jeg_post_title\">\n                            <a href=\"https:\/\/www.netavisen.dk\/da-dk\/nyheder\/erhverv\/byggetilladelser-frederikssund-har-danmarks-laengste-ventetid\/2599\/\">Byggetilladelser: Frederikssund har Danmarks l\u00e6ngste ventetid<\/a>\n                        <\/h3>\n                        \n                    <\/div>\n                <\/article><article class=\"jeg_post jeg_pl_xs_4 format-standard\">\n                    <div class=\"jeg_postblock_content\">\n                        <h3 class=\"jeg_post_title\">\n                            <a href=\"https:\/\/www.netavisen.dk\/da-dk\/nyheder\/erhverv\/it-branchen-ivaerksaetterstrategi-vil-styrke-it-ivaerksaettere\/890\/\">IT-Branchen: Iv\u00e6rks\u00e6tterstrategi vil styrke it-iv\u00e6rks\u00e6ttere<\/a>\n                        <\/h3>\n                        \n                    <\/div>\n                <\/article><article class=\"jeg_post jeg_pl_xs_4 format-standard\">\n                    <div class=\"jeg_postblock_content\">\n                        <h3 class=\"jeg_post_title\">\n                            <a href=\"https:\/\/www.netavisen.dk\/da-dk\/nyheder\/erhverv\/mobilselskabet-call-me-har-koebt-alka-mobil\/493\/\">Mobilselskabet Call me har k\u00f8bt Alka Mobil<\/a>\n                        <\/h3>\n                        \n                    <\/div>\n                <\/article><article class=\"jeg_post jeg_pl_xs_4 format-standard\">\n                    <div class=\"jeg_postblock_content\">\n                        <h3 class=\"jeg_post_title\">\n                            <a href=\"https:\/\/www.netavisen.dk\/da-dk\/nyheder\/erhverv\/it-branchens-10-bedste-arbejdspladser-2024-er-fundet\/272\/\">IT-branchens 10 bedste arbejdspladser 2024 er fundet<\/a>\n                        <\/h3>\n                        \n                    <\/div>\n                <\/article><article class=\"jeg_post jeg_pl_xs_4 format-standard\">\n                    <div class=\"jeg_postblock_content\">\n                        <h3 class=\"jeg_post_title\">\n                            <a href=\"https:\/\/www.netavisen.dk\/da-dk\/nyheder\/erhverv\/tcs-skal-transformere-global-it-infrastruktur-for-ramboell\/222\/\">TCS skal transformere global IT-infrastruktur for Ramb\u00f8ll<\/a>\n                        <\/h3>\n                        \n                    <\/div>\n                <\/article><article class=\"jeg_post jeg_pl_xs_4 format-standard\">\n                    <div class=\"jeg_postblock_content\">\n                        <h3 class=\"jeg_post_title\">\n                            <a href=\"https:\/\/www.netavisen.dk\/da-dk\/nyheder\/erhverv\/stifter-af-systematic-michael-holm-vinder-it-prisen-2024\/196\/\">Stifter af Systematic Michael Holm vinder IT-Prisen 2024<\/a>\n                        <\/h3>\n                        \n                    <\/div>\n                <\/article><article class=\"jeg_post jeg_pl_xs_4 format-standard\">\n                    <div class=\"jeg_postblock_content\">\n                        <h3 class=\"jeg_post_title\">\n                            <a href=\"https:\/\/www.netavisen.dk\/da-dk\/nyheder\/erhverv\/it-branchen-har-valgt-ny-forperson-og-hovedbestyrelse\/190\/\">IT-Branchen har valgt ny forperson og hovedbestyrelse<\/a>\n                        <\/h3>\n                        \n                    <\/div>\n                <\/article><article class=\"jeg_post jeg_pl_xs_4 format-standard\">\n                    <div class=\"jeg_postblock_content\">\n                        <h3 class=\"jeg_post_title\">\n                            <a href=\"https:\/\/www.netavisen.dk\/da-dk\/nyheder\/erhverv\/her-er-it-branchens-stoerste-vaekstbarrierer-for-2024\/184\/\">Her er it-branchens st\u00f8rste v\u00e6kstbarrierer for 2024<\/a>\n                        <\/h3>\n                        \n                    <\/div>\n                <\/article><article class=\"jeg_post jeg_pl_xs_4 format-standard\">\n                    <div class=\"jeg_postblock_content\">\n                        <h3 class=\"jeg_post_title\">\n                            <a href=\"https:\/\/www.netavisen.dk\/da-dk\/nyheder\/erhverv\/godkendt-norlys-koeber-telia-danmark\/65\/\">Godkendt! Norlys k\u00f8ber Telia Danmark<\/a>\n                        <\/h3>\n                        \n                    <\/div>\n                <\/article><article class=\"jeg_post jeg_pl_xs_4 format-standard\">\n                    <div class=\"jeg_postblock_content\">\n                        <h3 class=\"jeg_post_title\">\n                            <a href=\"https:\/\/www.netavisen.dk\/da-dk\/nyheder\/erhverv\/foedevaredanmark-oensker-afgift-paa-udenlandske-foedevarer\/10\/\">F\u00f8devareDanmark \u00f8nsker afgift p\u00e5 udenlandske f\u00f8devarer<\/a>\n                        <\/h3>\n                        \n                    <\/div>\n                <\/article>\n                    <\/div>\n                <\/div>\n                    <div class='module-overlay'>\n\t\t\t\t    <div class='preloader_type preloader_dot'>\n\t\t\t\t        <div class=\"module-preloader jeg_preloader dot\">\n\t\t\t\t            <span><\/span><span><\/span><span><\/span>\n\t\t\t\t        <\/div>\n\t\t\t\t        <div class=\"module-preloader jeg_preloader circle\">\n\t\t\t\t            <div class=\"jnews_preloader_circle_outer\">\n\t\t\t\t                <div class=\"jnews_preloader_circle_inner\"><\/div>\n\t\t\t\t            <\/div>\n\t\t\t\t        <\/div>\n\t\t\t\t        <div class=\"module-preloader jeg_preloader square\">\n\t\t\t\t            <div class=\"jeg_square\">\n\t\t\t\t                <div class=\"jeg_square_inner\"><\/div>\n\t\t\t\t            <\/div>\n\t\t\t\t        <\/div>\n\t\t\t\t    <\/div>\n\t\t\t\t<\/div>\n                <\/div>\n                <div class=\"jeg_block_navigation\">\n                    <div class='navigation_overlay'><div class='module-preloader jeg_preloader'><span><\/span><span><\/span><span><\/span><\/div><\/div>\n                    \n                    \n                <\/div>\n\t\t\t\t\t\n\t\t\t\t\t<script>var jnews_module__17_69f2587c2cfc6 = {\"header_icon\":\"\",\"first_title\":\"Nyheder\",\"second_title\":\"\",\"url\":\"\",\"header_type\":\"heading_6\",\"header_background\":\"\",\"header_secondary_background\":\"\",\"header_text_color\":\"\",\"header_line_color\":\"\",\"header_accent_color\":\"\",\"header_filter_category\":\"\",\"header_filter_author\":\"\",\"header_filter_tag\":\"\",\"header_filter_text\":\"All\",\"sticky_post\":\"\",\"sticky_post_filter\":false,\"post_type\":\"post\",\"content_type\":\"all\",\"sponsor\":\"\",\"number_post\":\"20\",\"post_offset\":\"\",\"unique_content\":\"disable\",\"include_post\":\"\",\"included_only\":\"\",\"exclude_post\":\"\",\"include_category\":\"3\",\"exclude_category\":\"\",\"include_author\":\"\",\"include_tag\":\"\",\"exclude_tag\":\"\",\"exclude_visited_post\":false,\"sort_by\":\"latest\",\"show_date\":\"\",\"date_format\":\"default\",\"date_format_custom\":\"Y\\\/m\\\/d\",\"pagination_mode\":\"disable\",\"pagination_nextprev_showtext\":\"\",\"pagination_number_post\":4,\"pagination_scroll_limit\":0,\"ads_type\":\"disable\",\"ads_position\":1,\"ads_random\":\"\",\"ads_image\":\"\",\"ads_image_tablet\":\"\",\"ads_image_phone\":\"\",\"ads_image_link\":\"\",\"ads_image_alt\":\"\",\"ads_image_new_tab\":\"\",\"google_publisher_id\":\"\",\"google_slot_id\":\"\",\"google_desktop\":\"auto\",\"google_tab\":\"auto\",\"google_phone\":\"auto\",\"content\":\"\",\"ads_bottom_text\":\"\",\"boxed\":\"true\",\"boxed_shadow\":\"true\",\"show_border\":\"true\",\"el_id\":\"\",\"el_class\":\"\",\"scheme\":\"\",\"column_width\":\"auto\",\"title_color\":\"\",\"accent_color\":\"\",\"alt_color\":\"\",\"excerpt_color\":\"\",\"css\":\".vc_custom_1773000298736{padding-top: 10px !important;padding-right: 10px !important;padding-bottom: 10px !important;padding-left: 10px !important;background-color: #e7e7e7 !important;}\",\"compatible_column_notice\":\"\",\"paged\":1,\"column_class\":\"jeg_col_3o3\",\"class\":\"jnews_block_28\"};<\/script>\n\t\t\t\t<\/div><div  class='jeg_ad jeg_ad_module jnews_module__18_69f2587c2e337   '><div class='ads-wrapper'><\/div><\/div><div  class=\"jeg_postblock_31 jeg_postblock jeg_module_hook jeg_pagination_disable jeg_col_3o3 jnews_module__19_69f2587c2e987 vc_custom_1773000307947 jeg_pb_boxed jeg_pb_boxed_shadow  \" data-unique=\"jnews_module__19_69f2587c2e987\">\n\t\t\t\t\t<div class=\"jeg_block_heading jeg_block_heading_6 jeg_subcat_right\">\n                     <h3 class=\"jeg_block_title\"><span>Nyheder<\/span><\/h3>\n                     \n                 <\/div>\n\t\t\t\t\t<div class=\"jeg_block_container\">\n                \n                <div class=\"jeg_posts jeg_load_more_flag \">\n                    <article class=\"jeg_post jeg_pl_sm_2 format-standard\">\n                    <div class=\"jeg_postblock_content\">\n                        <div class=\"jeg_post_category\">\n                            <a href=\"https:\/\/www.netavisen.dk\/da-dk\/nyheder\/underholdning\/\" class=\"category-underholdning\">Underholdning<\/a>\n                        <\/div>\n                        <h3 class=\"jeg_post_title\">\n                            <a href=\"https:\/\/www.netavisen.dk\/da-dk\/nyheder\/underholdning\/sammen-med-girltalk-saetter-jessie-ka-fokus-paa-kvindelige-venskaber-og-ensomhed\/2505\/\">Sammen med GirlTalk s\u00e6tter Jessie Ka fokus p\u00e5 kvindelige venskaber og ensomhed<\/a>\n                        <\/h3>\n                        \n                    <\/div>\n                <\/article><article class=\"jeg_post jeg_pl_sm_2 format-standard\">\n                    <div class=\"jeg_postblock_content\">\n                        <div class=\"jeg_post_category\">\n                            <a href=\"https:\/\/www.netavisen.dk\/da-dk\/nyheder\/kultur\/\" class=\"category-kultur\">Kultur<\/a>\n                        <\/div>\n                        <h3 class=\"jeg_post_title\">\n                            <a href=\"https:\/\/www.netavisen.dk\/da-dk\/nyheder\/kultur\/bodil-joergensen-er-blevet-tildelt-jeanne-og-henri-nathansens-mindelegat\/2458\/\">Bodil J\u00f8rgensen er blevet tildelt Jeanne og Henri Nathansens Mindelegat<\/a>\n                        <\/h3>\n                        \n                    <\/div>\n                <\/article>\n                <\/div>\n                <div class='module-overlay'>\n\t\t\t\t    <div class='preloader_type preloader_dot'>\n\t\t\t\t        <div class=\"module-preloader jeg_preloader dot\">\n\t\t\t\t            <span><\/span><span><\/span><span><\/span>\n\t\t\t\t        <\/div>\n\t\t\t\t        <div class=\"module-preloader jeg_preloader circle\">\n\t\t\t\t            <div class=\"jnews_preloader_circle_outer\">\n\t\t\t\t                <div class=\"jnews_preloader_circle_inner\"><\/div>\n\t\t\t\t            <\/div>\n\t\t\t\t        <\/div>\n\t\t\t\t        <div class=\"module-preloader jeg_preloader square\">\n\t\t\t\t            <div class=\"jeg_square\">\n\t\t\t\t                <div class=\"jeg_square_inner\"><\/div>\n\t\t\t\t            <\/div>\n\t\t\t\t        <\/div>\n\t\t\t\t    <\/div>\n\t\t\t\t<\/div>\n            <\/div>\n            <div class=\"jeg_block_navigation\">\n                <div class='navigation_overlay'><div class='module-preloader jeg_preloader'><span><\/span><span><\/span><span><\/span><\/div><\/div>\n                \n                \n            <\/div>\n\t\t\t\t\t<style scoped>.jnews_module__19_69f2587c2e987 .jeg_post_title a, .jnews_module__19_69f2587c2e987.jeg_postblock .jeg_subcat_list > li > a, .jnews_module__19_69f2587c2e987 .jeg_pl_md_card .jeg_post_category a:hover { color: #000000 }<\/style>\n\t\t\t\t\t<script>var jnews_module__19_69f2587c2e987 = {\"header_icon\":\"\",\"first_title\":\"Nyheder\",\"second_title\":\"\",\"url\":\"\",\"header_type\":\"heading_6\",\"header_background\":\"\",\"header_secondary_background\":\"\",\"header_text_color\":\"\",\"header_line_color\":\"\",\"header_accent_color\":\"\",\"header_filter_category\":\"\",\"header_filter_author\":\"\",\"header_filter_tag\":\"\",\"header_filter_text\":\"All\",\"sticky_post\":\"\",\"sticky_post_filter\":false,\"post_type\":\"post\",\"content_type\":\"all\",\"sponsor\":\"\",\"number_post\":\"20\",\"post_offset\":\"\",\"unique_content\":\"disable\",\"include_post\":\"\",\"included_only\":\"\",\"exclude_post\":\"\",\"include_category\":\"5\",\"exclude_category\":\"\",\"include_author\":\"\",\"include_tag\":\"\",\"exclude_tag\":\"\",\"exclude_visited_post\":false,\"sort_by\":\"latest\",\"date_format\":\"default\",\"date_format_custom\":\"Y\\\/m\\\/d\",\"pagination_mode\":\"disable\",\"pagination_nextprev_showtext\":\"\",\"pagination_number_post\":4,\"pagination_scroll_limit\":0,\"ads_type\":\"disable\",\"ads_position\":1,\"ads_random\":\"\",\"ads_image\":\"\",\"ads_image_tablet\":\"\",\"ads_image_phone\":\"\",\"ads_image_link\":\"\",\"ads_image_alt\":\"\",\"ads_image_new_tab\":\"\",\"google_publisher_id\":\"\",\"google_slot_id\":\"\",\"google_desktop\":\"auto\",\"google_tab\":\"auto\",\"google_phone\":\"auto\",\"content\":\"\",\"ads_bottom_text\":\"\",\"boxed\":\"true\",\"boxed_shadow\":\"true\",\"el_id\":\"\",\"el_class\":\"\",\"scheme\":\"\",\"column_width\":\"auto\",\"title_color\":\"#000000\",\"accent_color\":\"\",\"alt_color\":\"\",\"excerpt_color\":\"\",\"css\":\".vc_custom_1773000307947{padding-top: 10px !important;padding-right: 10px !important;padding-bottom: 10px !important;padding-left: 10px !important;background-color: #e7e7e7 !important;}\",\"compatible_column_notice\":\"\",\"paged\":1,\"column_class\":\"jeg_col_3o3\",\"class\":\"jnews_block_31\"};<\/script>\n\t\t\t\t<\/div><div  class='jeg_ad jeg_ad_module jnews_module__20_69f2587c2ee48   '><div class='ads-wrapper'><\/div><\/div>[\/vc_column][\/vc_row][vc_row][vc_column][\/vc_column][\/vc_row][vc_row][vc_column width=&#8221;1\/3&#8243;]<div  class=\"jeg_postblock_28 jeg_postblock jeg_module_hook jeg_pagination_disable jeg_col_3o3 jnews_module__21_69f2587c2f09d  jeg_pb_boxed jeg_pb_boxed_shadow  \" data-unique=\"jnews_module__21_69f2587c2f09d\">\n\t\t\t\t\t<div class=\"jeg_block_heading jeg_block_heading_6 jeg_subcat_right\">\n                     <h3 class=\"jeg_block_title\"><a href='https:\/\/www.netavisen.dk\/da-dk\/nyheder\/koebenhavn\/'><span>K\u00f8benhavn<\/span><\/a><\/h3>\n                     \n                 <\/div>\n\t\t\t\t\t<div class=\"jeg_block_container\">\n                    \n                    <div class='jeg_empty_module'>No Content Available<\/div>\n                    <div class='module-overlay'>\n\t\t\t\t    <div class='preloader_type preloader_dot'>\n\t\t\t\t        <div class=\"module-preloader jeg_preloader dot\">\n\t\t\t\t            <span><\/span><span><\/span><span><\/span>\n\t\t\t\t        <\/div>\n\t\t\t\t        <div class=\"module-preloader jeg_preloader circle\">\n\t\t\t\t            <div class=\"jnews_preloader_circle_outer\">\n\t\t\t\t                <div class=\"jnews_preloader_circle_inner\"><\/div>\n\t\t\t\t            <\/div>\n\t\t\t\t        <\/div>\n\t\t\t\t        <div class=\"module-preloader jeg_preloader square\">\n\t\t\t\t            <div class=\"jeg_square\">\n\t\t\t\t                <div class=\"jeg_square_inner\"><\/div>\n\t\t\t\t            <\/div>\n\t\t\t\t        <\/div>\n\t\t\t\t    <\/div>\n\t\t\t\t<\/div>\n                <\/div>\n                <div class=\"jeg_block_navigation\">\n                    <div class='navigation_overlay'><div class='module-preloader jeg_preloader'><span><\/span><span><\/span><span><\/span><\/div><\/div>\n                    \n                    \n                <\/div>\n\t\t\t\t\t\n\t\t\t\t\t<script>var jnews_module__21_69f2587c2f09d = {\"header_icon\":\"\",\"first_title\":\"K\\u00f8benhavn\",\"second_title\":\"\",\"url\":\"https:\\\/\\\/www.netavisen.dk\\\/da-dk\\\/nyheder\\\/koebenhavn\\\/\",\"header_type\":\"heading_6\",\"header_background\":\"\",\"header_secondary_background\":\"\",\"header_text_color\":\"\",\"header_line_color\":\"\",\"header_accent_color\":\"\",\"header_filter_category\":\"\",\"header_filter_author\":\"\",\"header_filter_tag\":\"\",\"header_filter_text\":\"All\",\"sticky_post\":\"\",\"sticky_post_filter\":false,\"post_type\":\"post\",\"content_type\":\"all\",\"sponsor\":\"\",\"number_post\":\"10\",\"post_offset\":\"0\",\"unique_content\":\"disable\",\"include_post\":\"\",\"included_only\":\"\",\"exclude_post\":\"\",\"include_category\":\"46\",\"exclude_category\":\"\",\"include_author\":\"\",\"include_tag\":\"\",\"exclude_tag\":\"\",\"exclude_visited_post\":false,\"sort_by\":\"latest\",\"show_date\":\"\",\"date_format\":\"default\",\"date_format_custom\":\"Y\\\/m\\\/d\",\"pagination_mode\":\"disable\",\"pagination_nextprev_showtext\":\"\",\"pagination_number_post\":4,\"pagination_scroll_limit\":0,\"ads_type\":\"disable\",\"ads_position\":1,\"ads_random\":\"\",\"ads_image\":\"\",\"ads_image_tablet\":\"\",\"ads_image_phone\":\"\",\"ads_image_link\":\"\",\"ads_image_alt\":\"\",\"ads_image_new_tab\":\"\",\"google_publisher_id\":\"\",\"google_slot_id\":\"\",\"google_desktop\":\"auto\",\"google_tab\":\"auto\",\"google_phone\":\"auto\",\"content\":\"\",\"ads_bottom_text\":\"\",\"boxed\":\"true\",\"boxed_shadow\":\"true\",\"show_border\":\"true\",\"el_id\":\"\",\"el_class\":\"\",\"scheme\":\"\",\"column_width\":\"auto\",\"title_color\":\"\",\"accent_color\":\"\",\"alt_color\":\"\",\"excerpt_color\":\"\",\"css\":\"\",\"compatible_column_notice\":\"\",\"paged\":1,\"column_class\":\"jeg_col_3o3\",\"class\":\"jnews_block_28\"};<\/script>\n\t\t\t\t<\/div>[\/vc_column][vc_column width=&#8221;1\/3&#8243;]<div  class=\"jeg_postblock_28 jeg_postblock jeg_module_hook jeg_pagination_disable jeg_col_3o3 jnews_module__22_69f2587c2f3da  jeg_pb_boxed jeg_pb_boxed_shadow  \" data-unique=\"jnews_module__22_69f2587c2f3da\">\n\t\t\t\t\t<div class=\"jeg_block_heading jeg_block_heading_6 jeg_subcat_right\">\n                     <h3 class=\"jeg_block_title\"><a href='https:\/\/www.netavisen.dk\/da-dk\/nyheder\/aarhus\/'><span>Aarhus<\/span><\/a><\/h3>\n                     \n                 <\/div>\n\t\t\t\t\t<div class=\"jeg_block_container\">\n                    \n                    <div class='jeg_empty_module'>No Content Available<\/div>\n                    <div class='module-overlay'>\n\t\t\t\t    <div class='preloader_type preloader_dot'>\n\t\t\t\t        <div class=\"module-preloader jeg_preloader dot\">\n\t\t\t\t            <span><\/span><span><\/span><span><\/span>\n\t\t\t\t        <\/div>\n\t\t\t\t        <div class=\"module-preloader jeg_preloader circle\">\n\t\t\t\t            <div class=\"jnews_preloader_circle_outer\">\n\t\t\t\t                <div class=\"jnews_preloader_circle_inner\"><\/div>\n\t\t\t\t            <\/div>\n\t\t\t\t        <\/div>\n\t\t\t\t        <div class=\"module-preloader jeg_preloader square\">\n\t\t\t\t            <div class=\"jeg_square\">\n\t\t\t\t                <div class=\"jeg_square_inner\"><\/div>\n\t\t\t\t            <\/div>\n\t\t\t\t        <\/div>\n\t\t\t\t    <\/div>\n\t\t\t\t<\/div>\n                <\/div>\n                <div class=\"jeg_block_navigation\">\n                    <div class='navigation_overlay'><div class='module-preloader jeg_preloader'><span><\/span><span><\/span><span><\/span><\/div><\/div>\n                    \n                    \n                <\/div>\n\t\t\t\t\t\n\t\t\t\t\t<script>var jnews_module__22_69f2587c2f3da = {\"header_icon\":\"\",\"first_title\":\"Aarhus\",\"second_title\":\"\",\"url\":\"https:\\\/\\\/www.netavisen.dk\\\/da-dk\\\/nyheder\\\/aarhus\\\/\",\"header_type\":\"heading_6\",\"header_background\":\"\",\"header_secondary_background\":\"\",\"header_text_color\":\"\",\"header_line_color\":\"\",\"header_accent_color\":\"\",\"header_filter_category\":\"\",\"header_filter_author\":\"\",\"header_filter_tag\":\"\",\"header_filter_text\":\"All\",\"sticky_post\":\"\",\"sticky_post_filter\":false,\"post_type\":\"post\",\"content_type\":\"all\",\"sponsor\":\"\",\"number_post\":\"10\",\"post_offset\":\"0\",\"unique_content\":\"disable\",\"include_post\":\"\",\"included_only\":\"\",\"exclude_post\":\"\",\"include_category\":\"77\",\"exclude_category\":\"\",\"include_author\":\"\",\"include_tag\":\"\",\"exclude_tag\":\"\",\"exclude_visited_post\":false,\"sort_by\":\"latest\",\"show_date\":\"\",\"date_format\":\"default\",\"date_format_custom\":\"Y\\\/m\\\/d\",\"pagination_mode\":\"disable\",\"pagination_nextprev_showtext\":\"\",\"pagination_number_post\":4,\"pagination_scroll_limit\":0,\"ads_type\":\"disable\",\"ads_position\":1,\"ads_random\":\"\",\"ads_image\":\"\",\"ads_image_tablet\":\"\",\"ads_image_phone\":\"\",\"ads_image_link\":\"\",\"ads_image_alt\":\"\",\"ads_image_new_tab\":\"\",\"google_publisher_id\":\"\",\"google_slot_id\":\"\",\"google_desktop\":\"auto\",\"google_tab\":\"auto\",\"google_phone\":\"auto\",\"content\":\"\",\"ads_bottom_text\":\"\",\"boxed\":\"true\",\"boxed_shadow\":\"true\",\"show_border\":\"true\",\"el_id\":\"\",\"el_class\":\"\",\"scheme\":\"\",\"column_width\":\"auto\",\"title_color\":\"\",\"accent_color\":\"\",\"alt_color\":\"\",\"excerpt_color\":\"\",\"css\":\"\",\"compatible_column_notice\":\"\",\"paged\":1,\"column_class\":\"jeg_col_3o3\",\"class\":\"jnews_block_28\"};<\/script>\n\t\t\t\t<\/div>[\/vc_column][vc_column width=&#8221;1\/3&#8243;]<div  class=\"jeg_postblock_28 jeg_postblock jeg_module_hook jeg_pagination_disable jeg_col_3o3 jnews_module__23_69f2587c2f6c1  jeg_pb_boxed jeg_pb_boxed_shadow  \" data-unique=\"jnews_module__23_69f2587c2f6c1\">\n\t\t\t\t\t<div class=\"jeg_block_heading jeg_block_heading_6 jeg_subcat_right\">\n                     <h3 class=\"jeg_block_title\"><a href='https:\/\/www.netavisen.dk\/da-dk\/nyheder\/odense\/'><span>Odense<\/span><\/a><\/h3>\n                     \n                 <\/div>\n\t\t\t\t\t<div class=\"jeg_block_container\">\n                    \n                    <div class='jeg_empty_module'>No Content Available<\/div>\n                    <div class='module-overlay'>\n\t\t\t\t    <div class='preloader_type preloader_dot'>\n\t\t\t\t        <div class=\"module-preloader jeg_preloader dot\">\n\t\t\t\t            <span><\/span><span><\/span><span><\/span>\n\t\t\t\t        <\/div>\n\t\t\t\t        <div class=\"module-preloader jeg_preloader circle\">\n\t\t\t\t            <div class=\"jnews_preloader_circle_outer\">\n\t\t\t\t                <div class=\"jnews_preloader_circle_inner\"><\/div>\n\t\t\t\t            <\/div>\n\t\t\t\t        <\/div>\n\t\t\t\t        <div class=\"module-preloader jeg_preloader square\">\n\t\t\t\t            <div class=\"jeg_square\">\n\t\t\t\t                <div class=\"jeg_square_inner\"><\/div>\n\t\t\t\t            <\/div>\n\t\t\t\t        <\/div>\n\t\t\t\t    <\/div>\n\t\t\t\t<\/div>\n                <\/div>\n                <div class=\"jeg_block_navigation\">\n                    <div class='navigation_overlay'><div class='module-preloader jeg_preloader'><span><\/span><span><\/span><span><\/span><\/div><\/div>\n                    \n                    \n                <\/div>\n\t\t\t\t\t\n\t\t\t\t\t<script>var jnews_module__23_69f2587c2f6c1 = {\"header_icon\":\"\",\"first_title\":\"Odense\",\"second_title\":\"\",\"url\":\"https:\\\/\\\/www.netavisen.dk\\\/da-dk\\\/nyheder\\\/odense\\\/\",\"header_type\":\"heading_6\",\"header_background\":\"\",\"header_secondary_background\":\"\",\"header_text_color\":\"\",\"header_line_color\":\"\",\"header_accent_color\":\"\",\"header_filter_category\":\"\",\"header_filter_author\":\"\",\"header_filter_tag\":\"\",\"header_filter_text\":\"All\",\"sticky_post\":\"\",\"sticky_post_filter\":false,\"post_type\":\"post\",\"content_type\":\"all\",\"sponsor\":\"\",\"number_post\":\"10\",\"post_offset\":\"0\",\"unique_content\":\"disable\",\"include_post\":\"\",\"included_only\":\"\",\"exclude_post\":\"\",\"include_category\":\"106\",\"exclude_category\":\"\",\"include_author\":\"\",\"include_tag\":\"\",\"exclude_tag\":\"\",\"exclude_visited_post\":false,\"sort_by\":\"latest\",\"show_date\":\"\",\"date_format\":\"default\",\"date_format_custom\":\"Y\\\/m\\\/d\",\"pagination_mode\":\"disable\",\"pagination_nextprev_showtext\":\"\",\"pagination_number_post\":4,\"pagination_scroll_limit\":0,\"ads_type\":\"disable\",\"ads_position\":1,\"ads_random\":\"\",\"ads_image\":\"\",\"ads_image_tablet\":\"\",\"ads_image_phone\":\"\",\"ads_image_link\":\"\",\"ads_image_alt\":\"\",\"ads_image_new_tab\":\"\",\"google_publisher_id\":\"\",\"google_slot_id\":\"\",\"google_desktop\":\"auto\",\"google_tab\":\"auto\",\"google_phone\":\"auto\",\"content\":\"\",\"ads_bottom_text\":\"\",\"boxed\":\"true\",\"boxed_shadow\":\"true\",\"show_border\":\"true\",\"el_id\":\"\",\"el_class\":\"\",\"scheme\":\"\",\"column_width\":\"auto\",\"title_color\":\"\",\"accent_color\":\"\",\"alt_color\":\"\",\"excerpt_color\":\"\",\"css\":\"\",\"compatible_column_notice\":\"\",\"paged\":1,\"column_class\":\"jeg_col_3o3\",\"class\":\"jnews_block_28\"};<\/script>\n\t\t\t\t<\/div>[\/vc_column][\/vc_row][vc_row][vc_column][\/vc_column][\/vc_row]<\/p>\n<\/div>","protected":false},"excerpt":{"rendered":"<p>[vc_row][vc_column][vc_separator style=&#8221;dotted&#8221; border_width=&#8221;2&#8243;][\/vc_column][\/vc_row][vc_row][vc_column width=&#8221;3\/4&#8243;][\/vc_column][vc_column width=&#8221;1\/4&#8243;][\/vc_column][\/vc_row][vc_row][vc_column][\/vc_column][\/vc_row][vc_row][vc_column width=&#8221;2\/3&#8243;][vc_raw_html]JTVCcXVhZHMlMjBpZCUzRDIlNUQ=[\/vc_raw_html][vc_raw_html]JTVCcXVhZHMlMjBpZCUzRDMlNUQ=[\/vc_raw_html][vc_raw_html]JTVCcXVhZHMlMjBpZCUzRDQlNUQ=[\/vc_raw_html][vc_raw_html]JTVCcXVhZHMlMjBpZCUzRDUlNUQ=[\/vc_raw_html][\/vc_column][vc_column width=&#8221;1\/3&#8243;][\/vc_column][\/vc_row][vc_row][vc_column][\/vc_column][\/vc_row][vc_row][vc_column width=&#8221;1\/3&#8243;][\/vc_column][vc_column width=&#8221;1\/3&#8243;][\/vc_column][vc_column width=&#8221;1\/3&#8243;][\/vc_column][\/vc_row][vc_row][vc_column][\/vc_column][\/vc_row]<\/p>\n","protected":false},"author":1,"featured_media":0,"parent":0,"menu_order":0,"comment_status":"closed","ping_status":"closed","template":"template-index.php","meta":{"jnews_page_loop":{"first_title":"Latest Post","header_type":"heading_6","layout":"right-sidebar","sidebar":"default-sidebar","second_sidebar":"default-sidebar","sticky_sidebar":"1","module":"3","main_custom_image_size":"default","second_custom_image_size":"default","excerpt_length":"20","content_date":"default","date_custom":"Y\/m\/d","content_pagination":"nav_1","pagination_align":"center","post_sticky":"0","post_offset":"0","posts_per_page":"5","sort_by":"latest"},"jnews_single_page":{"layout":"no-sidebar","sidebar":"default-sidebar","second_sidebar":"default-sidebar","sticky_sidebar":"1","show_post_title":"1","show_post_breadcrumbs":"1","show_post_featured":"1","share_position":"top","share_color":"share-monocrhome"},"footnotes":""},"class_list":["post-2236","page","type-page","status-publish","hentry"],"_links":{"self":[{"href":"https:\/\/www.netavisen.dk\/da-dk\/nyheder\/wp-json\/wp\/v2\/pages\/2236","targetHints":{"allow":["GET"]}}],"collection":[{"href":"https:\/\/www.netavisen.dk\/da-dk\/nyheder\/wp-json\/wp\/v2\/pages"}],"about":[{"href":"https:\/\/www.netavisen.dk\/da-dk\/nyheder\/wp-json\/wp\/v2\/types\/page"}],"author":[{"embeddable":true,"href":"https:\/\/www.netavisen.dk\/da-dk\/nyheder\/wp-json\/wp\/v2\/users\/1"}],"replies":[{"embeddable":true,"href":"https:\/\/www.netavisen.dk\/da-dk\/nyheder\/wp-json\/wp\/v2\/comments?post=2236"}],"version-history":[{"count":123,"href":"https:\/\/www.netavisen.dk\/da-dk\/nyheder\/wp-json\/wp\/v2\/pages\/2236\/revisions"}],"predecessor-version":[{"id":2597,"href":"https:\/\/www.netavisen.dk\/da-dk\/nyheder\/wp-json\/wp\/v2\/pages\/2236\/revisions\/2597"}],"wp:attachment":[{"href":"https:\/\/www.netavisen.dk\/da-dk\/nyheder\/wp-json\/wp\/v2\/media?parent=2236"}],"curies":[{"name":"wp","href":"https:\/\/api.w.org\/{rel}","templated":true}]}}